{"id":4280,"date":"2017-04-12T12:48:31","date_gmt":"2017-04-12T12:48:31","guid":{"rendered":"http:\/\/mixtape.select-themes.com\/?page_id=4280"},"modified":"2026-04-23T11:42:16","modified_gmt":"2026-04-23T10:42:16","slug":"main-dropdowns-s","status":"publish","type":"page","link":"https:\/\/cmcfestival.com.hr\/","title":{"rendered":"Main Home"},"content":{"rendered":"<p>[vc_row css=&#8221;.vc_custom_1493128807860{background-image: url(http:\/\/mixtape.select-themes.com\/wp-content\/uploads\/2016\/09\/mixtape-sliders-backround.jpg?id=5714) !important;}&#8221;][vc_column][rev_slider_vc alias=&#8221;Main-Home&#8221;][\/vc_column][\/vc_row][vc_row content_width=&#8221;grid&#8221; header_style=&#8221;qodef-dark-header&#8221;][vc_column][vc_empty_space height=&#8221;15px&#8221; css=&#8221;.vc_custom_1583477695725{margin-bottom: 3.2% !important;}&#8221;]<div class=\"qodef-blog-list-holder qodef-boxes qodef-two-columns qodef-holder-with-shadow qodef-holder-with-padding\" data-next-page= \"2\" data-order-by= \"date\" data-order= \"DESC\" data-number= \"4\" data-title-tag= \"h4\" data-box-shadow= \"yes\" data-load-more-skin= \"dark\" data-text-length= \"300\" data-category= \"Istaknute vijesti\" data-type= \"boxes\" data-max-num-pages = 15>\n    <ul class=\"qodef-blog-list\">\n\t\t<li class=\"qodef-blog-list-item clearfix\">\n\t<div class=\"qodef-blog-list-item-inner\">\n\t\t<div class=\"qodef-item-image\">\n\t\t\t<a href=\"https:\/\/cmcfestival.com.hr\/?p=10824\">\n\t\t\t\t<img loading=\"lazy\" decoding=\"async\" width=\"1512\" height=\"824\" src=\"https:\/\/cmcfestival.com.hr\/wp-content\/uploads\/2026\/04\/CMC.png\" class=\"attachment-full size-full wp-post-image\" alt=\"\" srcset=\"https:\/\/cmcfestival.com.hr\/wp-content\/uploads\/2026\/04\/CMC.png 1512w, https:\/\/cmcfestival.com.hr\/wp-content\/uploads\/2026\/04\/CMC-300x163.png 300w, https:\/\/cmcfestival.com.hr\/wp-content\/uploads\/2026\/04\/CMC-1024x558.png 1024w, https:\/\/cmcfestival.com.hr\/wp-content\/uploads\/2026\/04\/CMC-768x419.png 768w\" sizes=\"auto, (max-width: 1512px) 100vw, 1512px\" \/>\t\t\t\t\n\t\t\t<\/a>\n\t\t<\/div>\n\t\t<div class=\"qodef-item-text-holder\" >\n\t\t\t<div class=\"qodef-item-info-section\" >\n\t\t\t\t\t\t\t<\/div>\n\n\t\t\t<h4 class=\"qodef-item-title\" >\n\t\t\t\t<a href=\"https:\/\/cmcfestival.com.hr\/?p=10824\" >\n\t\t\t\t\tCMC Festival Vodice 2026. slavi punoljetnost: spektakl na rivi uz velika glazbena imena!\t\t\t\t<\/a>\n\t\t\t<\/h4>\n\n\t\t\t\t\t\t\t<p class=\"qodef-excerpt\" >Dio ovogodi\u0161njih izvo\u0111a\u010da; Vladimir Ko\u010di\u0161 Zec i Sanja Dole\u017eal; Du\u0161ko Lokin i Vladimir Ko\u010di\u0161 Zec; Mia Dim\u0161i\u0107; Ru\u017eica, \u017deljko i Katarina Bebek\u00a0\/\u00a0Foto: Boris \u0160\u010ditar Danas je u prostorijama diskografske ku\u0107e Croatia Records odr\u017eana prva konferencija za medije povodom CMC festivala Vod.<\/p>\n\t\t\t\t\t<\/div>\n\t<\/div>\t\n<\/li><li class=\"qodef-blog-list-item clearfix\">\n\t<div class=\"qodef-blog-list-item-inner\">\n\t\t<div class=\"qodef-item-image\">\n\t\t\t<a href=\"https:\/\/cmcfestival.com.hr\/?p=10801\">\n\t\t\t\t<img loading=\"lazy\" decoding=\"async\" width=\"1512\" height=\"824\" src=\"https:\/\/cmcfestival.com.hr\/wp-content\/uploads\/2026\/03\/cmc.png\" class=\"attachment-full size-full wp-post-image\" alt=\"\" srcset=\"https:\/\/cmcfestival.com.hr\/wp-content\/uploads\/2026\/03\/cmc.png 1512w, https:\/\/cmcfestival.com.hr\/wp-content\/uploads\/2026\/03\/cmc-300x163.png 300w, https:\/\/cmcfestival.com.hr\/wp-content\/uploads\/2026\/03\/cmc-1024x558.png 1024w, https:\/\/cmcfestival.com.hr\/wp-content\/uploads\/2026\/03\/cmc-768x419.png 768w\" sizes=\"auto, (max-width: 1512px) 100vw, 1512px\" \/>\t\t\t\t\n\t\t\t<\/a>\n\t\t<\/div>\n\t\t<div class=\"qodef-item-text-holder\" >\n\t\t\t<div class=\"qodef-item-info-section\" >\n\t\t\t\t\t\t\t<\/div>\n\n\t\t\t<h4 class=\"qodef-item-title\" >\n\t\t\t\t<a href=\"https:\/\/cmcfestival.com.hr\/?p=10801\" >\n\t\t\t\t\tOtkrivamo imena izvo\u0111a\u010da na CMC festivalu 2026. u Vodicama!\t\t\t\t<\/a>\n\t\t\t<\/h4>\n\n\t\t\t\t\t\t\t<p class=\"qodef-excerpt\" >Jedan od najva\u017enijih glazbenih doga\u0111aja u regiji, CMC Festival Vodice powered by Calzedonia i ove godine okuplja najve\u0107a imena doma\u0107e pop i zabavne scene. &#8220;Vodice inspiriraju svakog od nas, ne samo da budemo dobri, nego da se nadamo da \u0107e sve ovo \u0161to radimo biti....<\/p>\n\t\t\t\t\t<\/div>\n\t<\/div>\t\n<\/li><li class=\"qodef-blog-list-item clearfix\">\n\t<div class=\"qodef-blog-list-item-inner\">\n\t\t<div class=\"qodef-item-image\">\n\t\t\t<a href=\"https:\/\/cmcfestival.com.hr\/?p=10785\">\n\t\t\t\t<img loading=\"lazy\" decoding=\"async\" width=\"2560\" height=\"1703\" src=\"https:\/\/cmcfestival.com.hr\/wp-content\/uploads\/2026\/02\/cmc-fest-scaled.jpg\" class=\"attachment-full size-full wp-post-image\" alt=\"\" srcset=\"https:\/\/cmcfestival.com.hr\/wp-content\/uploads\/2026\/02\/cmc-fest-scaled.jpg 2560w, https:\/\/cmcfestival.com.hr\/wp-content\/uploads\/2026\/02\/cmc-fest-300x200.jpg 300w, https:\/\/cmcfestival.com.hr\/wp-content\/uploads\/2026\/02\/cmc-fest-1024x681.jpg 1024w, https:\/\/cmcfestival.com.hr\/wp-content\/uploads\/2026\/02\/cmc-fest-768x511.jpg 768w, https:\/\/cmcfestival.com.hr\/wp-content\/uploads\/2026\/02\/cmc-fest-1536x1022.jpg 1536w\" sizes=\"auto, (max-width: 2560px) 100vw, 2560px\" \/>\t\t\t\t\n\t\t\t<\/a>\n\t\t<\/div>\n\t\t<div class=\"qodef-item-text-holder\" >\n\t\t\t<div class=\"qodef-item-info-section\" >\n\t\t\t\t\t\t\t<\/div>\n\n\t\t\t<h4 class=\"qodef-item-title\" >\n\t\t\t\t<a href=\"https:\/\/cmcfestival.com.hr\/?p=10785\" >\n\t\t\t\t\tCMC FESTIVAL VODICE 2026. &#8211; medijsko pokroviteljstvo\t\t\t\t<\/a>\n\t\t\t<\/h4>\n\n\t\t\t\t\t\t\t<p class=\"qodef-excerpt\" >&#8211; medijsko pokroviteljstvo &#8211;\u00a0 Po\u0161tovani, vrijeme je da po\u010dnemo s pripremama za CMC festival u Vodicama koji \u0107e ove godine biti odr\u017ean\u00a012. i 13. lipnja. Ponosno isti\u010demo\u00a0suradnju s radijskim postajama, portalima, televizijama, tiskanim medijima\u00a0&#8211; medijskim pokroviteljima CM.<\/p>\n\t\t\t\t\t<\/div>\n\t<\/div>\t\n<\/li><li class=\"qodef-blog-list-item clearfix\">\n\t<div class=\"qodef-blog-list-item-inner\">\n\t\t<div class=\"qodef-item-image\">\n\t\t\t<a href=\"https:\/\/cmcfestival.com.hr\/?p=10778\">\n\t\t\t\t<img loading=\"lazy\" decoding=\"async\" width=\"2560\" height=\"1703\" src=\"https:\/\/cmcfestival.com.hr\/wp-content\/uploads\/2026\/01\/cmc-vodice-scaled.jpg\" class=\"attachment-full size-full wp-post-image\" alt=\"\" srcset=\"https:\/\/cmcfestival.com.hr\/wp-content\/uploads\/2026\/01\/cmc-vodice-scaled.jpg 2560w, https:\/\/cmcfestival.com.hr\/wp-content\/uploads\/2026\/01\/cmc-vodice-300x200.jpg 300w, https:\/\/cmcfestival.com.hr\/wp-content\/uploads\/2026\/01\/cmc-vodice-1024x681.jpg 1024w, https:\/\/cmcfestival.com.hr\/wp-content\/uploads\/2026\/01\/cmc-vodice-768x511.jpg 768w, https:\/\/cmcfestival.com.hr\/wp-content\/uploads\/2026\/01\/cmc-vodice-1536x1022.jpg 1536w\" sizes=\"auto, (max-width: 2560px) 100vw, 2560px\" \/>\t\t\t\t\n\t\t\t<\/a>\n\t\t<\/div>\n\t\t<div class=\"qodef-item-text-holder\" >\n\t\t\t<div class=\"qodef-item-info-section\" >\n\t\t\t\t\t\t\t<\/div>\n\n\t\t\t<h4 class=\"qodef-item-title\" >\n\t\t\t\t<a href=\"https:\/\/cmcfestival.com.hr\/?p=10778\" >\n\t\t\t\t\tCMC FESTIVAL VODICE 2026. &#8211; natje\u010daj\t\t\t\t<\/a>\n\t\t\t<\/h4>\n\n\t\t\t\t\t\t\t<p class=\"qodef-excerpt\" >&#8211; natje\u010daj &#8211; CMC televizija raspisuje NATJE\u010cAJ za pjesme koje \u0107e biti izvedene na CMC FESTIVALU VODICE koji \u0107e se odr\u017eati 12. i 13. lipnja 2026. godine: \u010clanak 1. CMC festival Vodice je festival zabavne, pop i pop rock glazbe. \u010clanak 2. Skladbe za festival....<\/p>\n\t\t\t\t\t<\/div>\n\t<\/div>\t\n<\/li>    <\/ul>\n\t<\/div>\n[\/vc_column][\/vc_row][vc_row content_width=&#8221;grid&#8221;][vc_column][vc_empty_space height=&#8221;15px&#8221; css=&#8221;.vc_custom_1583477695725{margin-bottom: 3.2% !important;}&#8221;]<div class=\"qodef-blog-list-holder qodef-boxes qodef-four-columns qodef-holder-with-shadow qodef-holder-with-padding\" data-next-page= \"2\" data-order-by= \"date\" data-order= \"DESC\" data-number= \"16\" data-title-tag= \"h4\" data-box-shadow= \"yes\" data-load-more-skin= \"dark\" data-text-length= \"250\" data-category= \"Vijesti\" data-type= \"boxes\" data-max-num-pages = 20>\n    <ul class=\"qodef-blog-list\">\n\t\t<li class=\"qodef-blog-list-item clearfix\">\n\t<div class=\"qodef-blog-list-item-inner\">\n\t\t<div class=\"qodef-item-image\">\n\t\t\t<a href=\"https:\/\/cmcfestival.com.hr\/?p=10876\">\n\t\t\t\t<img loading=\"lazy\" decoding=\"async\" width=\"800\" height=\"600\" src=\"https:\/\/cmcfestival.com.hr\/wp-content\/uploads\/2026\/04\/dzj-800x600.png\" class=\"attachment-mixtape_qodef_landscape size-mixtape_qodef_landscape wp-post-image\" alt=\"\" \/>\t\t\t\t\n\t\t\t<\/a>\n\t\t<\/div>\n\t\t<div class=\"qodef-item-text-holder\" >\n\t\t\t<div class=\"qodef-item-info-section\" >\n\t\t\t\t\t\t\t<\/div>\n\n\t\t\t<h4 class=\"qodef-item-title\" >\n\t\t\t\t<a href=\"https:\/\/cmcfestival.com.hr\/?p=10876\" >\n\t\t\t\t\tDean, Zoki i Jadran predstavljaju novi singl \u0160torija o brodu\t\t\t\t<\/a>\n\t\t\t<\/h4>\n\n\t\t\t\t\t\t\t<p class=\"qodef-excerpt\" >Dean, Zoki i Jadran objavili su novi singl \u0160torija o brodu, emotivnu baladu s kojom \u0107e se predstaviti na ovogodi\u0161njem CMC festivalu u Vodicama. Iza imena trija\u00a0stoje Dean Dvornik, Zoran Uki\u0107 i Jadran Vu\u0161kovi\u0107, koji kroz zajedni\u010dki autorski ra.<\/p>\n\t\t\t\t\t<\/div>\n\t<\/div>\t\n<\/li><li class=\"qodef-blog-list-item clearfix\">\n\t<div class=\"qodef-blog-list-item-inner\">\n\t\t<div class=\"qodef-item-image\">\n\t\t\t<a href=\"https:\/\/cmcfestival.com.hr\/?p=10873\">\n\t\t\t\t<img loading=\"lazy\" decoding=\"async\" width=\"800\" height=\"600\" src=\"https:\/\/cmcfestival.com.hr\/wp-content\/uploads\/2026\/04\/luka-basi-800x600.png\" class=\"attachment-mixtape_qodef_landscape size-mixtape_qodef_landscape wp-post-image\" alt=\"\" \/>\t\t\t\t\n\t\t\t<\/a>\n\t\t<\/div>\n\t\t<div class=\"qodef-item-text-holder\" >\n\t\t\t<div class=\"qodef-item-info-section\" >\n\t\t\t\t\t\t\t<\/div>\n\n\t\t\t<h4 class=\"qodef-item-title\" >\n\t\t\t\t<a href=\"https:\/\/cmcfestival.com.hr\/?p=10873\" >\n\t\t\t\t\tLuka Basi s pjesmom Katamaran sti\u017ee na CMC Festival Vodice\t\t\t\t<\/a>\n\t\t\t<\/h4>\n\n\t\t\t\t\t\t\t<p class=\"qodef-excerpt\" >Jedan od najpopularnijih regionalnih izvo\u0111a\u010da, Luka Basi, ovog ljeta donosi pravu zabavu\u00a0i to ravno na pozornicu CMC Festivala u Vodicama, gdje \u0107e premijerno izvesti svoju novu pjesmu Katamaran. Nakon niza uspje\u0161nih hitova, Luka Basi ponovno osv.<\/p>\n\t\t\t\t\t<\/div>\n\t<\/div>\t\n<\/li><li class=\"qodef-blog-list-item clearfix\">\n\t<div class=\"qodef-blog-list-item-inner\">\n\t\t<div class=\"qodef-item-image\">\n\t\t\t<a href=\"https:\/\/cmcfestival.com.hr\/?p=10869\">\n\t\t\t\t<img loading=\"lazy\" decoding=\"async\" width=\"800\" height=\"600\" src=\"https:\/\/cmcfestival.com.hr\/wp-content\/uploads\/2026\/04\/KRUSKA-800x600.jpg\" class=\"attachment-mixtape_qodef_landscape size-mixtape_qodef_landscape wp-post-image\" alt=\"\" \/>\t\t\t\t\n\t\t\t<\/a>\n\t\t<\/div>\n\t\t<div class=\"qodef-item-text-holder\" >\n\t\t\t<div class=\"qodef-item-info-section\" >\n\t\t\t\t\t\t\t<\/div>\n\n\t\t\t<h4 class=\"qodef-item-title\" >\n\t\t\t\t<a href=\"https:\/\/cmcfestival.com.hr\/?p=10869\" >\n\t\t\t\t\t\u017deljko Kru\u0161lin Kru\u0161ka i Latino predstavljaju pjesmu Samo s tobom na CMC Festival\t\t\t\t<\/a>\n\t\t\t<\/h4>\n\n\t\t\t\t\t\t\t<p class=\"qodef-excerpt\" >Na pozornicu CMC Festivala ove godine sti\u017eu \u017deljko Kru\u0161lin Kru\u0161ka i Latino s novom pjesmom Samo s tobom. &#8220;Dolazimo s novom pjesmom koja je u duhu ljubavi, nade i vjere da, kad sve drugo nestane, ljubav\u00a0uvijek ostaje&#8221;, rekao je \u017deljk.<\/p>\n\t\t\t\t\t<\/div>\n\t<\/div>\t\n<\/li><li class=\"qodef-blog-list-item clearfix\">\n\t<div class=\"qodef-blog-list-item-inner\">\n\t\t<div class=\"qodef-item-image\">\n\t\t\t<a href=\"https:\/\/cmcfestival.com.hr\/?p=10866\">\n\t\t\t\t<img loading=\"lazy\" decoding=\"async\" width=\"800\" height=\"600\" src=\"https:\/\/cmcfestival.com.hr\/wp-content\/uploads\/2026\/04\/LJUBAVNICI-800x600.jpg\" class=\"attachment-mixtape_qodef_landscape size-mixtape_qodef_landscape wp-post-image\" alt=\"\" \/>\t\t\t\t\n\t\t\t<\/a>\n\t\t<\/div>\n\t\t<div class=\"qodef-item-text-holder\" >\n\t\t\t<div class=\"qodef-item-info-section\" >\n\t\t\t\t\t\t\t<\/div>\n\n\t\t\t<h4 class=\"qodef-item-title\" >\n\t\t\t\t<a href=\"https:\/\/cmcfestival.com.hr\/?p=10866\" >\n\t\t\t\t\tPopularni Ljubavnici na ovogodi\u0161nji CMC Festival Vodice dolaze s pjesmom Pijani od ljubavi\t\t\t\t<\/a>\n\t\t\t<\/h4>\n\n\t\t\t\t\t\t\t<p class=\"qodef-excerpt\" >Grupa Ljubavnici ove \u0107e se godine predstaviti u Vodicama s pjesmom Pijani od ljubavi, \u010diji naslov, kako isti\u010du, savr\u0161eno odgovara atmosferi koja ih o\u010dekuje na festivalu. &#8220;Ove godine odlu\u010dili smo do\u0107i u Vodice s pjesmom &#8216;Pijani od l.<\/p>\n\t\t\t\t\t<\/div>\n\t<\/div>\t\n<\/li><li class=\"qodef-blog-list-item clearfix\">\n\t<div class=\"qodef-blog-list-item-inner\">\n\t\t<div class=\"qodef-item-image\">\n\t\t\t<a href=\"https:\/\/cmcfestival.com.hr\/?p=10863\">\n\t\t\t\t<img loading=\"lazy\" decoding=\"async\" width=\"800\" height=\"600\" src=\"https:\/\/cmcfestival.com.hr\/wp-content\/uploads\/2026\/04\/ZEC-800x600.jpg\" class=\"attachment-mixtape_qodef_landscape size-mixtape_qodef_landscape wp-post-image\" alt=\"\" \/>\t\t\t\t\n\t\t\t<\/a>\n\t\t<\/div>\n\t\t<div class=\"qodef-item-text-holder\" >\n\t\t\t<div class=\"qodef-item-info-section\" >\n\t\t\t\t\t\t\t<\/div>\n\n\t\t\t<h4 class=\"qodef-item-title\" >\n\t\t\t\t<a href=\"https:\/\/cmcfestival.com.hr\/?p=10863\" >\n\t\t\t\t\tNa pozornicu CMC Festivala sti\u017ee Vladimir Ko\u010di\u0161 Zec s pjesmom Jo\u0161 jednu \u0161ansu daj mi\t\t\t\t<\/a>\n\t\t\t<\/h4>\n\n\t\t\t\t\t\t\t<p class=\"qodef-excerpt\" >Na pozornicu CMC Festivala ove godine sti\u017ee Vladimir Ko\u010di\u0161 Zec s novom pjesmom Jo\u0161 jednu \u0161ansu daj mi. Glazbu za pjesmu potpisuje sam Zec, dok je autor teksta Miroslav Rus, jedan od najistaknutijih doma\u0107ih tekstopisaca \u010diji su stihovi obilje\u017e.<\/p>\n\t\t\t\t\t<\/div>\n\t<\/div>\t\n<\/li><li class=\"qodef-blog-list-item clearfix\">\n\t<div class=\"qodef-blog-list-item-inner\">\n\t\t<div class=\"qodef-item-image\">\n\t\t\t<a href=\"https:\/\/cmcfestival.com.hr\/?p=10860\">\n\t\t\t\t<img loading=\"lazy\" decoding=\"async\" width=\"800\" height=\"600\" src=\"https:\/\/cmcfestival.com.hr\/wp-content\/uploads\/2026\/04\/BORIS-800x600.jpg\" class=\"attachment-mixtape_qodef_landscape size-mixtape_qodef_landscape wp-post-image\" alt=\"\" \/>\t\t\t\t\n\t\t\t<\/a>\n\t\t<\/div>\n\t\t<div class=\"qodef-item-text-holder\" >\n\t\t\t<div class=\"qodef-item-info-section\" >\n\t\t\t\t\t\t\t<\/div>\n\n\t\t\t<h4 class=\"qodef-item-title\" >\n\t\t\t\t<a href=\"https:\/\/cmcfestival.com.hr\/?p=10860\" >\n\t\t\t\t\tBoris Novkovi\u0107 sti\u017ee na CMC Festival Vodice s novom verzijom velikog hita Kuda idu izgubljene djevojke (Tamara)\t\t\t\t<\/a>\n\t\t\t<\/h4>\n\n\t\t\t\t\t\t\t<p class=\"qodef-excerpt\" >Jedan od najpopularnijih regionalnih kantautora i glazbenika, Boris Novkovi\u0107, na ovogodi\u0161nji CMC Festival Vodice dolazi s posebnim iznena\u0111enjem &#8211; remixom jednog od svojih najve\u0107ih hitova Kuda idu izgubljene djevojke (Tamara). Pjesma, koja j.<\/p>\n\t\t\t\t\t<\/div>\n\t<\/div>\t\n<\/li><li class=\"qodef-blog-list-item clearfix\">\n\t<div class=\"qodef-blog-list-item-inner\">\n\t\t<div class=\"qodef-item-image\">\n\t\t\t<a href=\"https:\/\/cmcfestival.com.hr\/?p=10854\">\n\t\t\t\t<img loading=\"lazy\" decoding=\"async\" width=\"800\" height=\"600\" src=\"https:\/\/cmcfestival.com.hr\/wp-content\/uploads\/2026\/04\/elioo-800x600.jpg\" class=\"attachment-mixtape_qodef_landscape size-mixtape_qodef_landscape wp-post-image\" alt=\"\" \/>\t\t\t\t\n\t\t\t<\/a>\n\t\t<\/div>\n\t\t<div class=\"qodef-item-text-holder\" >\n\t\t\t<div class=\"qodef-item-info-section\" >\n\t\t\t\t\t\t\t<\/div>\n\n\t\t\t<h4 class=\"qodef-item-title\" >\n\t\t\t\t<a href=\"https:\/\/cmcfestival.com.hr\/?p=10854\" >\n\t\t\t\t\tElio Pisak s pjesmom Ostani tu nastupa na CMC Festivalu Vodice 2026.\t\t\t\t<\/a>\n\t\t\t<\/h4>\n\n\t\t\t\t\t\t\t<p class=\"qodef-excerpt\" >Prepoznatljivi istarski glazbenik Elio Pisak i ove godine sti\u017ee u Vodice, gdje \u0107e se predstaviti novom autorskom pjesmom Ostani tu. Rije\u010d je o vedroj i emotivnoj glazbenoj pri\u010di koja kroz zabavan ton progovara o ljubavi i bliskosti, a publika \u0107e.<\/p>\n\t\t\t\t\t<\/div>\n\t<\/div>\t\n<\/li><li class=\"qodef-blog-list-item clearfix\">\n\t<div class=\"qodef-blog-list-item-inner\">\n\t\t<div class=\"qodef-item-image\">\n\t\t\t<a href=\"https:\/\/cmcfestival.com.hr\/?p=10851\">\n\t\t\t\t<img loading=\"lazy\" decoding=\"async\" width=\"800\" height=\"600\" src=\"https:\/\/cmcfestival.com.hr\/wp-content\/uploads\/2026\/04\/12-800x600.jpg\" class=\"attachment-mixtape_qodef_landscape size-mixtape_qodef_landscape wp-post-image\" alt=\"\" \/>\t\t\t\t\n\t\t\t<\/a>\n\t\t<\/div>\n\t\t<div class=\"qodef-item-text-holder\" >\n\t\t\t<div class=\"qodef-item-info-section\" >\n\t\t\t\t\t\t\t<\/div>\n\n\t\t\t<h4 class=\"qodef-item-title\" >\n\t\t\t\t<a href=\"https:\/\/cmcfestival.com.hr\/?p=10851\" >\n\t\t\t\t\tNa prepoznatljivu pozornicu CMC Festivala Vodice i ove godine sti\u017ee Du\u0161ko Lokin\t\t\t\t<\/a>\n\t\t\t<\/h4>\n\n\t\t\t\t\t\t\t<p class=\"qodef-excerpt\" >Du\u0161ko Lokin i Grupa La Vita\u00a0i ove godine sti\u017eu na jednu od najljep\u0161ih ljetnih pozornica, onu CMC Festivala u Vodicama. Publiku \u0107e rasplesati novom pjesmom Konobaru, rundu za svira\u010de. &#8220;Dolazim u Vodice s pjesmom koja ka\u017ee \u2018Konobaru, run.<\/p>\n\t\t\t\t\t<\/div>\n\t<\/div>\t\n<\/li><li class=\"qodef-blog-list-item clearfix\">\n\t<div class=\"qodef-blog-list-item-inner\">\n\t\t<div class=\"qodef-item-image\">\n\t\t\t<a href=\"https:\/\/cmcfestival.com.hr\/?p=10844\">\n\t\t\t\t<img loading=\"lazy\" decoding=\"async\" width=\"800\" height=\"600\" src=\"https:\/\/cmcfestival.com.hr\/wp-content\/uploads\/2026\/04\/leo-1-800x600.jpg\" class=\"attachment-mixtape_qodef_landscape size-mixtape_qodef_landscape wp-post-image\" alt=\"\" \/>\t\t\t\t\n\t\t\t<\/a>\n\t\t<\/div>\n\t\t<div class=\"qodef-item-text-holder\" >\n\t\t\t<div class=\"qodef-item-info-section\" >\n\t\t\t\t\t\t\t<\/div>\n\n\t\t\t<h4 class=\"qodef-item-title\" >\n\t\t\t\t<a href=\"https:\/\/cmcfestival.com.hr\/?p=10844\" >\n\t\t\t\t\tAmir Kazi\u0107 Leo na CMC Festival dolazi s pjesmom Ljubav bez granica\t\t\t\t<\/a>\n\t\t\t<\/h4>\n\n\t\t\t\t\t\t\t<p class=\"qodef-excerpt\" >Na pozornicu CMC Festival Vodice ove godine sti\u017ee Amir Kazi\u0107 Leo s pjesmom Ljubav bez granica. Pjesma se nalazi na nedavno objavljenom albumu Ra\u0161irena kapija. Tijekom stvaranja albuma Leo se nije vodio trendovima, ve\u0107 je slu\u0161ao sebe i svoj tim, .<\/p>\n\t\t\t\t\t<\/div>\n\t<\/div>\t\n<\/li><li class=\"qodef-blog-list-item clearfix\">\n\t<div class=\"qodef-blog-list-item-inner\">\n\t\t<div class=\"qodef-item-image\">\n\t\t\t<a href=\"https:\/\/cmcfestival.com.hr\/?p=10839\">\n\t\t\t\t<img loading=\"lazy\" decoding=\"async\" width=\"800\" height=\"600\" src=\"https:\/\/cmcfestival.com.hr\/wp-content\/uploads\/2026\/04\/2-1-800x600.jpg\" class=\"attachment-mixtape_qodef_landscape size-mixtape_qodef_landscape wp-post-image\" alt=\"\" \/>\t\t\t\t\n\t\t\t<\/a>\n\t\t<\/div>\n\t\t<div class=\"qodef-item-text-holder\" >\n\t\t\t<div class=\"qodef-item-info-section\" >\n\t\t\t\t\t\t\t<\/div>\n\n\t\t\t<h4 class=\"qodef-item-title\" >\n\t\t\t\t<a href=\"https:\/\/cmcfestival.com.hr\/?p=10839\" >\n\t\t\t\t\tMia Dim\u0161i\u0107 na pozornicu CMC Festivala Vodice donosi da\u0161ak Slavonije s pjesmom Negdje u ravnici\t\t\t\t<\/a>\n\t\t\t<\/h4>\n\n\t\t\t\t\t\t\t<p class=\"qodef-excerpt\" >Mia Dim\u0161i\u0107 nedavno je objavila novi album Negdje u ravnici, a upravo \u0107e s\u00a0istoimenom pjesmom nastupiti na ovogodi\u0161njem CMC Festivalu u Vodicama. Ova pjesma ujedno sa\u017eima glavnu emociju albuma &#8211; nostalgiju i duboku povezanost s domom. &amp;#82.<\/p>\n\t\t\t\t\t<\/div>\n\t<\/div>\t\n<\/li><li class=\"qodef-blog-list-item clearfix\">\n\t<div class=\"qodef-blog-list-item-inner\">\n\t\t<div class=\"qodef-item-image\">\n\t\t\t<a href=\"https:\/\/cmcfestival.com.hr\/?p=10824\">\n\t\t\t\t<img loading=\"lazy\" decoding=\"async\" width=\"800\" height=\"600\" src=\"https:\/\/cmcfestival.com.hr\/wp-content\/uploads\/2026\/04\/CMC-800x600.png\" class=\"attachment-mixtape_qodef_landscape size-mixtape_qodef_landscape wp-post-image\" alt=\"\" \/>\t\t\t\t\n\t\t\t<\/a>\n\t\t<\/div>\n\t\t<div class=\"qodef-item-text-holder\" >\n\t\t\t<div class=\"qodef-item-info-section\" >\n\t\t\t\t\t\t\t<\/div>\n\n\t\t\t<h4 class=\"qodef-item-title\" >\n\t\t\t\t<a href=\"https:\/\/cmcfestival.com.hr\/?p=10824\" >\n\t\t\t\t\tCMC Festival Vodice 2026. slavi punoljetnost: spektakl na rivi uz velika glazbena imena!\t\t\t\t<\/a>\n\t\t\t<\/h4>\n\n\t\t\t\t\t\t\t<p class=\"qodef-excerpt\" >Dio ovogodi\u0161njih izvo\u0111a\u010da; Vladimir Ko\u010di\u0161 Zec i Sanja Dole\u017eal; Du\u0161ko Lokin i Vladimir Ko\u010di\u0161 Zec; Mia Dim\u0161i\u0107; Ru\u017eica, \u017deljko i Katarina Bebek\u00a0\/\u00a0Foto: Boris \u0160\u010ditar Danas je u prostorijama diskografske ku\u0107e Croatia Records odr\u017eana prv.<\/p>\n\t\t\t\t\t<\/div>\n\t<\/div>\t\n<\/li><li class=\"qodef-blog-list-item clearfix\">\n\t<div class=\"qodef-blog-list-item-inner\">\n\t\t<div class=\"qodef-item-image\">\n\t\t\t<a href=\"https:\/\/cmcfestival.com.hr\/?p=10801\">\n\t\t\t\t<img loading=\"lazy\" decoding=\"async\" width=\"800\" height=\"600\" src=\"https:\/\/cmcfestival.com.hr\/wp-content\/uploads\/2026\/03\/cmc-800x600.png\" class=\"attachment-mixtape_qodef_landscape size-mixtape_qodef_landscape wp-post-image\" alt=\"\" \/>\t\t\t\t\n\t\t\t<\/a>\n\t\t<\/div>\n\t\t<div class=\"qodef-item-text-holder\" >\n\t\t\t<div class=\"qodef-item-info-section\" >\n\t\t\t\t\t\t\t<\/div>\n\n\t\t\t<h4 class=\"qodef-item-title\" >\n\t\t\t\t<a href=\"https:\/\/cmcfestival.com.hr\/?p=10801\" >\n\t\t\t\t\tOtkrivamo imena izvo\u0111a\u010da na CMC festivalu 2026. u Vodicama!\t\t\t\t<\/a>\n\t\t\t<\/h4>\n\n\t\t\t\t\t\t\t<p class=\"qodef-excerpt\" >Jedan od najva\u017enijih glazbenih doga\u0111aja u regiji, CMC Festival Vodice powered by Calzedonia i ove godine okuplja najve\u0107a imena doma\u0107e pop i zabavne scene. &#8220;Vodice inspiriraju svakog od nas, ne samo da budemo dobri, nego da se nadamo da \u0107e .<\/p>\n\t\t\t\t\t<\/div>\n\t<\/div>\t\n<\/li><li class=\"qodef-blog-list-item clearfix\">\n\t<div class=\"qodef-blog-list-item-inner\">\n\t\t<div class=\"qodef-item-image\">\n\t\t\t<a href=\"https:\/\/cmcfestival.com.hr\/?p=10785\">\n\t\t\t\t<img loading=\"lazy\" decoding=\"async\" width=\"800\" height=\"600\" src=\"https:\/\/cmcfestival.com.hr\/wp-content\/uploads\/2026\/02\/cmc-fest-800x600.jpg\" class=\"attachment-mixtape_qodef_landscape size-mixtape_qodef_landscape wp-post-image\" alt=\"\" \/>\t\t\t\t\n\t\t\t<\/a>\n\t\t<\/div>\n\t\t<div class=\"qodef-item-text-holder\" >\n\t\t\t<div class=\"qodef-item-info-section\" >\n\t\t\t\t\t\t\t<\/div>\n\n\t\t\t<h4 class=\"qodef-item-title\" >\n\t\t\t\t<a href=\"https:\/\/cmcfestival.com.hr\/?p=10785\" >\n\t\t\t\t\tCMC FESTIVAL VODICE 2026. &#8211; medijsko pokroviteljstvo\t\t\t\t<\/a>\n\t\t\t<\/h4>\n\n\t\t\t\t\t\t\t<p class=\"qodef-excerpt\" >&#8211; medijsko pokroviteljstvo &#8211;\u00a0 Po\u0161tovani, vrijeme je da po\u010dnemo s pripremama za CMC festival u Vodicama koji \u0107e ove godine biti odr\u017ean\u00a012. i 13. lipnja. Ponosno isti\u010demo\u00a0suradnju s radijskim postajama, portalima, televizijama, tisk.<\/p>\n\t\t\t\t\t<\/div>\n\t<\/div>\t\n<\/li><li class=\"qodef-blog-list-item clearfix\">\n\t<div class=\"qodef-blog-list-item-inner\">\n\t\t<div class=\"qodef-item-image\">\n\t\t\t<a href=\"https:\/\/cmcfestival.com.hr\/?p=10778\">\n\t\t\t\t<img loading=\"lazy\" decoding=\"async\" width=\"800\" height=\"600\" src=\"https:\/\/cmcfestival.com.hr\/wp-content\/uploads\/2026\/01\/cmc-vodice-800x600.jpg\" class=\"attachment-mixtape_qodef_landscape size-mixtape_qodef_landscape wp-post-image\" alt=\"\" \/>\t\t\t\t\n\t\t\t<\/a>\n\t\t<\/div>\n\t\t<div class=\"qodef-item-text-holder\" >\n\t\t\t<div class=\"qodef-item-info-section\" >\n\t\t\t\t\t\t\t<\/div>\n\n\t\t\t<h4 class=\"qodef-item-title\" >\n\t\t\t\t<a href=\"https:\/\/cmcfestival.com.hr\/?p=10778\" >\n\t\t\t\t\tCMC FESTIVAL VODICE 2026. &#8211; natje\u010daj\t\t\t\t<\/a>\n\t\t\t<\/h4>\n\n\t\t\t\t\t\t\t<p class=\"qodef-excerpt\" >&#8211; natje\u010daj &#8211; CMC televizija raspisuje NATJE\u010cAJ za pjesme koje \u0107e biti izvedene na CMC FESTIVALU VODICE koji \u0107e se odr\u017eati 12. i 13. lipnja 2026. godine: \u010clanak 1. CMC festival Vodice je festival zabavne, pop i pop rock glazbe. \u010clan.<\/p>\n\t\t\t\t\t<\/div>\n\t<\/div>\t\n<\/li><li class=\"qodef-blog-list-item clearfix\">\n\t<div class=\"qodef-blog-list-item-inner\">\n\t\t<div class=\"qodef-item-image\">\n\t\t\t<a href=\"https:\/\/cmcfestival.com.hr\/?p=10767\">\n\t\t\t\t<img loading=\"lazy\" decoding=\"async\" width=\"800\" height=\"600\" src=\"https:\/\/cmcfestival.com.hr\/wp-content\/uploads\/2025\/06\/CMC-festival-Vodice-800x600.jpg\" class=\"attachment-mixtape_qodef_landscape size-mixtape_qodef_landscape wp-post-image\" alt=\"\" \/>\t\t\t\t\n\t\t\t<\/a>\n\t\t<\/div>\n\t\t<div class=\"qodef-item-text-holder\" >\n\t\t\t<div class=\"qodef-item-info-section\" >\n\t\t\t\t\t\t\t<\/div>\n\n\t\t\t<h4 class=\"qodef-item-title\" >\n\t\t\t\t<a href=\"https:\/\/cmcfestival.com.hr\/?p=10767\" >\n\t\t\t\t\tFantasti\u010dan vikend uz CMC festival &#8211; Vodice u\u017eivale u spektakularnim ve\u010derima najbolje glazbe!\t\t\t\t<\/a>\n\t\t\t<\/h4>\n\n\t\t\t\t\t\t\t<p class=\"qodef-excerpt\" >Pro\u0161li vikend pro\u0161ao je u znaku najbolje regionalne popularne i zabavne glazbe. Odr\u017ean je 17. CMC Festival Vodice 2025. powered by Calzedonia koji je okupio brojnu publiku i najbolje glazbenike iz cijele regije. Foto: Boris \u0160\u010ditar Na ljetnoj vod.<\/p>\n\t\t\t\t\t<\/div>\n\t<\/div>\t\n<\/li><li class=\"qodef-blog-list-item clearfix\">\n\t<div class=\"qodef-blog-list-item-inner\">\n\t\t<div class=\"qodef-item-image\">\n\t\t\t<a href=\"https:\/\/cmcfestival.com.hr\/?p=10764\">\n\t\t\t\t<img loading=\"lazy\" decoding=\"async\" width=\"640\" height=\"600\" src=\"https:\/\/cmcfestival.com.hr\/wp-content\/uploads\/2025\/06\/CD-CMC-Festival-640x600.jpg\" class=\"attachment-mixtape_qodef_landscape size-mixtape_qodef_landscape wp-post-image\" alt=\"\" \/>\t\t\t\t\n\t\t\t<\/a>\n\t\t<\/div>\n\t\t<div class=\"qodef-item-text-holder\" >\n\t\t\t<div class=\"qodef-item-info-section\" >\n\t\t\t\t\t\t\t<\/div>\n\n\t\t\t<h4 class=\"qodef-item-title\" >\n\t\t\t\t<a href=\"https:\/\/cmcfestival.com.hr\/?p=10764\" >\n\t\t\t\t\tU prodaji novi dvostruki CD CMC Festival Vodice 2025.\t\t\t\t<\/a>\n\t\t\t<\/h4>\n\n\t\t\t\t\t\t\t<p class=\"qodef-excerpt\" >Ljetna glazbena \u010darolija ponovno sti\u017ee u Vodice! CMC festival, jedno od najva\u017enijih glazbenih doga\u0111anja u regiji, ove godine se odr\u017eava po 17. put i donosi rasko\u0161an program uz vrhunsku produkciju, more dobre energije i zvukove doma\u0107ih hitova. .<\/p>\n\t\t\t\t\t<\/div>\n\t<\/div>\t\n<\/li>    <\/ul>\n\t<\/div>\n[\/vc_column][\/vc_row][vc_row content_aligment=&#8221;center&#8221;][vc_column][vc_empty_space height=&#8221;5px&#8221; css=&#8221;.vc_custom_1588158819159{margin-bottom: 3.2% !important;}&#8221;]<a href=\"https:\/\/cmcfestival.com.hr\/?page_id=8464\" target=\"_self\"  class=\"qodef-btn qodef-btn-medium qodef-btn-outline\"  >\n    <span class=\"qodef-btn-text\">Vi\u0161e vijesti<\/span>\n    <\/a>[vc_empty_space height=&#8221;5px&#8221; css=&#8221;.vc_custom_1588158819159{margin-bottom: 3.2% !important;}&#8221;][\/vc_column][\/vc_row][vc_row][vc_column]\n<h4 class=\"qodef-custom-font-holder\" style=\"font-family: Poppins;font-size: 30px;font-weight: 500;text-align: center;color: #494949\" data-font-size= 30>\n\tIzvo\u0111a\u010di\t<\/h4>[vc_empty_space][\/vc_column][\/vc_row][vc_row content_width=&#8221;grid&#8221;][vc_column width=&#8221;1\/4&#8243;][vc_column_text]<\/p>\n<p style=\"text-align: center;\">ALKA VUICA<br \/>\nANDREA \u0160U\u0160NJARA<br \/>\nBORIS NOVKOVI\u0106 FEAT. MAN\u010c<br \/>\nBORIS RE\u017dAK<br \/>\nCRVENA JABUKA FEAT. GERONIMO<br \/>\nDEAN, ZOKI I JADRAN<br \/>\nDU\u0160KO LOKIN FEAT. GRUPA LA VITA<br \/>\nD\u017dENTLMENI<br \/>\nELIO PISAK<\/p>\n<p>[\/vc_column_text][\/vc_column][vc_column width=&#8221;1\/4&#8243;][vc_column_text]<\/p>\n<p style=\"text-align: center;\">EMMA<br \/>\nGRUPA BOSS<br \/>\nHRVATSKE RU\u017dE<br \/>\nIVANA KOVA\u010c<br \/>\nJOHNNY GITARA FEAT. KRUNOSLAV DRA\u017dI\u0106<br \/>\nLEO<br \/>\nLIDIJA BA\u010cI\u0106 LILLE<br \/>\nLJUBAVNICI<\/p>\n<p>[\/vc_column_text][\/vc_column][vc_column width=&#8221;1\/4&#8243;][vc_column_text]<\/p>\n<p style=\"text-align: center;\">LUKA BASI<br \/>\nMARAAYA<br \/>\nMARTINA \u0160VAB<br \/>\nMIA DIM\u0160I\u0106<br \/>\nMILE PERKOV<br \/>\nMLADEN GRDOVI\u0106<br \/>\nMUHAMED FAZLAGI\u0106 FAZLA I BERNARDA GRBE\u0160A<br \/>\nNEDA UKRADEN<\/p>\n<p>[\/vc_column_text][\/vc_column][vc_column width=&#8221;1\/4&#8243;][vc_column_text]<\/p>\n<p style=\"text-align: center;\">NIVES CELZIJUS FEAT. DINO PETRI\u0106<br \/>\nROTKO STJUART<br \/>\nSANDI CENOV<br \/>\nVLADIMIR KO\u010cI\u0160 ZEC<br \/>\nVLADO KALEMBER &amp; SREBRNA KRILA<br \/>\nZLATAN KARI\u0106<br \/>\n\u017dELJKO BEBEK<br \/>\n\u017dELJKO KRU\u0160LIN KRU\u0160KA &amp; LATINO<\/p>\n<p>[\/vc_column_text][\/vc_column][\/vc_row][vc_row content_width=&#8221;grid&#8221; content_aligment=&#8221;center&#8221;][vc_column][vc_empty_space height=&#8221;35px&#8221;][vc_raw_html]JTNDaWZyYW1lJTIwdGl0bGUlM0QlMjJkZWV6ZXItd2lkZ2V0JTIyJTIwc3JjJTNEJTIyaHR0cHMlM0ElMkYlMkZ3aWRnZXQuZGVlemVyLmNvbSUyRndpZGdldCUyRmxpZ2h0JTJGYWxidW0lMkY1ODk2MDkxODIlMjIlMjB3aWR0aCUzRCUyMjEwMCUyNSUyMiUyMGhlaWdodCUzRCUyMjQ1MCUyMiUyMGZyYW1lYm9yZGVyJTNEJTIyMCUyMiUyMGFsbG93dHJhbnNwYXJlbmN5JTNEJTIydHJ1ZSUyMiUyMGFsbG93JTNEJTIyZW5jcnlwdGVkLW1lZGlhJTNCJTIwY2xpcGJvYXJkLXdyaXRlJTIyJTNFJTNDJTJGaWZyYW1lJTNF[\/vc_raw_html][\/vc_column][\/vc_row][vc_row content_width=&#8221;grid&#8221; el_id=&#8221;Op\u0161irnije&#8221;][vc_column width=&#8221;1\/2&#8243; offset=&#8221;vc_col-lg-6 vc_col-md-6&#8243; css=&#8221;.vc_custom_1494338502276{padding-right: 0px !important;padding-left: 0px !important;}&#8221;][vc_empty_space height=&#8221;10px&#8221; css=&#8221;.vc_custom_1591030157532{margin-bottom: 3.2% !important;}&#8221;]<div class=\"qodef-image-with-text-over\">\n    <div class=\"qodef-imto-image-holder\">\n        <img loading=\"lazy\" decoding=\"async\" width=\"843\" height=\"843\" src=\"https:\/\/cmcfestival.com.hr\/wp-content\/uploads\/2023\/05\/347631989_262776376219776_7812438911440941645_n.jpg\" class=\"attachment-full size-full\" alt=\"\" srcset=\"https:\/\/cmcfestival.com.hr\/wp-content\/uploads\/2023\/05\/347631989_262776376219776_7812438911440941645_n.jpg 843w, https:\/\/cmcfestival.com.hr\/wp-content\/uploads\/2023\/05\/347631989_262776376219776_7812438911440941645_n-300x300.jpg 300w, https:\/\/cmcfestival.com.hr\/wp-content\/uploads\/2023\/05\/347631989_262776376219776_7812438911440941645_n-150x150.jpg 150w, https:\/\/cmcfestival.com.hr\/wp-content\/uploads\/2023\/05\/347631989_262776376219776_7812438911440941645_n-768x768.jpg 768w, https:\/\/cmcfestival.com.hr\/wp-content\/uploads\/2023\/05\/347631989_262776376219776_7812438911440941645_n-550x550.jpg 550w\" sizes=\"auto, (max-width: 843px) 100vw, 843px\" \/>    <\/div>\n    <div class=\"qodef-imto-text-holder\">\n        <div class=\"qodef-imto-text-holder-inner\">\n            <div class=\"qodef-imto-text-holder-inner2\">\n                                    <span class=\"qodef-imto-subtitle\">CMC festival Vodice 2022.<\/span>\n                                                    <h1 class=\"qodef-imto-title\">Festivalski CD CMC 2022.<\/h1>\n                                                    <a href=\"https:\/\/webshop.crorec.hr\/proizvod\/razni-cmc-festival-vodice-2022\/\" target=\"_blank\"  class=\"qodef-btn qodef-btn-medium qodef-btn-outline qodef-btn-custom-hover-bg qodef-btn-custom-border-hover qodef-btn-custom-hover-color qodef-btn-light\" data-hover-bg-color=\"#fff\" data-hover-color=\"#000\" data-hover-border-color=\"#fff\" >    <span class=\"qodef-btn-text\">Naru\u010di<\/span>    <\/a>                            <\/div>\n        <\/div>\n    <\/div>\n\n<\/div>[vc_empty_space height=&#8221;5px&#8221; css=&#8221;.vc_custom_1588158819159{margin-bottom: 3.2% !important;}&#8221;][\/vc_column][vc_column width=&#8221;1\/2&#8243;][vc_empty_space height=&#8221;10px&#8221; css=&#8221;.vc_custom_1591030157532{margin-bottom: 3.2% !important;}&#8221;]\n<div class=\"qodef-video-button\">\n\t<a class=\"qodef-video-button-play\" href=\"https:\/\/youtu.be\/3YK-8XC8RQw\" data-rel=\"prettyPhoto\">\n\t\t\t\t\t<span class=\"qodef-video-button-image\">\n\t\t\t\t<img decoding=\"async\" src=\"https:\/\/cmcfestival.com.hr\/wp-content\/uploads\/2020\/06\/am2-3.jpg\" alt=\"\" \/>\n\t\t\t<\/span>\n\t\t\t\t<span class=\"qodef-video-button-wrapper\">\n\t\t\t<span class=\"qodef-video-button-wrapper-inner\" style=\"font-size: 85px;color: #ffffff\">\n\t\t\t\t<i class=\"arrow_triangle-right_alt2\" aria-hidden=\"true\" ><\/i> \n\t\t\t<\/span>\n\t\t<\/span>\n\t<\/a>\n\t<\/div>[\/vc_column][\/vc_row][vc_row content_width=&#8221;grid&#8221; content_aligment=&#8221;center&#8221;][vc_column]\n<div class=\"qodef-banner \">\n\t\t\t<div class=\"qodef-banner-image-inner\">\n\t\t\t\t\t\t\t<div class=\"qodef-banner-image\">\n\t\t\t\t\t<img loading=\"lazy\" decoding=\"async\" width=\"1337\" height=\"1274\" src=\"https:\/\/cmcfestival.com.hr\/wp-content\/uploads\/2025\/05\/CMC-VD-2025-Sponzori-diskografi-gl-med-pok-update-09-05-2025-copy.jpg\" class=\"attachment-full size-full\" alt=\"\" srcset=\"https:\/\/cmcfestival.com.hr\/wp-content\/uploads\/2025\/05\/CMC-VD-2025-Sponzori-diskografi-gl-med-pok-update-09-05-2025-copy.jpg 1337w, https:\/\/cmcfestival.com.hr\/wp-content\/uploads\/2025\/05\/CMC-VD-2025-Sponzori-diskografi-gl-med-pok-update-09-05-2025-copy-300x286.jpg 300w, https:\/\/cmcfestival.com.hr\/wp-content\/uploads\/2025\/05\/CMC-VD-2025-Sponzori-diskografi-gl-med-pok-update-09-05-2025-copy-1024x976.jpg 1024w, https:\/\/cmcfestival.com.hr\/wp-content\/uploads\/2025\/05\/CMC-VD-2025-Sponzori-diskografi-gl-med-pok-update-09-05-2025-copy-768x732.jpg 768w\" sizes=\"auto, (max-width: 1337px) 100vw, 1337px\" \/>\t\t\t\t<\/div>\n\t\t\t\t\n\t\t\t<div class=\"qodef-banner-info\">\n\t\t\t\t<div class=\"qodef-banner-info-table\">\n\t\t\t\t\t<div class=\"qodef-banner-info-table-cell\">\n\t\t\t\t\t\t\t\t\t\t\t<\/div>\n\t\t\t\t<\/div>\n\t\t\t<\/div>\n\t\t<\/div>\n\t<\/div>[\/vc_column][\/vc_row][vc_row content_width=&#8221;grid&#8221; content_aligment=&#8221;center&#8221;][vc_column width=&#8221;1\/2&#8243;]\n<div class=\"qodef-banner \">\n\t\t\t<div class=\"qodef-banner-image-inner\">\n\t\t\t\t\t\t\t<div class=\"qodef-banner-image\">\n\t\t\t\t\t<img loading=\"lazy\" decoding=\"async\" width=\"1416\" height=\"1421\" src=\"https:\/\/cmcfestival.com.hr\/wp-content\/uploads\/2025\/05\/CMC-VD-2025-Mali-medijski-1-update-08-05-2025-nije-se-nista-mjenjalo-danas-je-25-05-copy.jpg\" class=\"attachment-full size-full\" alt=\"\" srcset=\"https:\/\/cmcfestival.com.hr\/wp-content\/uploads\/2025\/05\/CMC-VD-2025-Mali-medijski-1-update-08-05-2025-nije-se-nista-mjenjalo-danas-je-25-05-copy.jpg 1416w, https:\/\/cmcfestival.com.hr\/wp-content\/uploads\/2025\/05\/CMC-VD-2025-Mali-medijski-1-update-08-05-2025-nije-se-nista-mjenjalo-danas-je-25-05-copy-300x300.jpg 300w, https:\/\/cmcfestival.com.hr\/wp-content\/uploads\/2025\/05\/CMC-VD-2025-Mali-medijski-1-update-08-05-2025-nije-se-nista-mjenjalo-danas-je-25-05-copy-1020x1024.jpg 1020w, https:\/\/cmcfestival.com.hr\/wp-content\/uploads\/2025\/05\/CMC-VD-2025-Mali-medijski-1-update-08-05-2025-nije-se-nista-mjenjalo-danas-je-25-05-copy-150x150.jpg 150w, https:\/\/cmcfestival.com.hr\/wp-content\/uploads\/2025\/05\/CMC-VD-2025-Mali-medijski-1-update-08-05-2025-nije-se-nista-mjenjalo-danas-je-25-05-copy-768x771.jpg 768w\" sizes=\"auto, (max-width: 1416px) 100vw, 1416px\" \/>\t\t\t\t<\/div>\n\t\t\t\t\n\t\t\t<div class=\"qodef-banner-info\">\n\t\t\t\t<div class=\"qodef-banner-info-table\">\n\t\t\t\t\t<div class=\"qodef-banner-info-table-cell\">\n\t\t\t\t\t\t\t\t\t\t\t<\/div>\n\t\t\t\t<\/div>\n\t\t\t<\/div>\n\t\t<\/div>\n\t<\/div>[\/vc_column][vc_column width=&#8221;1\/2&#8243;]\n<div class=\"qodef-banner \">\n\t\t\t<div class=\"qodef-banner-image-inner\">\n\t\t\t\t\t\t\t<div class=\"qodef-banner-image\">\n\t\t\t\t\t<img loading=\"lazy\" decoding=\"async\" width=\"1423\" height=\"1411\" src=\"https:\/\/cmcfestival.com.hr\/wp-content\/uploads\/2025\/05\/CMC-VD-2025-Mali-medijski-2-update-08-05-2025-nije-se-nista-mjenjalo-danas-je-25-05-copy.jpg\" class=\"attachment-full size-full\" alt=\"\" srcset=\"https:\/\/cmcfestival.com.hr\/wp-content\/uploads\/2025\/05\/CMC-VD-2025-Mali-medijski-2-update-08-05-2025-nije-se-nista-mjenjalo-danas-je-25-05-copy.jpg 1423w, https:\/\/cmcfestival.com.hr\/wp-content\/uploads\/2025\/05\/CMC-VD-2025-Mali-medijski-2-update-08-05-2025-nije-se-nista-mjenjalo-danas-je-25-05-copy-300x297.jpg 300w, https:\/\/cmcfestival.com.hr\/wp-content\/uploads\/2025\/05\/CMC-VD-2025-Mali-medijski-2-update-08-05-2025-nije-se-nista-mjenjalo-danas-je-25-05-copy-1024x1015.jpg 1024w, https:\/\/cmcfestival.com.hr\/wp-content\/uploads\/2025\/05\/CMC-VD-2025-Mali-medijski-2-update-08-05-2025-nije-se-nista-mjenjalo-danas-je-25-05-copy-150x150.jpg 150w, https:\/\/cmcfestival.com.hr\/wp-content\/uploads\/2025\/05\/CMC-VD-2025-Mali-medijski-2-update-08-05-2025-nije-se-nista-mjenjalo-danas-je-25-05-copy-768x762.jpg 768w\" sizes=\"auto, (max-width: 1423px) 100vw, 1423px\" \/>\t\t\t\t<\/div>\n\t\t\t\t\n\t\t\t<div class=\"qodef-banner-info\">\n\t\t\t\t<div class=\"qodef-banner-info-table\">\n\t\t\t\t\t<div class=\"qodef-banner-info-table-cell\">\n\t\t\t\t\t\t\t\t\t\t\t<\/div>\n\t\t\t\t<\/div>\n\t\t\t<\/div>\n\t\t<\/div>\n\t<\/div>[\/vc_column][\/vc_row][vc_row content_width=&#8221;grid&#8221; css=&#8221;.vc_custom_1651489363924{background-color: #ffffff !important;}&#8221;][vc_column][\/vc_column][\/vc_row]<\/p>\n","protected":false},"excerpt":{"rendered":"<p>[vc_row css=&#8221;.vc_custom_1493128807860{background-image: url(http:\/\/mixtape.select-themes.com\/wp-content\/uploads\/2016\/09\/mixtape-sliders-backround.jpg?id=5714) !important;}&#8221;][vc_column][rev_slider_vc alias=&#8221;Main-Home&#8221;][\/vc_column][\/vc_row][vc_row content_width=&#8221;grid&#8221; header_style=&#8221;qodef-dark-header&#8221;][vc_column][vc_empty_space height=&#8221;15px&#8221; css=&#8221;.vc_custom_1583477695725{margin-bottom: 3.2% !important;}&#8221;][\/vc_column][\/vc_row][vc_row content_width=&#8221;grid&#8221;][vc_column][vc_empty_space height=&#8221;15px&#8221; css=&#8221;.vc_custom_1583477695725{margin-bottom: 3.2% !important;}&#8221;][\/vc_column][\/vc_row][vc_row content_aligment=&#8221;center&#8221;][vc_column][vc_empty_space height=&#8221;5px&#8221; css=&#8221;.vc_custom_1588158819159{margin-bottom: 3.2% !important;}&#8221;][vc_empty_space height=&#8221;5px&#8221; css=&#8221;.vc_custom_1588158819159{margin-bottom: 3.2% !important;}&#8221;][\/vc_column][\/vc_row][vc_row][vc_column][vc_empty_space][\/vc_column][\/vc_row][vc_row content_width=&#8221;grid&#8221;][vc_column width=&#8221;1\/4&#8243;][vc_column_text] ALKA VUICA ANDREA \u0160U\u0160NJARA BORIS NOVKOVI\u0106 FEAT. MAN\u010c BORIS RE\u017dAK CRVENA JABUKA FEAT. GERONIMO DEAN, ZOKI I JADRAN&#8230;<\/p>\n","protected":false},"author":1,"featured_media":0,"parent":0,"menu_order":0,"comment_status":"closed","ping_status":"closed","template":"full-width.php","meta":{"footnotes":""},"class_list":["post-4280","page","type-page","status-publish","hentry"],"yoast_head":"<!-- This site is optimized with the Yoast SEO plugin v24.2 - https:\/\/yoast.com\/wordpress\/plugins\/seo\/ -->\n<title>CMC festival - Vodice 2026.<\/title>\n<meta name=\"robots\" content=\"index, follow, max-snippet:-1, max-image-preview:large, max-video-preview:-1\" \/>\n<link rel=\"canonical\" href=\"https:\/\/cmcfestival.com.hr\/\" \/>\n<meta property=\"og:locale\" content=\"hr_HR\" \/>\n<meta property=\"og:type\" content=\"article\" \/>\n<meta property=\"og:title\" content=\"CMC festival - Vodice 2026.\" \/>\n<meta property=\"og:description\" content=\"[vc_row css=&#8221;.vc_custom_1493128807860{background-image: url(http:\/\/mixtape.select-themes.com\/wp-content\/uploads\/2016\/09\/mixtape-sliders-backround.jpg?id=5714) !important;}&#8221;][vc_column][rev_slider_vc alias=&#8221;Main-Home&#8221;][\/vc_column][\/vc_row][vc_row content_width=&#8221;grid&#8221; header_style=&#8221;qodef-dark-header&#8221;][vc_column][vc_empty_space height=&#8221;15px&#8221; css=&#8221;.vc_custom_1583477695725{margin-bottom: 3.2% !important;}&#8221;][\/vc_column][\/vc_row][vc_row content_width=&#8221;grid&#8221;][vc_column][vc_empty_space height=&#8221;15px&#8221; css=&#8221;.vc_custom_1583477695725{margin-bottom: 3.2% !important;}&#8221;][\/vc_column][\/vc_row][vc_row content_aligment=&#8221;center&#8221;][vc_column][vc_empty_space height=&#8221;5px&#8221; css=&#8221;.vc_custom_1588158819159{margin-bottom: 3.2% !important;}&#8221;][vc_empty_space height=&#8221;5px&#8221; css=&#8221;.vc_custom_1588158819159{margin-bottom: 3.2% !important;}&#8221;][\/vc_column][\/vc_row][vc_row][vc_column][vc_empty_space][\/vc_column][\/vc_row][vc_row content_width=&#8221;grid&#8221;][vc_column width=&#8221;1\/4&#8243;][vc_column_text] ALKA VUICA ANDREA \u0160U\u0160NJARA BORIS NOVKOVI\u0106 FEAT. MAN\u010c BORIS RE\u017dAK CRVENA JABUKA FEAT. GERONIMO DEAN, ZOKI I JADRAN...\" \/>\n<meta property=\"og:url\" content=\"https:\/\/cmcfestival.com.hr\/\" \/>\n<meta property=\"og:site_name\" content=\"CMC festival Vodice\" \/>\n<meta property=\"article:modified_time\" content=\"2026-04-23T10:42:16+00:00\" \/>\n<meta name=\"twitter:card\" content=\"summary_large_image\" \/>\n<meta name=\"twitter:label1\" content=\"Procijenjeno vrijeme \u010ditanja\" \/>\n\t<meta name=\"twitter:data1\" content=\"2 minute\" \/>\n<script type=\"application\/ld+json\" class=\"yoast-schema-graph\">{\"@context\":\"https:\/\/schema.org\",\"@graph\":[{\"@type\":\"WebPage\",\"@id\":\"https:\/\/cmcfestival.com.hr\/\",\"url\":\"https:\/\/cmcfestival.com.hr\/\",\"name\":\"CMC festival - Vodice 2026.\",\"isPartOf\":{\"@id\":\"https:\/\/cmcfestival.com.hr\/#website\"},\"datePublished\":\"2017-04-12T12:48:31+00:00\",\"dateModified\":\"2026-04-23T10:42:16+00:00\",\"breadcrumb\":{\"@id\":\"https:\/\/cmcfestival.com.hr\/#breadcrumb\"},\"inLanguage\":\"hr\",\"potentialAction\":[{\"@type\":\"ReadAction\",\"target\":[\"https:\/\/cmcfestival.com.hr\/\"]}]},{\"@type\":\"BreadcrumbList\",\"@id\":\"https:\/\/cmcfestival.com.hr\/#breadcrumb\",\"itemListElement\":[{\"@type\":\"ListItem\",\"position\":1,\"name\":\"Po\u010detna stranica\",\"item\":\"https:\/\/cmcfestival.com.hr\/\"},{\"@type\":\"ListItem\",\"position\":2,\"name\":\"Main Home\"}]},{\"@type\":\"WebSite\",\"@id\":\"https:\/\/cmcfestival.com.hr\/#website\",\"url\":\"https:\/\/cmcfestival.com.hr\/\",\"name\":\"CMC festival Vodice\",\"description\":\"2026\",\"potentialAction\":[{\"@type\":\"SearchAction\",\"target\":{\"@type\":\"EntryPoint\",\"urlTemplate\":\"https:\/\/cmcfestival.com.hr\/?s={search_term_string}\"},\"query-input\":{\"@type\":\"PropertyValueSpecification\",\"valueRequired\":true,\"valueName\":\"search_term_string\"}}],\"inLanguage\":\"hr\"}]}<\/script>\n<!-- \/ Yoast SEO plugin. -->","yoast_head_json":{"title":"CMC festival - Vodice 2026.","robots":{"index":"index","follow":"follow","max-snippet":"max-snippet:-1","max-image-preview":"max-image-preview:large","max-video-preview":"max-video-preview:-1"},"canonical":"https:\/\/cmcfestival.com.hr\/","og_locale":"hr_HR","og_type":"article","og_title":"CMC festival - Vodice 2026.","og_description":"[vc_row css=&#8221;.vc_custom_1493128807860{background-image: url(http:\/\/mixtape.select-themes.com\/wp-content\/uploads\/2016\/09\/mixtape-sliders-backround.jpg?id=5714) !important;}&#8221;][vc_column][rev_slider_vc alias=&#8221;Main-Home&#8221;][\/vc_column][\/vc_row][vc_row content_width=&#8221;grid&#8221; header_style=&#8221;qodef-dark-header&#8221;][vc_column][vc_empty_space height=&#8221;15px&#8221; css=&#8221;.vc_custom_1583477695725{margin-bottom: 3.2% !important;}&#8221;][\/vc_column][\/vc_row][vc_row content_width=&#8221;grid&#8221;][vc_column][vc_empty_space height=&#8221;15px&#8221; css=&#8221;.vc_custom_1583477695725{margin-bottom: 3.2% !important;}&#8221;][\/vc_column][\/vc_row][vc_row content_aligment=&#8221;center&#8221;][vc_column][vc_empty_space height=&#8221;5px&#8221; css=&#8221;.vc_custom_1588158819159{margin-bottom: 3.2% !important;}&#8221;][vc_empty_space height=&#8221;5px&#8221; css=&#8221;.vc_custom_1588158819159{margin-bottom: 3.2% !important;}&#8221;][\/vc_column][\/vc_row][vc_row][vc_column][vc_empty_space][\/vc_column][\/vc_row][vc_row content_width=&#8221;grid&#8221;][vc_column width=&#8221;1\/4&#8243;][vc_column_text] ALKA VUICA ANDREA \u0160U\u0160NJARA BORIS NOVKOVI\u0106 FEAT. MAN\u010c BORIS RE\u017dAK CRVENA JABUKA FEAT. GERONIMO DEAN, ZOKI I JADRAN...","og_url":"https:\/\/cmcfestival.com.hr\/","og_site_name":"CMC festival Vodice","article_modified_time":"2026-04-23T10:42:16+00:00","twitter_card":"summary_large_image","twitter_misc":{"Procijenjeno vrijeme \u010ditanja":"2 minute"},"schema":{"@context":"https:\/\/schema.org","@graph":[{"@type":"WebPage","@id":"https:\/\/cmcfestival.com.hr\/","url":"https:\/\/cmcfestival.com.hr\/","name":"CMC festival - Vodice 2026.","isPartOf":{"@id":"https:\/\/cmcfestival.com.hr\/#website"},"datePublished":"2017-04-12T12:48:31+00:00","dateModified":"2026-04-23T10:42:16+00:00","breadcrumb":{"@id":"https:\/\/cmcfestival.com.hr\/#breadcrumb"},"inLanguage":"hr","potentialAction":[{"@type":"ReadAction","target":["https:\/\/cmcfestival.com.hr\/"]}]},{"@type":"BreadcrumbList","@id":"https:\/\/cmcfestival.com.hr\/#breadcrumb","itemListElement":[{"@type":"ListItem","position":1,"name":"Po\u010detna stranica","item":"https:\/\/cmcfestival.com.hr\/"},{"@type":"ListItem","position":2,"name":"Main Home"}]},{"@type":"WebSite","@id":"https:\/\/cmcfestival.com.hr\/#website","url":"https:\/\/cmcfestival.com.hr\/","name":"CMC festival Vodice","description":"2026","potentialAction":[{"@type":"SearchAction","target":{"@type":"EntryPoint","urlTemplate":"https:\/\/cmcfestival.com.hr\/?s={search_term_string}"},"query-input":{"@type":"PropertyValueSpecification","valueRequired":true,"valueName":"search_term_string"}}],"inLanguage":"hr"}]}},"jetpack_sharing_enabled":true,"_links":{"self":[{"href":"https:\/\/cmcfestival.com.hr\/index.php?rest_route=\/wp\/v2\/pages\/4280","targetHints":{"allow":["GET"]}}],"collection":[{"href":"https:\/\/cmcfestival.com.hr\/index.php?rest_route=\/wp\/v2\/pages"}],"about":[{"href":"https:\/\/cmcfestival.com.hr\/index.php?rest_route=\/wp\/v2\/types\/page"}],"author":[{"embeddable":true,"href":"https:\/\/cmcfestival.com.hr\/index.php?rest_route=\/wp\/v2\/users\/1"}],"replies":[{"embeddable":true,"href":"https:\/\/cmcfestival.com.hr\/index.php?rest_route=%2Fwp%2Fv2%2Fcomments&post=4280"}],"version-history":[{"count":291,"href":"https:\/\/cmcfestival.com.hr\/index.php?rest_route=\/wp\/v2\/pages\/4280\/revisions"}],"predecessor-version":[{"id":10848,"href":"https:\/\/cmcfestival.com.hr\/index.php?rest_route=\/wp\/v2\/pages\/4280\/revisions\/10848"}],"wp:attachment":[{"href":"https:\/\/cmcfestival.com.hr\/index.php?rest_route=%2Fwp%2Fv2%2Fmedia&parent=4280"}],"curies":[{"name":"wp","href":"https:\/\/api.w.org\/{rel}","templated":true}]}}