{"id":8464,"date":"2020-05-28T15:33:28","date_gmt":"2020-05-28T14:33:28","guid":{"rendered":"https:\/\/cmcfestival.com.hr\/v2\/?page_id=8464"},"modified":"2022-06-23T10:03:21","modified_gmt":"2022-06-23T09:03:21","slug":"objave","status":"publish","type":"page","link":"https:\/\/cmcfestival.com.hr\/?page_id=8464","title":{"rendered":"Vijesti"},"content":{"rendered":"<p>[vc_row][vc_column][vc_empty_space][\/vc_column][\/vc_row][vc_row][vc_column]\n<div class=\"qodef-section-title\">\n\t<h3 class=\"qodef-section-before-text\" style=\"color:#000000\">\n\t\tVijesti\t<\/h3>\n\n\t<h2 class=\"qodef-section-title-text\" >\n\t\t\t<\/h2>\n\n\t\t\t<div class=\"qodef-separator-holder clearfix  \">\n\t<div class=\"qodef-separator\" style=\"border-color: #000;border-style: solid;width: 22px;border-bottom-width: 4px;margin-top: 27px\"><\/div>\n<\/div>\n\t<\/div>\n[\/vc_column][\/vc_row][vc_row][vc_column]<div class=\"qodef-blog-list-holder qodef-boxes qodef-three-columns qodef-holder-with-shadow qodef-holder-with-padding\" data-next-page= \"2\" data-order-by= \"date\" data-order= \"DESC\" data-number= \"99\" data-title-tag= \"h4\" data-box-shadow= \"yes\" data-load-more-skin= \"dark\" data-text-length= \"90\" data-type= \"boxes\" data-max-num-pages = 4>\n    <ul class=\"qodef-blog-list\">\n\t\t<li class=\"qodef-blog-list-item clearfix\">\n\t<div class=\"qodef-blog-list-item-inner\">\n\t\t<div class=\"qodef-item-image\">\n\t\t\t<a href=\"https:\/\/cmcfestival.com.hr\/?p=10854\">\n\t\t\t\t<img loading=\"lazy\" decoding=\"async\" width=\"2560\" height=\"1705\" src=\"https:\/\/cmcfestival.com.hr\/wp-content\/uploads\/2026\/04\/elioo-scaled.jpg\" class=\"attachment-full size-full wp-post-image\" alt=\"\" srcset=\"https:\/\/cmcfestival.com.hr\/wp-content\/uploads\/2026\/04\/elioo-scaled.jpg 2560w, https:\/\/cmcfestival.com.hr\/wp-content\/uploads\/2026\/04\/elioo-300x200.jpg 300w, https:\/\/cmcfestival.com.hr\/wp-content\/uploads\/2026\/04\/elioo-1024x682.jpg 1024w, https:\/\/cmcfestival.com.hr\/wp-content\/uploads\/2026\/04\/elioo-768x511.jpg 768w, https:\/\/cmcfestival.com.hr\/wp-content\/uploads\/2026\/04\/elioo-1536x1023.jpg 1536w\" sizes=\"auto, (max-width: 2560px) 100vw, 2560px\" \/>\t\t\t\t\n\t\t\t<\/a>\n\t\t<\/div>\n\t\t<div class=\"qodef-item-text-holder\" >\n\t\t\t<div class=\"qodef-item-info-section\" >\n\t\t\t\t\t\t\t<\/div>\n\n\t\t\t<h4 class=\"qodef-item-title\" >\n\t\t\t\t<a href=\"https:\/\/cmcfestival.com.hr\/?p=10854\" >\n\t\t\t\t\tElio Pisak s pjesmom Ostani tu nastupa na CMC Festivalu Vodice 2026.\t\t\t\t<\/a>\n\t\t\t<\/h4>\n\n\t\t\t\t\t\t\t<p class=\"qodef-excerpt\" >Prepoznatljivi istarski glazbenik Elio Pisak i ove godine sti\u017ee u Vodice, gdje \u0107e se pre.<\/p>\n\t\t\t\t\t<\/div>\n\t<\/div>\t\n<\/li><li class=\"qodef-blog-list-item clearfix\">\n\t<div class=\"qodef-blog-list-item-inner\">\n\t\t<div class=\"qodef-item-image\">\n\t\t\t<a href=\"https:\/\/cmcfestival.com.hr\/?p=10851\">\n\t\t\t\t<img loading=\"lazy\" decoding=\"async\" width=\"2560\" height=\"1703\" src=\"https:\/\/cmcfestival.com.hr\/wp-content\/uploads\/2026\/04\/12-scaled.jpg\" class=\"attachment-full size-full wp-post-image\" alt=\"\" srcset=\"https:\/\/cmcfestival.com.hr\/wp-content\/uploads\/2026\/04\/12-scaled.jpg 2560w, https:\/\/cmcfestival.com.hr\/wp-content\/uploads\/2026\/04\/12-300x200.jpg 300w, https:\/\/cmcfestival.com.hr\/wp-content\/uploads\/2026\/04\/12-1024x681.jpg 1024w, https:\/\/cmcfestival.com.hr\/wp-content\/uploads\/2026\/04\/12-768x511.jpg 768w, https:\/\/cmcfestival.com.hr\/wp-content\/uploads\/2026\/04\/12-1536x1022.jpg 1536w\" sizes=\"auto, (max-width: 2560px) 100vw, 2560px\" \/>\t\t\t\t\n\t\t\t<\/a>\n\t\t<\/div>\n\t\t<div class=\"qodef-item-text-holder\" >\n\t\t\t<div class=\"qodef-item-info-section\" >\n\t\t\t\t\t\t\t<\/div>\n\n\t\t\t<h4 class=\"qodef-item-title\" >\n\t\t\t\t<a href=\"https:\/\/cmcfestival.com.hr\/?p=10851\" >\n\t\t\t\t\tNa prepoznatljivu pozornicu CMC Festivala Vodice i ove godine sti\u017ee Du\u0161ko Lokin\t\t\t\t<\/a>\n\t\t\t<\/h4>\n\n\t\t\t\t\t\t\t<p class=\"qodef-excerpt\" >Du\u0161ko Lokin i Grupa La Vita\u00a0i ove godine sti\u017eu na jednu od najljep\u0161ih ljetnih pozornic.<\/p>\n\t\t\t\t\t<\/div>\n\t<\/div>\t\n<\/li><li class=\"qodef-blog-list-item clearfix\">\n\t<div class=\"qodef-blog-list-item-inner\">\n\t\t<div class=\"qodef-item-image\">\n\t\t\t<a href=\"https:\/\/cmcfestival.com.hr\/?p=10844\">\n\t\t\t\t<img loading=\"lazy\" decoding=\"async\" width=\"2560\" height=\"1708\" src=\"https:\/\/cmcfestival.com.hr\/wp-content\/uploads\/2026\/04\/leo-1-scaled.jpg\" class=\"attachment-full size-full wp-post-image\" alt=\"\" srcset=\"https:\/\/cmcfestival.com.hr\/wp-content\/uploads\/2026\/04\/leo-1-scaled.jpg 2560w, https:\/\/cmcfestival.com.hr\/wp-content\/uploads\/2026\/04\/leo-1-300x200.jpg 300w, https:\/\/cmcfestival.com.hr\/wp-content\/uploads\/2026\/04\/leo-1-1024x683.jpg 1024w, https:\/\/cmcfestival.com.hr\/wp-content\/uploads\/2026\/04\/leo-1-768x512.jpg 768w, https:\/\/cmcfestival.com.hr\/wp-content\/uploads\/2026\/04\/leo-1-1536x1025.jpg 1536w\" sizes=\"auto, (max-width: 2560px) 100vw, 2560px\" \/>\t\t\t\t\n\t\t\t<\/a>\n\t\t<\/div>\n\t\t<div class=\"qodef-item-text-holder\" >\n\t\t\t<div class=\"qodef-item-info-section\" >\n\t\t\t\t\t\t\t<\/div>\n\n\t\t\t<h4 class=\"qodef-item-title\" >\n\t\t\t\t<a href=\"https:\/\/cmcfestival.com.hr\/?p=10844\" >\n\t\t\t\t\tAmir Kazi\u0107 Leo na CMC Festival dolazi s pjesmom Ljubav bez granica\t\t\t\t<\/a>\n\t\t\t<\/h4>\n\n\t\t\t\t\t\t\t<p class=\"qodef-excerpt\" >Na pozornicu CMC Festival Vodice ove godine sti\u017ee Amir Kazi\u0107 Leo s pjesmom Ljubav bez gr.<\/p>\n\t\t\t\t\t<\/div>\n\t<\/div>\t\n<\/li><li class=\"qodef-blog-list-item clearfix\">\n\t<div class=\"qodef-blog-list-item-inner\">\n\t\t<div class=\"qodef-item-image\">\n\t\t\t<a href=\"https:\/\/cmcfestival.com.hr\/?p=10839\">\n\t\t\t\t<img loading=\"lazy\" decoding=\"async\" width=\"2560\" height=\"1707\" src=\"https:\/\/cmcfestival.com.hr\/wp-content\/uploads\/2026\/04\/2-1-scaled.jpg\" class=\"attachment-full size-full wp-post-image\" alt=\"\" srcset=\"https:\/\/cmcfestival.com.hr\/wp-content\/uploads\/2026\/04\/2-1-scaled.jpg 2560w, https:\/\/cmcfestival.com.hr\/wp-content\/uploads\/2026\/04\/2-1-300x200.jpg 300w, https:\/\/cmcfestival.com.hr\/wp-content\/uploads\/2026\/04\/2-1-1024x683.jpg 1024w, https:\/\/cmcfestival.com.hr\/wp-content\/uploads\/2026\/04\/2-1-768x512.jpg 768w, https:\/\/cmcfestival.com.hr\/wp-content\/uploads\/2026\/04\/2-1-1536x1024.jpg 1536w\" sizes=\"auto, (max-width: 2560px) 100vw, 2560px\" \/>\t\t\t\t\n\t\t\t<\/a>\n\t\t<\/div>\n\t\t<div class=\"qodef-item-text-holder\" >\n\t\t\t<div class=\"qodef-item-info-section\" >\n\t\t\t\t\t\t\t<\/div>\n\n\t\t\t<h4 class=\"qodef-item-title\" >\n\t\t\t\t<a href=\"https:\/\/cmcfestival.com.hr\/?p=10839\" >\n\t\t\t\t\tMia Dim\u0161i\u0107 na pozornicu CMC Festivala Vodice donosi da\u0161ak Slavonije s pjesmom Negdje u ravnici\t\t\t\t<\/a>\n\t\t\t<\/h4>\n\n\t\t\t\t\t\t\t<p class=\"qodef-excerpt\" >Mia Dim\u0161i\u0107 nedavno je objavila novi album Negdje u ravnici, a upravo \u0107e s\u00a0istoimenom p.<\/p>\n\t\t\t\t\t<\/div>\n\t<\/div>\t\n<\/li><li class=\"qodef-blog-list-item clearfix\">\n\t<div class=\"qodef-blog-list-item-inner\">\n\t\t<div class=\"qodef-item-image\">\n\t\t\t<a href=\"https:\/\/cmcfestival.com.hr\/?p=10824\">\n\t\t\t\t<img loading=\"lazy\" decoding=\"async\" width=\"1512\" height=\"824\" src=\"https:\/\/cmcfestival.com.hr\/wp-content\/uploads\/2026\/04\/CMC.png\" class=\"attachment-full size-full wp-post-image\" alt=\"\" srcset=\"https:\/\/cmcfestival.com.hr\/wp-content\/uploads\/2026\/04\/CMC.png 1512w, https:\/\/cmcfestival.com.hr\/wp-content\/uploads\/2026\/04\/CMC-300x163.png 300w, https:\/\/cmcfestival.com.hr\/wp-content\/uploads\/2026\/04\/CMC-1024x558.png 1024w, https:\/\/cmcfestival.com.hr\/wp-content\/uploads\/2026\/04\/CMC-768x419.png 768w\" sizes=\"auto, (max-width: 1512px) 100vw, 1512px\" \/>\t\t\t\t\n\t\t\t<\/a>\n\t\t<\/div>\n\t\t<div class=\"qodef-item-text-holder\" >\n\t\t\t<div class=\"qodef-item-info-section\" >\n\t\t\t\t\t\t\t<\/div>\n\n\t\t\t<h4 class=\"qodef-item-title\" >\n\t\t\t\t<a href=\"https:\/\/cmcfestival.com.hr\/?p=10824\" >\n\t\t\t\t\tCMC Festival Vodice 2026. slavi punoljetnost: spektakl na rivi uz velika glazbena imena!\t\t\t\t<\/a>\n\t\t\t<\/h4>\n\n\t\t\t\t\t\t\t<p class=\"qodef-excerpt\" >Dio ovogodi\u0161njih izvo\u0111a\u010da; Vladimir Ko\u010di\u0161 Zec i Sanja Dole\u017eal; Du\u0161ko Lokin i Vladim.<\/p>\n\t\t\t\t\t<\/div>\n\t<\/div>\t\n<\/li><li class=\"qodef-blog-list-item clearfix\">\n\t<div class=\"qodef-blog-list-item-inner\">\n\t\t<div class=\"qodef-item-image\">\n\t\t\t<a href=\"https:\/\/cmcfestival.com.hr\/?p=10801\">\n\t\t\t\t<img loading=\"lazy\" decoding=\"async\" width=\"1512\" height=\"824\" src=\"https:\/\/cmcfestival.com.hr\/wp-content\/uploads\/2026\/03\/cmc.png\" class=\"attachment-full size-full wp-post-image\" alt=\"\" srcset=\"https:\/\/cmcfestival.com.hr\/wp-content\/uploads\/2026\/03\/cmc.png 1512w, https:\/\/cmcfestival.com.hr\/wp-content\/uploads\/2026\/03\/cmc-300x163.png 300w, https:\/\/cmcfestival.com.hr\/wp-content\/uploads\/2026\/03\/cmc-1024x558.png 1024w, https:\/\/cmcfestival.com.hr\/wp-content\/uploads\/2026\/03\/cmc-768x419.png 768w\" sizes=\"auto, (max-width: 1512px) 100vw, 1512px\" \/>\t\t\t\t\n\t\t\t<\/a>\n\t\t<\/div>\n\t\t<div class=\"qodef-item-text-holder\" >\n\t\t\t<div class=\"qodef-item-info-section\" >\n\t\t\t\t\t\t\t<\/div>\n\n\t\t\t<h4 class=\"qodef-item-title\" >\n\t\t\t\t<a href=\"https:\/\/cmcfestival.com.hr\/?p=10801\" >\n\t\t\t\t\tOtkrivamo imena izvo\u0111a\u010da na CMC festivalu 2026. u Vodicama!\t\t\t\t<\/a>\n\t\t\t<\/h4>\n\n\t\t\t\t\t\t\t<p class=\"qodef-excerpt\" >Jedan od najva\u017enijih glazbenih doga\u0111aja u regiji, CMC Festival Vodice powered by Calzedo.<\/p>\n\t\t\t\t\t<\/div>\n\t<\/div>\t\n<\/li><li class=\"qodef-blog-list-item clearfix\">\n\t<div class=\"qodef-blog-list-item-inner\">\n\t\t<div class=\"qodef-item-image\">\n\t\t\t<a href=\"https:\/\/cmcfestival.com.hr\/?p=10785\">\n\t\t\t\t<img loading=\"lazy\" decoding=\"async\" width=\"2560\" height=\"1703\" src=\"https:\/\/cmcfestival.com.hr\/wp-content\/uploads\/2026\/02\/cmc-fest-scaled.jpg\" class=\"attachment-full size-full wp-post-image\" alt=\"\" srcset=\"https:\/\/cmcfestival.com.hr\/wp-content\/uploads\/2026\/02\/cmc-fest-scaled.jpg 2560w, https:\/\/cmcfestival.com.hr\/wp-content\/uploads\/2026\/02\/cmc-fest-300x200.jpg 300w, https:\/\/cmcfestival.com.hr\/wp-content\/uploads\/2026\/02\/cmc-fest-1024x681.jpg 1024w, https:\/\/cmcfestival.com.hr\/wp-content\/uploads\/2026\/02\/cmc-fest-768x511.jpg 768w, https:\/\/cmcfestival.com.hr\/wp-content\/uploads\/2026\/02\/cmc-fest-1536x1022.jpg 1536w\" sizes=\"auto, (max-width: 2560px) 100vw, 2560px\" \/>\t\t\t\t\n\t\t\t<\/a>\n\t\t<\/div>\n\t\t<div class=\"qodef-item-text-holder\" >\n\t\t\t<div class=\"qodef-item-info-section\" >\n\t\t\t\t\t\t\t<\/div>\n\n\t\t\t<h4 class=\"qodef-item-title\" >\n\t\t\t\t<a href=\"https:\/\/cmcfestival.com.hr\/?p=10785\" >\n\t\t\t\t\tCMC FESTIVAL VODICE 2026. &#8211; medijsko pokroviteljstvo\t\t\t\t<\/a>\n\t\t\t<\/h4>\n\n\t\t\t\t\t\t\t<p class=\"qodef-excerpt\" >&#8211; medijsko pokroviteljstvo &#8211;\u00a0 Po\u0161tovani, vrijeme je da po\u010dnemo s pripremama.<\/p>\n\t\t\t\t\t<\/div>\n\t<\/div>\t\n<\/li><li class=\"qodef-blog-list-item clearfix\">\n\t<div class=\"qodef-blog-list-item-inner\">\n\t\t<div class=\"qodef-item-image\">\n\t\t\t<a href=\"https:\/\/cmcfestival.com.hr\/?p=10778\">\n\t\t\t\t<img loading=\"lazy\" decoding=\"async\" width=\"2560\" height=\"1703\" src=\"https:\/\/cmcfestival.com.hr\/wp-content\/uploads\/2026\/01\/cmc-vodice-scaled.jpg\" class=\"attachment-full size-full wp-post-image\" alt=\"\" srcset=\"https:\/\/cmcfestival.com.hr\/wp-content\/uploads\/2026\/01\/cmc-vodice-scaled.jpg 2560w, https:\/\/cmcfestival.com.hr\/wp-content\/uploads\/2026\/01\/cmc-vodice-300x200.jpg 300w, https:\/\/cmcfestival.com.hr\/wp-content\/uploads\/2026\/01\/cmc-vodice-1024x681.jpg 1024w, https:\/\/cmcfestival.com.hr\/wp-content\/uploads\/2026\/01\/cmc-vodice-768x511.jpg 768w, https:\/\/cmcfestival.com.hr\/wp-content\/uploads\/2026\/01\/cmc-vodice-1536x1022.jpg 1536w\" sizes=\"auto, (max-width: 2560px) 100vw, 2560px\" \/>\t\t\t\t\n\t\t\t<\/a>\n\t\t<\/div>\n\t\t<div class=\"qodef-item-text-holder\" >\n\t\t\t<div class=\"qodef-item-info-section\" >\n\t\t\t\t\t\t\t<\/div>\n\n\t\t\t<h4 class=\"qodef-item-title\" >\n\t\t\t\t<a href=\"https:\/\/cmcfestival.com.hr\/?p=10778\" >\n\t\t\t\t\tCMC FESTIVAL VODICE 2026. &#8211; natje\u010daj\t\t\t\t<\/a>\n\t\t\t<\/h4>\n\n\t\t\t\t\t\t\t<p class=\"qodef-excerpt\" >&#8211; natje\u010daj &#8211; CMC televizija raspisuje NATJE\u010cAJ za pjesme koje \u0107e biti izved.<\/p>\n\t\t\t\t\t<\/div>\n\t<\/div>\t\n<\/li><li class=\"qodef-blog-list-item clearfix\">\n\t<div class=\"qodef-blog-list-item-inner\">\n\t\t<div class=\"qodef-item-image\">\n\t\t\t<a href=\"https:\/\/cmcfestival.com.hr\/?p=10767\">\n\t\t\t\t<img loading=\"lazy\" decoding=\"async\" width=\"2560\" height=\"1708\" src=\"https:\/\/cmcfestival.com.hr\/wp-content\/uploads\/2025\/06\/CMC-festival-Vodice-scaled.jpg\" class=\"attachment-full size-full wp-post-image\" alt=\"\" srcset=\"https:\/\/cmcfestival.com.hr\/wp-content\/uploads\/2025\/06\/CMC-festival-Vodice-scaled.jpg 2560w, https:\/\/cmcfestival.com.hr\/wp-content\/uploads\/2025\/06\/CMC-festival-Vodice-300x200.jpg 300w, https:\/\/cmcfestival.com.hr\/wp-content\/uploads\/2025\/06\/CMC-festival-Vodice-1024x683.jpg 1024w, https:\/\/cmcfestival.com.hr\/wp-content\/uploads\/2025\/06\/CMC-festival-Vodice-768x512.jpg 768w, https:\/\/cmcfestival.com.hr\/wp-content\/uploads\/2025\/06\/CMC-festival-Vodice-1536x1025.jpg 1536w\" sizes=\"auto, (max-width: 2560px) 100vw, 2560px\" \/>\t\t\t\t\n\t\t\t<\/a>\n\t\t<\/div>\n\t\t<div class=\"qodef-item-text-holder\" >\n\t\t\t<div class=\"qodef-item-info-section\" >\n\t\t\t\t\t\t\t<\/div>\n\n\t\t\t<h4 class=\"qodef-item-title\" >\n\t\t\t\t<a href=\"https:\/\/cmcfestival.com.hr\/?p=10767\" >\n\t\t\t\t\tFantasti\u010dan vikend uz CMC festival &#8211; Vodice u\u017eivale u spektakularnim ve\u010derima najbolje glazbe!\t\t\t\t<\/a>\n\t\t\t<\/h4>\n\n\t\t\t\t\t\t\t<p class=\"qodef-excerpt\" >Pro\u0161li vikend pro\u0161ao je u znaku najbolje regionalne popularne i zabavne glazbe. Odr\u017ean .<\/p>\n\t\t\t\t\t<\/div>\n\t<\/div>\t\n<\/li><li class=\"qodef-blog-list-item clearfix\">\n\t<div class=\"qodef-blog-list-item-inner\">\n\t\t<div class=\"qodef-item-image\">\n\t\t\t<a href=\"https:\/\/cmcfestival.com.hr\/?p=10764\">\n\t\t\t\t<img loading=\"lazy\" decoding=\"async\" width=\"640\" height=\"640\" src=\"https:\/\/cmcfestival.com.hr\/wp-content\/uploads\/2025\/06\/CD-CMC-Festival.jpg\" class=\"attachment-full size-full wp-post-image\" alt=\"\" srcset=\"https:\/\/cmcfestival.com.hr\/wp-content\/uploads\/2025\/06\/CD-CMC-Festival.jpg 640w, https:\/\/cmcfestival.com.hr\/wp-content\/uploads\/2025\/06\/CD-CMC-Festival-300x300.jpg 300w, https:\/\/cmcfestival.com.hr\/wp-content\/uploads\/2025\/06\/CD-CMC-Festival-150x150.jpg 150w, https:\/\/cmcfestival.com.hr\/wp-content\/uploads\/2025\/06\/CD-CMC-Festival-550x550.jpg 550w\" sizes=\"auto, (max-width: 640px) 100vw, 640px\" \/>\t\t\t\t\n\t\t\t<\/a>\n\t\t<\/div>\n\t\t<div class=\"qodef-item-text-holder\" >\n\t\t\t<div class=\"qodef-item-info-section\" >\n\t\t\t\t\t\t\t<\/div>\n\n\t\t\t<h4 class=\"qodef-item-title\" >\n\t\t\t\t<a href=\"https:\/\/cmcfestival.com.hr\/?p=10764\" >\n\t\t\t\t\tU prodaji novi dvostruki CD CMC Festival Vodice 2025.\t\t\t\t<\/a>\n\t\t\t<\/h4>\n\n\t\t\t\t\t\t\t<p class=\"qodef-excerpt\" >Ljetna glazbena \u010darolija ponovno sti\u017ee u Vodice! CMC festival, jedno od najva\u017enijih gla.<\/p>\n\t\t\t\t\t<\/div>\n\t<\/div>\t\n<\/li><li class=\"qodef-blog-list-item clearfix\">\n\t<div class=\"qodef-blog-list-item-inner\">\n\t\t<div class=\"qodef-item-image\">\n\t\t\t<a href=\"https:\/\/cmcfestival.com.hr\/?p=10752\">\n\t\t\t\t<img loading=\"lazy\" decoding=\"async\" width=\"2048\" height=\"1400\" src=\"https:\/\/cmcfestival.com.hr\/wp-content\/uploads\/2025\/06\/unnamed-5.jpg\" class=\"attachment-full size-full wp-post-image\" alt=\"\" srcset=\"https:\/\/cmcfestival.com.hr\/wp-content\/uploads\/2025\/06\/unnamed-5.jpg 2048w, https:\/\/cmcfestival.com.hr\/wp-content\/uploads\/2025\/06\/unnamed-5-300x205.jpg 300w, https:\/\/cmcfestival.com.hr\/wp-content\/uploads\/2025\/06\/unnamed-5-1024x700.jpg 1024w, https:\/\/cmcfestival.com.hr\/wp-content\/uploads\/2025\/06\/unnamed-5-768x525.jpg 768w, https:\/\/cmcfestival.com.hr\/wp-content\/uploads\/2025\/06\/unnamed-5-1536x1050.jpg 1536w\" sizes=\"auto, (max-width: 2048px) 100vw, 2048px\" \/>\t\t\t\t\n\t\t\t<\/a>\n\t\t<\/div>\n\t\t<div class=\"qodef-item-text-holder\" >\n\t\t\t<div class=\"qodef-item-info-section\" >\n\t\t\t\t\t\t\t<\/div>\n\n\t\t\t<h4 class=\"qodef-item-title\" >\n\t\t\t\t<a href=\"https:\/\/cmcfestival.com.hr\/?p=10752\" >\n\t\t\t\t\tGlazba, emocije i slavlje u Vodicama &#8211; spektakularan po\u010detak 17. CMC Festivala na Jadranu\t\t\t\t<\/a>\n\t\t\t<\/h4>\n\n\t\t\t\t\t\t\t<p class=\"qodef-excerpt\" >Najveseliji festival na Jadranu i ove je godine zapo\u010deo u svom prepoznatljivom stilu \u2013 .<\/p>\n\t\t\t\t\t<\/div>\n\t<\/div>\t\n<\/li><li class=\"qodef-blog-list-item clearfix\">\n\t<div class=\"qodef-blog-list-item-inner\">\n\t\t<div class=\"qodef-item-image\">\n\t\t\t<a href=\"https:\/\/cmcfestival.com.hr\/?p=10745\">\n\t\t\t\t<img loading=\"lazy\" decoding=\"async\" width=\"2048\" height=\"1366\" src=\"https:\/\/cmcfestival.com.hr\/wp-content\/uploads\/2025\/06\/unnamed.jpg\" class=\"attachment-full size-full wp-post-image\" alt=\"\" srcset=\"https:\/\/cmcfestival.com.hr\/wp-content\/uploads\/2025\/06\/unnamed.jpg 2048w, https:\/\/cmcfestival.com.hr\/wp-content\/uploads\/2025\/06\/unnamed-300x200.jpg 300w, https:\/\/cmcfestival.com.hr\/wp-content\/uploads\/2025\/06\/unnamed-1024x683.jpg 1024w, https:\/\/cmcfestival.com.hr\/wp-content\/uploads\/2025\/06\/unnamed-768x512.jpg 768w, https:\/\/cmcfestival.com.hr\/wp-content\/uploads\/2025\/06\/unnamed-1536x1025.jpg 1536w\" sizes=\"auto, (max-width: 2048px) 100vw, 2048px\" \/>\t\t\t\t\n\t\t\t<\/a>\n\t\t<\/div>\n\t\t<div class=\"qodef-item-text-holder\" >\n\t\t\t<div class=\"qodef-item-info-section\" >\n\t\t\t\t\t\t\t<\/div>\n\n\t\t\t<h4 class=\"qodef-item-title\" >\n\t\t\t\t<a href=\"https:\/\/cmcfestival.com.hr\/?p=10745\" >\n\t\t\t\t\tSve je spremno za 17. CMC Festival u Vodicama &#8211; zagrijavanje zapo\u010delo medijskim susretom Na istoj frekvenciji\t\t\t\t<\/a>\n\t\t\t<\/h4>\n\n\t\t\t\t\t\t\t<p class=\"qodef-excerpt\" >Vodice su i ove godine doma\u0107in glazbenog okupljanja \u2013 17. CMC festival slu\u017ebeno po\u010din.<\/p>\n\t\t\t\t\t<\/div>\n\t<\/div>\t\n<\/li><li class=\"qodef-blog-list-item clearfix\">\n\t<div class=\"qodef-blog-list-item-inner\">\n\t\t<div class=\"qodef-item-image\">\n\t\t\t<a href=\"https:\/\/cmcfestival.com.hr\/?p=10742\">\n\t\t\t\t<img loading=\"lazy\" decoding=\"async\" width=\"1131\" height=\"1600\" src=\"https:\/\/cmcfestival.com.hr\/wp-content\/uploads\/2025\/06\/PHOTO-2025-06-05-15-13-44.jpg\" class=\"attachment-full size-full wp-post-image\" alt=\"\" srcset=\"https:\/\/cmcfestival.com.hr\/wp-content\/uploads\/2025\/06\/PHOTO-2025-06-05-15-13-44.jpg 1131w, https:\/\/cmcfestival.com.hr\/wp-content\/uploads\/2025\/06\/PHOTO-2025-06-05-15-13-44-212x300.jpg 212w, https:\/\/cmcfestival.com.hr\/wp-content\/uploads\/2025\/06\/PHOTO-2025-06-05-15-13-44-724x1024.jpg 724w, https:\/\/cmcfestival.com.hr\/wp-content\/uploads\/2025\/06\/PHOTO-2025-06-05-15-13-44-768x1086.jpg 768w, https:\/\/cmcfestival.com.hr\/wp-content\/uploads\/2025\/06\/PHOTO-2025-06-05-15-13-44-1086x1536.jpg 1086w\" sizes=\"auto, (max-width: 1131px) 100vw, 1131px\" \/>\t\t\t\t\n\t\t\t<\/a>\n\t\t<\/div>\n\t\t<div class=\"qodef-item-text-holder\" >\n\t\t\t<div class=\"qodef-item-info-section\" >\n\t\t\t\t\t\t\t<\/div>\n\n\t\t\t<h4 class=\"qodef-item-title\" >\n\t\t\t\t<a href=\"https:\/\/cmcfestival.com.hr\/?p=10742\" >\n\t\t\t\t\tPROGRAM FESTIVALA 2025\t\t\t\t<\/a>\n\t\t\t<\/h4>\n\n\t\t\t\t\t\t\t<p class=\"qodef-excerpt\" >.<\/p>\n\t\t\t\t\t<\/div>\n\t<\/div>\t\n<\/li><li class=\"qodef-blog-list-item clearfix\">\n\t<div class=\"qodef-blog-list-item-inner\">\n\t\t<div class=\"qodef-item-image\">\n\t\t\t<a href=\"https:\/\/cmcfestival.com.hr\/?p=10735\">\n\t\t\t\t<img loading=\"lazy\" decoding=\"async\" width=\"640\" height=\"640\" src=\"https:\/\/cmcfestival.com.hr\/wp-content\/uploads\/2025\/05\/Matija-Woo.jpg\" class=\"attachment-full size-full wp-post-image\" alt=\"\" srcset=\"https:\/\/cmcfestival.com.hr\/wp-content\/uploads\/2025\/05\/Matija-Woo.jpg 640w, https:\/\/cmcfestival.com.hr\/wp-content\/uploads\/2025\/05\/Matija-Woo-300x300.jpg 300w, https:\/\/cmcfestival.com.hr\/wp-content\/uploads\/2025\/05\/Matija-Woo-150x150.jpg 150w, https:\/\/cmcfestival.com.hr\/wp-content\/uploads\/2025\/05\/Matija-Woo-550x550.jpg 550w\" sizes=\"auto, (max-width: 640px) 100vw, 640px\" \/>\t\t\t\t\n\t\t\t<\/a>\n\t\t<\/div>\n\t\t<div class=\"qodef-item-text-holder\" >\n\t\t\t<div class=\"qodef-item-info-section\" >\n\t\t\t\t\t\t\t<\/div>\n\n\t\t\t<h4 class=\"qodef-item-title\" >\n\t\t\t\t<a href=\"https:\/\/cmcfestival.com.hr\/?p=10735\" >\n\t\t\t\t\t&#8220;U nekom ludom snu&#8221; Matija Woo osvaja festivalsku publiku\t\t\t\t<\/a>\n\t\t\t<\/h4>\n\n\t\t\t\t\t\t\t<p class=\"qodef-excerpt\" >Matija Woo, jedan od najzanimljivijih izvo\u0111a\u010da na doma\u0107oj sceni, vra\u0107a se novim singlo.<\/p>\n\t\t\t\t\t<\/div>\n\t<\/div>\t\n<\/li><li class=\"qodef-blog-list-item clearfix\">\n\t<div class=\"qodef-blog-list-item-inner\">\n\t\t<div class=\"qodef-item-image\">\n\t\t\t<a href=\"https:\/\/cmcfestival.com.hr\/?p=10732\">\n\t\t\t\t<img loading=\"lazy\" decoding=\"async\" width=\"2560\" height=\"1920\" src=\"https:\/\/cmcfestival.com.hr\/wp-content\/uploads\/2025\/05\/Nocni-skok-scaled.jpg\" class=\"attachment-full size-full wp-post-image\" alt=\"\" srcset=\"https:\/\/cmcfestival.com.hr\/wp-content\/uploads\/2025\/05\/Nocni-skok-scaled.jpg 2560w, https:\/\/cmcfestival.com.hr\/wp-content\/uploads\/2025\/05\/Nocni-skok-300x225.jpg 300w, https:\/\/cmcfestival.com.hr\/wp-content\/uploads\/2025\/05\/Nocni-skok-1024x768.jpg 1024w, https:\/\/cmcfestival.com.hr\/wp-content\/uploads\/2025\/05\/Nocni-skok-768x576.jpg 768w, https:\/\/cmcfestival.com.hr\/wp-content\/uploads\/2025\/05\/Nocni-skok-1536x1152.jpg 1536w, https:\/\/cmcfestival.com.hr\/wp-content\/uploads\/2025\/05\/Nocni-skok-800x600.jpg 800w\" sizes=\"auto, (max-width: 2560px) 100vw, 2560px\" \/>\t\t\t\t\n\t\t\t<\/a>\n\t\t<\/div>\n\t\t<div class=\"qodef-item-text-holder\" >\n\t\t\t<div class=\"qodef-item-info-section\" >\n\t\t\t\t\t\t\t<\/div>\n\n\t\t\t<h4 class=\"qodef-item-title\" >\n\t\t\t\t<a href=\"https:\/\/cmcfestival.com.hr\/?p=10732\" >\n\t\t\t\t\tNo\u010dni skok predstavlja novu autorsku pjesmu \u2013 &#8220;Sa mnom pogrije\u0161i&#8221;\t\t\t\t<\/a>\n\t\t\t<\/h4>\n\n\t\t\t\t\t\t\t<p class=\"qodef-excerpt\" >Grupa No\u010dni skok, sastavljena od glazbenika iz cijele Slovenije, predstavlja svoju novu a.<\/p>\n\t\t\t\t\t<\/div>\n\t<\/div>\t\n<\/li><li class=\"qodef-blog-list-item clearfix\">\n\t<div class=\"qodef-blog-list-item-inner\">\n\t\t<div class=\"qodef-item-image\">\n\t\t\t<a href=\"https:\/\/cmcfestival.com.hr\/?p=10729\">\n\t\t\t\t<img loading=\"lazy\" decoding=\"async\" width=\"2560\" height=\"1707\" src=\"https:\/\/cmcfestival.com.hr\/wp-content\/uploads\/2025\/05\/Trio-Gust-scaled.jpg\" class=\"attachment-full size-full wp-post-image\" alt=\"\" srcset=\"https:\/\/cmcfestival.com.hr\/wp-content\/uploads\/2025\/05\/Trio-Gust-scaled.jpg 2560w, https:\/\/cmcfestival.com.hr\/wp-content\/uploads\/2025\/05\/Trio-Gust-300x200.jpg 300w, https:\/\/cmcfestival.com.hr\/wp-content\/uploads\/2025\/05\/Trio-Gust-1024x683.jpg 1024w, https:\/\/cmcfestival.com.hr\/wp-content\/uploads\/2025\/05\/Trio-Gust-768x512.jpg 768w, https:\/\/cmcfestival.com.hr\/wp-content\/uploads\/2025\/05\/Trio-Gust-1536x1024.jpg 1536w\" sizes=\"auto, (max-width: 2560px) 100vw, 2560px\" \/>\t\t\t\t\n\t\t\t<\/a>\n\t\t<\/div>\n\t\t<div class=\"qodef-item-text-holder\" >\n\t\t\t<div class=\"qodef-item-info-section\" >\n\t\t\t\t\t\t\t<\/div>\n\n\t\t\t<h4 class=\"qodef-item-title\" >\n\t\t\t\t<a href=\"https:\/\/cmcfestival.com.hr\/?p=10729\" >\n\t\t\t\t\tTrio Gu\u0161t predstavlja novu pjesmu &#8220;Mandina&#8221; za CMC festival u Vodicama 2025.\t\t\t\t<\/a>\n\t\t\t<\/h4>\n\n\t\t\t\t\t\t\t<p class=\"qodef-excerpt\" >Splitski sastav Trio Gu\u0161t, sinonim za autenti\u010dni dalmatinski zvuk i atmosferu koja slavi.<\/p>\n\t\t\t\t\t<\/div>\n\t<\/div>\t\n<\/li><li class=\"qodef-blog-list-item clearfix\">\n\t<div class=\"qodef-blog-list-item-inner\">\n\t\t<div class=\"qodef-item-image\">\n\t\t\t<a href=\"https:\/\/cmcfestival.com.hr\/?p=10725\">\n\t\t\t\t<img loading=\"lazy\" decoding=\"async\" width=\"2560\" height=\"1708\" src=\"https:\/\/cmcfestival.com.hr\/wp-content\/uploads\/2025\/05\/Dado-Topic-scaled.jpg\" class=\"attachment-full size-full wp-post-image\" alt=\"\" srcset=\"https:\/\/cmcfestival.com.hr\/wp-content\/uploads\/2025\/05\/Dado-Topic-scaled.jpg 2560w, https:\/\/cmcfestival.com.hr\/wp-content\/uploads\/2025\/05\/Dado-Topic-300x200.jpg 300w, https:\/\/cmcfestival.com.hr\/wp-content\/uploads\/2025\/05\/Dado-Topic-1024x683.jpg 1024w, https:\/\/cmcfestival.com.hr\/wp-content\/uploads\/2025\/05\/Dado-Topic-768x512.jpg 768w, https:\/\/cmcfestival.com.hr\/wp-content\/uploads\/2025\/05\/Dado-Topic-1536x1025.jpg 1536w\" sizes=\"auto, (max-width: 2560px) 100vw, 2560px\" \/>\t\t\t\t\n\t\t\t<\/a>\n\t\t<\/div>\n\t\t<div class=\"qodef-item-text-holder\" >\n\t\t\t<div class=\"qodef-item-info-section\" >\n\t\t\t\t\t\t\t<\/div>\n\n\t\t\t<h4 class=\"qodef-item-title\" >\n\t\t\t\t<a href=\"https:\/\/cmcfestival.com.hr\/?p=10725\" >\n\t\t\t\t\tDado Topi\u0107 debitira na CMC festivalu pjesmom &#8220;Donna impossibile&#8221; \u2013 rock legenda u Vodicama!\t\t\t\t<\/a>\n\t\t\t<\/h4>\n\n\t\t\t\t\t\t\t<p class=\"qodef-excerpt\" >Jedan od najprepoznatljivijih vokala doma\u0107e rock scene, Dado Topi\u0107, ove godine po prvi p.<\/p>\n\t\t\t\t\t<\/div>\n\t<\/div>\t\n<\/li><li class=\"qodef-blog-list-item clearfix\">\n\t<div class=\"qodef-blog-list-item-inner\">\n\t\t<div class=\"qodef-item-image\">\n\t\t\t<a href=\"https:\/\/cmcfestival.com.hr\/?p=10722\">\n\t\t\t\t<img loading=\"lazy\" decoding=\"async\" width=\"1920\" height=\"1079\" src=\"https:\/\/cmcfestival.com.hr\/wp-content\/uploads\/2025\/05\/Nives-Celzijus-i-Prima-Band.jpg\" class=\"attachment-full size-full wp-post-image\" alt=\"\" srcset=\"https:\/\/cmcfestival.com.hr\/wp-content\/uploads\/2025\/05\/Nives-Celzijus-i-Prima-Band.jpg 1920w, https:\/\/cmcfestival.com.hr\/wp-content\/uploads\/2025\/05\/Nives-Celzijus-i-Prima-Band-300x169.jpg 300w, https:\/\/cmcfestival.com.hr\/wp-content\/uploads\/2025\/05\/Nives-Celzijus-i-Prima-Band-1024x575.jpg 1024w, https:\/\/cmcfestival.com.hr\/wp-content\/uploads\/2025\/05\/Nives-Celzijus-i-Prima-Band-768x432.jpg 768w, https:\/\/cmcfestival.com.hr\/wp-content\/uploads\/2025\/05\/Nives-Celzijus-i-Prima-Band-1536x863.jpg 1536w\" sizes=\"auto, (max-width: 1920px) 100vw, 1920px\" \/>\t\t\t\t\n\t\t\t<\/a>\n\t\t<\/div>\n\t\t<div class=\"qodef-item-text-holder\" >\n\t\t\t<div class=\"qodef-item-info-section\" >\n\t\t\t\t\t\t\t<\/div>\n\n\t\t\t<h4 class=\"qodef-item-title\" >\n\t\t\t\t<a href=\"https:\/\/cmcfestival.com.hr\/?p=10722\" >\n\t\t\t\t\tNives Celzijus i Prima Band garantiraju dobru zabavu s hitom &#8220;Je bo\u2019me je&#8221;\t\t\t\t<\/a>\n\t\t\t<\/h4>\n\n\t\t\t\t\t\t\t<p class=\"qodef-excerpt\" >Nives Celzijus, kraljica zabave i provokacije, vra\u0107a se na glazbenu scenu s novim hitom J.<\/p>\n\t\t\t\t\t<\/div>\n\t<\/div>\t\n<\/li><li class=\"qodef-blog-list-item clearfix\">\n\t<div class=\"qodef-blog-list-item-inner\">\n\t\t<div class=\"qodef-item-image\">\n\t\t\t<a href=\"https:\/\/cmcfestival.com.hr\/?p=10715\">\n\t\t\t\t<img loading=\"lazy\" decoding=\"async\" width=\"1916\" height=\"2195\" src=\"https:\/\/cmcfestival.com.hr\/wp-content\/uploads\/2025\/04\/CMC-Festival-Vodice-2025.jpg\" class=\"attachment-full size-full wp-post-image\" alt=\"\" srcset=\"https:\/\/cmcfestival.com.hr\/wp-content\/uploads\/2025\/04\/CMC-Festival-Vodice-2025.jpg 1916w, https:\/\/cmcfestival.com.hr\/wp-content\/uploads\/2025\/04\/CMC-Festival-Vodice-2025-262x300.jpg 262w, https:\/\/cmcfestival.com.hr\/wp-content\/uploads\/2025\/04\/CMC-Festival-Vodice-2025-894x1024.jpg 894w, https:\/\/cmcfestival.com.hr\/wp-content\/uploads\/2025\/04\/CMC-Festival-Vodice-2025-768x880.jpg 768w, https:\/\/cmcfestival.com.hr\/wp-content\/uploads\/2025\/04\/CMC-Festival-Vodice-2025-1341x1536.jpg 1341w, https:\/\/cmcfestival.com.hr\/wp-content\/uploads\/2025\/04\/CMC-Festival-Vodice-2025-1788x2048.jpg 1788w\" sizes=\"auto, (max-width: 1916px) 100vw, 1916px\" \/>\t\t\t\t\n\t\t\t<\/a>\n\t\t<\/div>\n\t\t<div class=\"qodef-item-text-holder\" >\n\t\t\t<div class=\"qodef-item-info-section\" >\n\t\t\t\t\t\t\t<\/div>\n\n\t\t\t<h4 class=\"qodef-item-title\" >\n\t\t\t\t<a href=\"https:\/\/cmcfestival.com.hr\/?p=10715\" >\n\t\t\t\t\tPOPIS OVOGODI\u0160NJIH IZVO\u0110A\u010cA\t\t\t\t<\/a>\n\t\t\t<\/h4>\n\n\t\t\t\t\t\t\t<p class=\"qodef-excerpt\" >\u017deljko Bebek Dado Topi\u0107 Neda Ukraden Mladen Grdovi\u0107 The Frajle Ivan Zak Vlado Kalember .<\/p>\n\t\t\t\t\t<\/div>\n\t<\/div>\t\n<\/li><li class=\"qodef-blog-list-item clearfix\">\n\t<div class=\"qodef-blog-list-item-inner\">\n\t\t<div class=\"qodef-item-image\">\n\t\t\t<a href=\"https:\/\/cmcfestival.com.hr\/?p=10705\">\n\t\t\t\t<img loading=\"lazy\" decoding=\"async\" width=\"2560\" height=\"1703\" src=\"https:\/\/cmcfestival.com.hr\/wp-content\/uploads\/2025\/05\/Davor-Borno-scaled.jpg\" class=\"attachment-full size-full wp-post-image\" alt=\"\" srcset=\"https:\/\/cmcfestival.com.hr\/wp-content\/uploads\/2025\/05\/Davor-Borno-scaled.jpg 2560w, https:\/\/cmcfestival.com.hr\/wp-content\/uploads\/2025\/05\/Davor-Borno-300x200.jpg 300w, https:\/\/cmcfestival.com.hr\/wp-content\/uploads\/2025\/05\/Davor-Borno-1024x681.jpg 1024w, https:\/\/cmcfestival.com.hr\/wp-content\/uploads\/2025\/05\/Davor-Borno-768x511.jpg 768w, https:\/\/cmcfestival.com.hr\/wp-content\/uploads\/2025\/05\/Davor-Borno-1536x1022.jpg 1536w\" sizes=\"auto, (max-width: 2560px) 100vw, 2560px\" \/>\t\t\t\t\n\t\t\t<\/a>\n\t\t<\/div>\n\t\t<div class=\"qodef-item-text-holder\" >\n\t\t\t<div class=\"qodef-item-info-section\" >\n\t\t\t\t\t\t\t<\/div>\n\n\t\t\t<h4 class=\"qodef-item-title\" >\n\t\t\t\t<a href=\"https:\/\/cmcfestival.com.hr\/?p=10705\" >\n\t\t\t\t\tDavor Borno na CMC Festivalu s pjesmom &#8220;Najbolja&#8221; \u2013 himna \u017eenama i ljepoti ljeta\t\t\t\t<\/a>\n\t\t\t<\/h4>\n\n\t\t\t\t\t\t\t<p class=\"qodef-excerpt\" >Veteran glazbene scene i miljenik publike, Davor Borno, vra\u0107a se na CMC Festival s pjesmo.<\/p>\n\t\t\t\t\t<\/div>\n\t<\/div>\t\n<\/li><li class=\"qodef-blog-list-item clearfix\">\n\t<div class=\"qodef-blog-list-item-inner\">\n\t\t<div class=\"qodef-item-image\">\n\t\t\t<a href=\"https:\/\/cmcfestival.com.hr\/?p=10702\">\n\t\t\t\t<img loading=\"lazy\" decoding=\"async\" width=\"2048\" height=\"1365\" src=\"https:\/\/cmcfestival.com.hr\/wp-content\/uploads\/2025\/05\/Grupa-777.jpg\" class=\"attachment-full size-full wp-post-image\" alt=\"\" srcset=\"https:\/\/cmcfestival.com.hr\/wp-content\/uploads\/2025\/05\/Grupa-777.jpg 2048w, https:\/\/cmcfestival.com.hr\/wp-content\/uploads\/2025\/05\/Grupa-777-300x200.jpg 300w, https:\/\/cmcfestival.com.hr\/wp-content\/uploads\/2025\/05\/Grupa-777-1024x683.jpg 1024w, https:\/\/cmcfestival.com.hr\/wp-content\/uploads\/2025\/05\/Grupa-777-768x512.jpg 768w, https:\/\/cmcfestival.com.hr\/wp-content\/uploads\/2025\/05\/Grupa-777-1536x1024.jpg 1536w\" sizes=\"auto, (max-width: 2048px) 100vw, 2048px\" \/>\t\t\t\t\n\t\t\t<\/a>\n\t\t<\/div>\n\t\t<div class=\"qodef-item-text-holder\" >\n\t\t\t<div class=\"qodef-item-info-section\" >\n\t\t\t\t\t\t\t<\/div>\n\n\t\t\t<h4 class=\"qodef-item-title\" >\n\t\t\t\t<a href=\"https:\/\/cmcfestival.com.hr\/?p=10702\" >\n\t\t\t\t\tGrupa 777 premijerno izvodi &#8220;Ako raj na zemlji postoji&#8221;, debi koji se \u010dekao godinama\t\t\t\t<\/a>\n\t\t\t<\/h4>\n\n\t\t\t\t\t\t\t<p class=\"qodef-excerpt\" >Nakon uspje\u0161nog povratka na glazbenu scenu i hita Nema signala, Grupa 777 kona\u010dno sti\u017ee.<\/p>\n\t\t\t\t\t<\/div>\n\t<\/div>\t\n<\/li><li class=\"qodef-blog-list-item clearfix\">\n\t<div class=\"qodef-blog-list-item-inner\">\n\t\t<div class=\"qodef-item-image\">\n\t\t\t<a href=\"https:\/\/cmcfestival.com.hr\/?p=10699\">\n\t\t\t\t<img loading=\"lazy\" decoding=\"async\" width=\"1600\" height=\"1088\" src=\"https:\/\/cmcfestival.com.hr\/wp-content\/uploads\/2025\/05\/Dzentlmeni.jpg\" class=\"attachment-full size-full wp-post-image\" alt=\"\" srcset=\"https:\/\/cmcfestival.com.hr\/wp-content\/uploads\/2025\/05\/Dzentlmeni.jpg 1600w, https:\/\/cmcfestival.com.hr\/wp-content\/uploads\/2025\/05\/Dzentlmeni-300x204.jpg 300w, https:\/\/cmcfestival.com.hr\/wp-content\/uploads\/2025\/05\/Dzentlmeni-1024x696.jpg 1024w, https:\/\/cmcfestival.com.hr\/wp-content\/uploads\/2025\/05\/Dzentlmeni-768x522.jpg 768w, https:\/\/cmcfestival.com.hr\/wp-content\/uploads\/2025\/05\/Dzentlmeni-1536x1044.jpg 1536w\" sizes=\"auto, (max-width: 1600px) 100vw, 1600px\" \/>\t\t\t\t\n\t\t\t<\/a>\n\t\t<\/div>\n\t\t<div class=\"qodef-item-text-holder\" >\n\t\t\t<div class=\"qodef-item-info-section\" >\n\t\t\t\t\t\t\t<\/div>\n\n\t\t\t<h4 class=\"qodef-item-title\" >\n\t\t\t\t<a href=\"https:\/\/cmcfestival.com.hr\/?p=10699\" >\n\t\t\t\t\tD\u017eentlmeni pjesmom &#8220;Imenom tvojim sve po\u010dinje&#8221; donose tambura\u0161ki duh uz more\t\t\t\t<\/a>\n\t\t\t<\/h4>\n\n\t\t\t\t\t\t\t<p class=\"qodef-excerpt\" >D\u017eentlmeni, jedini tambura\u0161ki sastav na moru, ni ove godine ne propu\u0161taju CMC Festival..<\/p>\n\t\t\t\t\t<\/div>\n\t<\/div>\t\n<\/li><li class=\"qodef-blog-list-item clearfix\">\n\t<div class=\"qodef-blog-list-item-inner\">\n\t\t<div class=\"qodef-item-image\">\n\t\t\t<a href=\"https:\/\/cmcfestival.com.hr\/?p=10696\">\n\t\t\t\t<img loading=\"lazy\" decoding=\"async\" width=\"640\" height=\"640\" src=\"https:\/\/cmcfestival.com.hr\/wp-content\/uploads\/2025\/05\/Amir-Kazic-Leo.jpg\" class=\"attachment-full size-full wp-post-image\" alt=\"\" srcset=\"https:\/\/cmcfestival.com.hr\/wp-content\/uploads\/2025\/05\/Amir-Kazic-Leo.jpg 640w, https:\/\/cmcfestival.com.hr\/wp-content\/uploads\/2025\/05\/Amir-Kazic-Leo-300x300.jpg 300w, https:\/\/cmcfestival.com.hr\/wp-content\/uploads\/2025\/05\/Amir-Kazic-Leo-150x150.jpg 150w, https:\/\/cmcfestival.com.hr\/wp-content\/uploads\/2025\/05\/Amir-Kazic-Leo-550x550.jpg 550w\" sizes=\"auto, (max-width: 640px) 100vw, 640px\" \/>\t\t\t\t\n\t\t\t<\/a>\n\t\t<\/div>\n\t\t<div class=\"qodef-item-text-holder\" >\n\t\t\t<div class=\"qodef-item-info-section\" >\n\t\t\t\t\t\t\t<\/div>\n\n\t\t\t<h4 class=\"qodef-item-title\" >\n\t\t\t\t<a href=\"https:\/\/cmcfestival.com.hr\/?p=10696\" >\n\t\t\t\t\tLeo predstavlja novi singl &#8220;Nisam ti se nadao&#8221;\t\t\t\t<\/a>\n\t\t\t<\/h4>\n\n\t\t\t\t\t\t\t<p class=\"qodef-excerpt\" >Jedan od najupe\u010datljivijih vokala doma\u0107e glazbene scene, Amir Kazi\u0107 Leo, ima novi singl.<\/p>\n\t\t\t\t\t<\/div>\n\t<\/div>\t\n<\/li><li class=\"qodef-blog-list-item clearfix\">\n\t<div class=\"qodef-blog-list-item-inner\">\n\t\t<div class=\"qodef-item-image\">\n\t\t\t<a href=\"https:\/\/cmcfestival.com.hr\/?p=10689\">\n\t\t\t\t<img loading=\"lazy\" decoding=\"async\" width=\"1818\" height=\"1023\" src=\"https:\/\/cmcfestival.com.hr\/wp-content\/uploads\/2025\/05\/Ivan-Zak.jpg\" class=\"attachment-full size-full wp-post-image\" alt=\"\" srcset=\"https:\/\/cmcfestival.com.hr\/wp-content\/uploads\/2025\/05\/Ivan-Zak.jpg 1818w, https:\/\/cmcfestival.com.hr\/wp-content\/uploads\/2025\/05\/Ivan-Zak-300x169.jpg 300w, https:\/\/cmcfestival.com.hr\/wp-content\/uploads\/2025\/05\/Ivan-Zak-1024x576.jpg 1024w, https:\/\/cmcfestival.com.hr\/wp-content\/uploads\/2025\/05\/Ivan-Zak-768x432.jpg 768w, https:\/\/cmcfestival.com.hr\/wp-content\/uploads\/2025\/05\/Ivan-Zak-1536x864.jpg 1536w\" sizes=\"auto, (max-width: 1818px) 100vw, 1818px\" \/>\t\t\t\t\n\t\t\t<\/a>\n\t\t<\/div>\n\t\t<div class=\"qodef-item-text-holder\" >\n\t\t\t<div class=\"qodef-item-info-section\" >\n\t\t\t\t\t\t\t<\/div>\n\n\t\t\t<h4 class=\"qodef-item-title\" >\n\t\t\t\t<a href=\"https:\/\/cmcfestival.com.hr\/?p=10689\" >\n\t\t\t\t\tIvan Zak predstavlja novi singl i videospot &#8220;Haljina bijela&#8221; \u2013 pjesmu o ljubavi koja ostavlja bez daha\t\t\t\t<\/a>\n\t\t\t<\/h4>\n\n\t\t\t\t\t\t\t<p class=\"qodef-excerpt\" >Jedan od najomiljenijih i najuspje\u0161nijih pop izvo\u0111a\u010da, Ivan Zak, predstavlja svoj novi .<\/p>\n\t\t\t\t\t<\/div>\n\t<\/div>\t\n<\/li><li class=\"qodef-blog-list-item clearfix\">\n\t<div class=\"qodef-blog-list-item-inner\">\n\t\t<div class=\"qodef-item-image\">\n\t\t\t<a href=\"https:\/\/cmcfestival.com.hr\/?p=10686\">\n\t\t\t\t<img loading=\"lazy\" decoding=\"async\" width=\"2560\" height=\"1708\" src=\"https:\/\/cmcfestival.com.hr\/wp-content\/uploads\/2025\/05\/Mladen-Grdovic-scaled.jpg\" class=\"attachment-full size-full wp-post-image\" alt=\"\" srcset=\"https:\/\/cmcfestival.com.hr\/wp-content\/uploads\/2025\/05\/Mladen-Grdovic-scaled.jpg 2560w, https:\/\/cmcfestival.com.hr\/wp-content\/uploads\/2025\/05\/Mladen-Grdovic-300x200.jpg 300w, https:\/\/cmcfestival.com.hr\/wp-content\/uploads\/2025\/05\/Mladen-Grdovic-1024x683.jpg 1024w, https:\/\/cmcfestival.com.hr\/wp-content\/uploads\/2025\/05\/Mladen-Grdovic-768x512.jpg 768w, https:\/\/cmcfestival.com.hr\/wp-content\/uploads\/2025\/05\/Mladen-Grdovic-1536x1025.jpg 1536w\" sizes=\"auto, (max-width: 2560px) 100vw, 2560px\" \/>\t\t\t\t\n\t\t\t<\/a>\n\t\t<\/div>\n\t\t<div class=\"qodef-item-text-holder\" >\n\t\t\t<div class=\"qodef-item-info-section\" >\n\t\t\t\t\t\t\t<\/div>\n\n\t\t\t<h4 class=\"qodef-item-title\" >\n\t\t\t\t<a href=\"https:\/\/cmcfestival.com.hr\/?p=10686\" >\n\t\t\t\t\tMladen Grdovi\u0107 novim singlom &#8220;Lipa moja&#8221; najavljuje veliki solisti\u010dki koncert na ovogodi\u0161njem CMC festivalu u Vodicama\t\t\t\t<\/a>\n\t\t\t<\/h4>\n\n\t\t\t\t\t\t\t<p class=\"qodef-excerpt\" >Jedan od najomiljenijih izvo\u0111a\u010da doma\u0107e zabavne glazbe, Mladen Grdovi\u0107, predstavlja sv.<\/p>\n\t\t\t\t\t<\/div>\n\t<\/div>\t\n<\/li><li class=\"qodef-blog-list-item clearfix\">\n\t<div class=\"qodef-blog-list-item-inner\">\n\t\t<div class=\"qodef-item-image\">\n\t\t\t<a href=\"https:\/\/cmcfestival.com.hr\/?p=10678\">\n\t\t\t\t<img loading=\"lazy\" decoding=\"async\" width=\"1536\" height=\"1536\" src=\"https:\/\/cmcfestival.com.hr\/wp-content\/uploads\/2025\/05\/Lana.S.png\" class=\"attachment-full size-full wp-post-image\" alt=\"\" srcset=\"https:\/\/cmcfestival.com.hr\/wp-content\/uploads\/2025\/05\/Lana.S.png 1536w, https:\/\/cmcfestival.com.hr\/wp-content\/uploads\/2025\/05\/Lana.S-300x300.png 300w, https:\/\/cmcfestival.com.hr\/wp-content\/uploads\/2025\/05\/Lana.S-1024x1024.png 1024w, https:\/\/cmcfestival.com.hr\/wp-content\/uploads\/2025\/05\/Lana.S-150x150.png 150w, https:\/\/cmcfestival.com.hr\/wp-content\/uploads\/2025\/05\/Lana.S-768x768.png 768w, https:\/\/cmcfestival.com.hr\/wp-content\/uploads\/2025\/05\/Lana.S-550x550.png 550w, https:\/\/cmcfestival.com.hr\/wp-content\/uploads\/2025\/05\/Lana.S-1000x1000.png 1000w\" sizes=\"auto, (max-width: 1536px) 100vw, 1536px\" \/>\t\t\t\t\n\t\t\t<\/a>\n\t\t<\/div>\n\t\t<div class=\"qodef-item-text-holder\" >\n\t\t\t<div class=\"qodef-item-info-section\" >\n\t\t\t\t\t\t\t<\/div>\n\n\t\t\t<h4 class=\"qodef-item-title\" >\n\t\t\t\t<a href=\"https:\/\/cmcfestival.com.hr\/?p=10678\" >\n\t\t\t\t\tLana.S na CMC Festivalu spaja istok i zapad uz novi drum &#038; bass etno hit &#8220;Bilo je ni\u0161ta&#8221;\t\t\t\t<\/a>\n\t\t\t<\/h4>\n\n\t\t\t\t\t\t\t<p class=\"qodef-excerpt\" >Uvijek druga\u010dija i uvijek svoja \u2013 Lana.S i ove godine dolazi u Vodice s pjesmom koja no.<\/p>\n\t\t\t\t\t<\/div>\n\t<\/div>\t\n<\/li><li class=\"qodef-blog-list-item clearfix\">\n\t<div class=\"qodef-blog-list-item-inner\">\n\t\t<div class=\"qodef-item-image\">\n\t\t\t<a href=\"https:\/\/cmcfestival.com.hr\/?p=10675\">\n\t\t\t\t<img loading=\"lazy\" decoding=\"async\" width=\"2533\" height=\"2560\" src=\"https:\/\/cmcfestival.com.hr\/wp-content\/uploads\/2025\/05\/Daniel-i-Sebastian-Popovic-scaled.jpg\" class=\"attachment-full size-full wp-post-image\" alt=\"\" srcset=\"https:\/\/cmcfestival.com.hr\/wp-content\/uploads\/2025\/05\/Daniel-i-Sebastian-Popovic-scaled.jpg 2533w, https:\/\/cmcfestival.com.hr\/wp-content\/uploads\/2025\/05\/Daniel-i-Sebastian-Popovic-297x300.jpg 297w, https:\/\/cmcfestival.com.hr\/wp-content\/uploads\/2025\/05\/Daniel-i-Sebastian-Popovic-1013x1024.jpg 1013w, https:\/\/cmcfestival.com.hr\/wp-content\/uploads\/2025\/05\/Daniel-i-Sebastian-Popovic-768x776.jpg 768w, https:\/\/cmcfestival.com.hr\/wp-content\/uploads\/2025\/05\/Daniel-i-Sebastian-Popovic-1520x1536.jpg 1520w\" sizes=\"auto, (max-width: 2533px) 100vw, 2533px\" \/>\t\t\t\t\n\t\t\t<\/a>\n\t\t<\/div>\n\t\t<div class=\"qodef-item-text-holder\" >\n\t\t\t<div class=\"qodef-item-info-section\" >\n\t\t\t\t\t\t\t<\/div>\n\n\t\t\t<h4 class=\"qodef-item-title\" >\n\t\t\t\t<a href=\"https:\/\/cmcfestival.com.hr\/?p=10675\" >\n\t\t\t\t\tOtac i sin u festivalskom duetu: Daniel i Sebastian Popovi\u0107 sti\u017eu s pjesmom &#8220;Odlazim&#8221;\t\t\t\t<\/a>\n\t\t\t<\/h4>\n\n\t\t\t\t\t\t\t<p class=\"qodef-excerpt\" >Na ovogodi\u0161njem CMC Festivalu o\u010dekuje nas emotivan duet \u2013 Daniel i Sebastian Popovi\u0107 .<\/p>\n\t\t\t\t\t<\/div>\n\t<\/div>\t\n<\/li><li class=\"qodef-blog-list-item clearfix\">\n\t<div class=\"qodef-blog-list-item-inner\">\n\t\t<div class=\"qodef-item-image\">\n\t\t\t<a href=\"https:\/\/cmcfestival.com.hr\/?p=10671\">\n\t\t\t\t<img loading=\"lazy\" decoding=\"async\" width=\"2048\" height=\"1365\" src=\"https:\/\/cmcfestival.com.hr\/wp-content\/uploads\/2025\/05\/Zeljko-Bebek.jpg\" class=\"attachment-full size-full wp-post-image\" alt=\"\" srcset=\"https:\/\/cmcfestival.com.hr\/wp-content\/uploads\/2025\/05\/Zeljko-Bebek.jpg 2048w, https:\/\/cmcfestival.com.hr\/wp-content\/uploads\/2025\/05\/Zeljko-Bebek-300x200.jpg 300w, https:\/\/cmcfestival.com.hr\/wp-content\/uploads\/2025\/05\/Zeljko-Bebek-1024x683.jpg 1024w, https:\/\/cmcfestival.com.hr\/wp-content\/uploads\/2025\/05\/Zeljko-Bebek-768x512.jpg 768w, https:\/\/cmcfestival.com.hr\/wp-content\/uploads\/2025\/05\/Zeljko-Bebek-1536x1024.jpg 1536w\" sizes=\"auto, (max-width: 2048px) 100vw, 2048px\" \/>\t\t\t\t\n\t\t\t<\/a>\n\t\t<\/div>\n\t\t<div class=\"qodef-item-text-holder\" >\n\t\t\t<div class=\"qodef-item-info-section\" >\n\t\t\t\t\t\t\t<\/div>\n\n\t\t\t<h4 class=\"qodef-item-title\" >\n\t\t\t\t<a href=\"https:\/\/cmcfestival.com.hr\/?p=10671\" >\n\t\t\t\t\t\u017deljko Bebek premijerno predstavlja &#8220;Zagrli me&#8221; na CMC Festivalu\t\t\t\t<\/a>\n\t\t\t<\/h4>\n\n\t\t\t\t\t\t\t<p class=\"qodef-excerpt\" >\u017deljko Bebek, legendarni pop-rock pjeva\u010d, predstavlja novi autorski singl Zagrli me, koj.<\/p>\n\t\t\t\t\t<\/div>\n\t<\/div>\t\n<\/li><li class=\"qodef-blog-list-item clearfix\">\n\t<div class=\"qodef-blog-list-item-inner\">\n\t\t<div class=\"qodef-item-image\">\n\t\t\t<a href=\"https:\/\/cmcfestival.com.hr\/?p=10659\">\n\t\t\t\t<img loading=\"lazy\" decoding=\"async\" width=\"1580\" height=\"1058\" src=\"https:\/\/cmcfestival.com.hr\/wp-content\/uploads\/2025\/05\/Max-Hozic.png\" class=\"attachment-full size-full wp-post-image\" alt=\"\" srcset=\"https:\/\/cmcfestival.com.hr\/wp-content\/uploads\/2025\/05\/Max-Hozic.png 1580w, https:\/\/cmcfestival.com.hr\/wp-content\/uploads\/2025\/05\/Max-Hozic-300x201.png 300w, https:\/\/cmcfestival.com.hr\/wp-content\/uploads\/2025\/05\/Max-Hozic-1024x686.png 1024w, https:\/\/cmcfestival.com.hr\/wp-content\/uploads\/2025\/05\/Max-Hozic-768x514.png 768w, https:\/\/cmcfestival.com.hr\/wp-content\/uploads\/2025\/05\/Max-Hozic-1536x1029.png 1536w\" sizes=\"auto, (max-width: 1580px) 100vw, 1580px\" \/>\t\t\t\t\n\t\t\t<\/a>\n\t\t<\/div>\n\t\t<div class=\"qodef-item-text-holder\" >\n\t\t\t<div class=\"qodef-item-info-section\" >\n\t\t\t\t\t\t\t<\/div>\n\n\t\t\t<h4 class=\"qodef-item-title\" >\n\t\t\t\t<a href=\"https:\/\/cmcfestival.com.hr\/?p=10659\" >\n\t\t\t\t\tMax Hozi\u0107 ponovno na festivalskoj sceni s pjesmom koja miri\u0161e na sje\u0107anja \u2013 &#8220;Za jednu kap tvog parfema&#8221;\t\t\t\t<\/a>\n\t\t\t<\/h4>\n\n\t\t\t\t\t\t\t<p class=\"qodef-excerpt\" >Jedan od onih izvo\u0111a\u010da koji se ne pojavljuju \u010desto, ali kad do\u0111u ostave trag,\u00a0Max Hoz.<\/p>\n\t\t\t\t\t<\/div>\n\t<\/div>\t\n<\/li><li class=\"qodef-blog-list-item clearfix\">\n\t<div class=\"qodef-blog-list-item-inner\">\n\t\t<div class=\"qodef-item-image\">\n\t\t\t<a href=\"https:\/\/cmcfestival.com.hr\/?p=10655\">\n\t\t\t\t<img loading=\"lazy\" decoding=\"async\" width=\"1802\" height=\"1076\" src=\"https:\/\/cmcfestival.com.hr\/wp-content\/uploads\/2025\/05\/Sanella.png\" class=\"attachment-full size-full wp-post-image\" alt=\"\" srcset=\"https:\/\/cmcfestival.com.hr\/wp-content\/uploads\/2025\/05\/Sanella.png 1802w, https:\/\/cmcfestival.com.hr\/wp-content\/uploads\/2025\/05\/Sanella-300x179.png 300w, https:\/\/cmcfestival.com.hr\/wp-content\/uploads\/2025\/05\/Sanella-1024x611.png 1024w, https:\/\/cmcfestival.com.hr\/wp-content\/uploads\/2025\/05\/Sanella-768x459.png 768w, https:\/\/cmcfestival.com.hr\/wp-content\/uploads\/2025\/05\/Sanella-1536x917.png 1536w\" sizes=\"auto, (max-width: 1802px) 100vw, 1802px\" \/>\t\t\t\t\n\t\t\t<\/a>\n\t\t<\/div>\n\t\t<div class=\"qodef-item-text-holder\" >\n\t\t\t<div class=\"qodef-item-info-section\" >\n\t\t\t\t\t\t\t<\/div>\n\n\t\t\t<h4 class=\"qodef-item-title\" >\n\t\t\t\t<a href=\"https:\/\/cmcfestival.com.hr\/?p=10655\" >\n\t\t\t\t\tSanella prvi put na vodi\u010dkoj pozornici donosi mo\u0107nu pjesmu &#8220;Rijeke&#8221;\t\t\t\t<\/a>\n\t\t\t<\/h4>\n\n\t\t\t\t\t\t\t<p class=\"qodef-excerpt\" >Iz Zadra sti\u017ee nova festivalska snaga \u2013 Sanella, pjeva\u010dica prepoznatljiva po sna\u017enoj .<\/p>\n\t\t\t\t\t<\/div>\n\t<\/div>\t\n<\/li><li class=\"qodef-blog-list-item clearfix\">\n\t<div class=\"qodef-blog-list-item-inner\">\n\t\t<div class=\"qodef-item-image\">\n\t\t\t<a href=\"https:\/\/cmcfestival.com.hr\/?p=10651\">\n\t\t\t\t<img loading=\"lazy\" decoding=\"async\" width=\"939\" height=\"528\" src=\"https:\/\/cmcfestival.com.hr\/wp-content\/uploads\/2025\/05\/Zanamari.jpg\" class=\"attachment-full size-full wp-post-image\" alt=\"\" srcset=\"https:\/\/cmcfestival.com.hr\/wp-content\/uploads\/2025\/05\/Zanamari.jpg 939w, https:\/\/cmcfestival.com.hr\/wp-content\/uploads\/2025\/05\/Zanamari-300x169.jpg 300w, https:\/\/cmcfestival.com.hr\/wp-content\/uploads\/2025\/05\/Zanamari-768x432.jpg 768w\" sizes=\"auto, (max-width: 939px) 100vw, 939px\" \/>\t\t\t\t\n\t\t\t<\/a>\n\t\t<\/div>\n\t\t<div class=\"qodef-item-text-holder\" >\n\t\t\t<div class=\"qodef-item-info-section\" >\n\t\t\t\t\t\t\t<\/div>\n\n\t\t\t<h4 class=\"qodef-item-title\" >\n\t\t\t\t<a href=\"https:\/\/cmcfestival.com.hr\/?p=10651\" >\n\t\t\t\t\t\u017danamari se singlom &#8220;Lagala&#8221; vra\u0107a svojim glazbenim korijenima i CMC Festivalu\t\t\t\t<\/a>\n\t\t\t<\/h4>\n\n\t\t\t\t\t\t\t<p class=\"qodef-excerpt\" >LOUD DIGITAL s ponosom predstavlja novi singl \u017danamari feat. Gidra x Nered pod nazivom La.<\/p>\n\t\t\t\t\t<\/div>\n\t<\/div>\t\n<\/li><li class=\"qodef-blog-list-item clearfix\">\n\t<div class=\"qodef-blog-list-item-inner\">\n\t\t<div class=\"qodef-item-image\">\n\t\t\t<a href=\"https:\/\/cmcfestival.com.hr\/?p=10646\">\n\t\t\t\t<img loading=\"lazy\" decoding=\"async\" width=\"1536\" height=\"1282\" src=\"https:\/\/cmcfestival.com.hr\/wp-content\/uploads\/2025\/05\/Burjana.jpg\" class=\"attachment-full size-full wp-post-image\" alt=\"\" srcset=\"https:\/\/cmcfestival.com.hr\/wp-content\/uploads\/2025\/05\/Burjana.jpg 1536w, https:\/\/cmcfestival.com.hr\/wp-content\/uploads\/2025\/05\/Burjana-300x250.jpg 300w, https:\/\/cmcfestival.com.hr\/wp-content\/uploads\/2025\/05\/Burjana-1024x855.jpg 1024w, https:\/\/cmcfestival.com.hr\/wp-content\/uploads\/2025\/05\/Burjana-768x641.jpg 768w\" sizes=\"auto, (max-width: 1536px) 100vw, 1536px\" \/>\t\t\t\t\n\t\t\t<\/a>\n\t\t<\/div>\n\t\t<div class=\"qodef-item-text-holder\" >\n\t\t\t<div class=\"qodef-item-info-section\" >\n\t\t\t\t\t\t\t<\/div>\n\n\t\t\t<h4 class=\"qodef-item-title\" >\n\t\t\t\t<a href=\"https:\/\/cmcfestival.com.hr\/?p=10646\" >\n\t\t\t\t\tBurjana: Magnet za probleme \u2013 i publiku!\t\t\t\t<\/a>\n\t\t\t<\/h4>\n\n\t\t\t\t\t\t\t<p class=\"qodef-excerpt\" >Slovenska pjeva\u010dica, Burjana, vra\u0107a se na CMC Festival s novim singlom Magnet za problem.<\/p>\n\t\t\t\t\t<\/div>\n\t<\/div>\t\n<\/li><li class=\"qodef-blog-list-item clearfix\">\n\t<div class=\"qodef-blog-list-item-inner\">\n\t\t<div class=\"qodef-item-image\">\n\t\t\t<a href=\"https:\/\/cmcfestival.com.hr\/?p=10641\">\n\t\t\t\t<img loading=\"lazy\" decoding=\"async\" width=\"1200\" height=\"800\" src=\"https:\/\/cmcfestival.com.hr\/wp-content\/uploads\/2025\/05\/Domijan10.jpg\" class=\"attachment-full size-full wp-post-image\" alt=\"\" srcset=\"https:\/\/cmcfestival.com.hr\/wp-content\/uploads\/2025\/05\/Domijan10.jpg 1200w, https:\/\/cmcfestival.com.hr\/wp-content\/uploads\/2025\/05\/Domijan10-300x200.jpg 300w, https:\/\/cmcfestival.com.hr\/wp-content\/uploads\/2025\/05\/Domijan10-1024x683.jpg 1024w, https:\/\/cmcfestival.com.hr\/wp-content\/uploads\/2025\/05\/Domijan10-768x512.jpg 768w\" sizes=\"auto, (max-width: 1200px) 100vw, 1200px\" \/>\t\t\t\t\n\t\t\t<\/a>\n\t\t<\/div>\n\t\t<div class=\"qodef-item-text-holder\" >\n\t\t\t<div class=\"qodef-item-info-section\" >\n\t\t\t\t\t\t\t<\/div>\n\n\t\t\t<h4 class=\"qodef-item-title\" >\n\t\t\t\t<a href=\"https:\/\/cmcfestival.com.hr\/?p=10641\" >\n\t\t\t\t\tDako Domijan otkriva svoju novu stranu\t\t\t\t<\/a>\n\t\t\t<\/h4>\n\n\t\t\t\t\t\t\t<p class=\"qodef-excerpt\" >Redovni \u010dlan CMC festivala, Darko Domijan, ove godine sti\u017ee s pjesmom &#8220;Moja nova s.<\/p>\n\t\t\t\t\t<\/div>\n\t<\/div>\t\n<\/li><li class=\"qodef-blog-list-item clearfix\">\n\t<div class=\"qodef-blog-list-item-inner\">\n\t\t<div class=\"qodef-item-image\">\n\t\t\t<a href=\"https:\/\/cmcfestival.com.hr\/?p=10636\">\n\t\t\t\t<img loading=\"lazy\" decoding=\"async\" width=\"2048\" height=\"1365\" src=\"https:\/\/cmcfestival.com.hr\/wp-content\/uploads\/2025\/05\/FINALE-CMC-Vodice-2024-Foto_Filip_Kovacevic-166-of-532.jpg\" class=\"attachment-full size-full wp-post-image\" alt=\"\" srcset=\"https:\/\/cmcfestival.com.hr\/wp-content\/uploads\/2025\/05\/FINALE-CMC-Vodice-2024-Foto_Filip_Kovacevic-166-of-532.jpg 2048w, https:\/\/cmcfestival.com.hr\/wp-content\/uploads\/2025\/05\/FINALE-CMC-Vodice-2024-Foto_Filip_Kovacevic-166-of-532-300x200.jpg 300w, https:\/\/cmcfestival.com.hr\/wp-content\/uploads\/2025\/05\/FINALE-CMC-Vodice-2024-Foto_Filip_Kovacevic-166-of-532-1024x683.jpg 1024w, https:\/\/cmcfestival.com.hr\/wp-content\/uploads\/2025\/05\/FINALE-CMC-Vodice-2024-Foto_Filip_Kovacevic-166-of-532-768x512.jpg 768w, https:\/\/cmcfestival.com.hr\/wp-content\/uploads\/2025\/05\/FINALE-CMC-Vodice-2024-Foto_Filip_Kovacevic-166-of-532-1536x1024.jpg 1536w\" sizes=\"auto, (max-width: 2048px) 100vw, 2048px\" \/>\t\t\t\t\n\t\t\t<\/a>\n\t\t<\/div>\n\t\t<div class=\"qodef-item-text-holder\" >\n\t\t\t<div class=\"qodef-item-info-section\" >\n\t\t\t\t\t\t\t<\/div>\n\n\t\t\t<h4 class=\"qodef-item-title\" >\n\t\t\t\t<a href=\"https:\/\/cmcfestival.com.hr\/?p=10636\" >\n\t\t\t\t\t&#8220;Snaga&#8221; je festivalska pjesma Mihaela Kvorke\t\t\t\t<\/a>\n\t\t\t<\/h4>\n\n\t\t\t\t\t\t\t<p class=\"qodef-excerpt\" >Pro\u0161le je godine odu\u0161evio publiku debitantskim nastupom, a sada sti\u017ee jo\u0161 ja\u010di. Mihae.<\/p>\n\t\t\t\t\t<\/div>\n\t<\/div>\t\n<\/li><li class=\"qodef-blog-list-item clearfix\">\n\t<div class=\"qodef-blog-list-item-inner\">\n\t\t<div class=\"qodef-item-image\">\n\t\t\t<a href=\"https:\/\/cmcfestival.com.hr\/?p=10633\">\n\t\t\t\t<img loading=\"lazy\" decoding=\"async\" width=\"2048\" height=\"1365\" src=\"https:\/\/cmcfestival.com.hr\/wp-content\/uploads\/2025\/05\/FINALE-CMC-Vodice-2024-Foto_Filip_Kovacevic-60-of-532.jpg\" class=\"attachment-full size-full wp-post-image\" alt=\"\" srcset=\"https:\/\/cmcfestival.com.hr\/wp-content\/uploads\/2025\/05\/FINALE-CMC-Vodice-2024-Foto_Filip_Kovacevic-60-of-532.jpg 2048w, https:\/\/cmcfestival.com.hr\/wp-content\/uploads\/2025\/05\/FINALE-CMC-Vodice-2024-Foto_Filip_Kovacevic-60-of-532-300x200.jpg 300w, https:\/\/cmcfestival.com.hr\/wp-content\/uploads\/2025\/05\/FINALE-CMC-Vodice-2024-Foto_Filip_Kovacevic-60-of-532-1024x683.jpg 1024w, https:\/\/cmcfestival.com.hr\/wp-content\/uploads\/2025\/05\/FINALE-CMC-Vodice-2024-Foto_Filip_Kovacevic-60-of-532-768x512.jpg 768w, https:\/\/cmcfestival.com.hr\/wp-content\/uploads\/2025\/05\/FINALE-CMC-Vodice-2024-Foto_Filip_Kovacevic-60-of-532-1536x1024.jpg 1536w\" sizes=\"auto, (max-width: 2048px) 100vw, 2048px\" \/>\t\t\t\t\n\t\t\t<\/a>\n\t\t<\/div>\n\t\t<div class=\"qodef-item-text-holder\" >\n\t\t\t<div class=\"qodef-item-info-section\" >\n\t\t\t\t\t\t\t<\/div>\n\n\t\t\t<h4 class=\"qodef-item-title\" >\n\t\t\t\t<a href=\"https:\/\/cmcfestival.com.hr\/?p=10633\" >\n\t\t\t\t\tU Vodice se vra\u0107a Marina Toma\u0161evi\u0107\t\t\t\t<\/a>\n\t\t\t<\/h4>\n\n\t\t\t\t\t\t\t<p class=\"qodef-excerpt\" >.<\/p>\n\t\t\t\t\t<\/div>\n\t<\/div>\t\n<\/li><li class=\"qodef-blog-list-item clearfix\">\n\t<div class=\"qodef-blog-list-item-inner\">\n\t\t<div class=\"qodef-item-image\">\n\t\t\t<a href=\"https:\/\/cmcfestival.com.hr\/?p=10627\">\n\t\t\t\t<img loading=\"lazy\" decoding=\"async\" width=\"2048\" height=\"1365\" src=\"https:\/\/cmcfestival.com.hr\/wp-content\/uploads\/2025\/05\/FINALE-CMC-Vodice-2024-Foto_Filip_Kovacevic-281-of-532.jpg\" class=\"attachment-full size-full wp-post-image\" alt=\"\" srcset=\"https:\/\/cmcfestival.com.hr\/wp-content\/uploads\/2025\/05\/FINALE-CMC-Vodice-2024-Foto_Filip_Kovacevic-281-of-532.jpg 2048w, https:\/\/cmcfestival.com.hr\/wp-content\/uploads\/2025\/05\/FINALE-CMC-Vodice-2024-Foto_Filip_Kovacevic-281-of-532-300x200.jpg 300w, https:\/\/cmcfestival.com.hr\/wp-content\/uploads\/2025\/05\/FINALE-CMC-Vodice-2024-Foto_Filip_Kovacevic-281-of-532-1024x683.jpg 1024w, https:\/\/cmcfestival.com.hr\/wp-content\/uploads\/2025\/05\/FINALE-CMC-Vodice-2024-Foto_Filip_Kovacevic-281-of-532-768x512.jpg 768w, https:\/\/cmcfestival.com.hr\/wp-content\/uploads\/2025\/05\/FINALE-CMC-Vodice-2024-Foto_Filip_Kovacevic-281-of-532-1536x1024.jpg 1536w\" sizes=\"auto, (max-width: 2048px) 100vw, 2048px\" \/>\t\t\t\t\n\t\t\t<\/a>\n\t\t<\/div>\n\t\t<div class=\"qodef-item-text-holder\" >\n\t\t\t<div class=\"qodef-item-info-section\" >\n\t\t\t\t\t\t\t<\/div>\n\n\t\t\t<h4 class=\"qodef-item-title\" >\n\t\t\t\t<a href=\"https:\/\/cmcfestival.com.hr\/?p=10627\" >\n\t\t\t\t\tDu\u0161ko Lokin \u0107e u Vodicama zapjevati &#8220;Mornarevu pismu&#8221;\t\t\t\t<\/a>\n\t\t\t<\/h4>\n\n\t\t\t\t\t\t\t<p class=\"qodef-excerpt\" >Jedan od omiljenih izvo\u0111a\u010da doma\u0107e glazbene scene Du\u0161ko Lokin rado je vi\u0111eno lice i n.<\/p>\n\t\t\t\t\t<\/div>\n\t<\/div>\t\n<\/li><li class=\"qodef-blog-list-item clearfix\">\n\t<div class=\"qodef-blog-list-item-inner\">\n\t\t<div class=\"qodef-item-image\">\n\t\t\t<a href=\"https:\/\/cmcfestival.com.hr\/?p=10616\">\n\t\t\t\t<img loading=\"lazy\" decoding=\"async\" width=\"1240\" height=\"827\" src=\"https:\/\/cmcfestival.com.hr\/wp-content\/uploads\/2025\/04\/Teo-Grcic.jpg\" class=\"attachment-full size-full wp-post-image\" alt=\"\" srcset=\"https:\/\/cmcfestival.com.hr\/wp-content\/uploads\/2025\/04\/Teo-Grcic.jpg 1240w, https:\/\/cmcfestival.com.hr\/wp-content\/uploads\/2025\/04\/Teo-Grcic-300x200.jpg 300w, https:\/\/cmcfestival.com.hr\/wp-content\/uploads\/2025\/04\/Teo-Grcic-1024x683.jpg 1024w, https:\/\/cmcfestival.com.hr\/wp-content\/uploads\/2025\/04\/Teo-Grcic-768x512.jpg 768w\" sizes=\"auto, (max-width: 1240px) 100vw, 1240px\" \/>\t\t\t\t\n\t\t\t<\/a>\n\t\t<\/div>\n\t\t<div class=\"qodef-item-text-holder\" >\n\t\t\t<div class=\"qodef-item-info-section\" >\n\t\t\t\t\t\t\t<\/div>\n\n\t\t\t<h4 class=\"qodef-item-title\" >\n\t\t\t\t<a href=\"https:\/\/cmcfestival.com.hr\/?p=10616\" >\n\t\t\t\t\tTeo Gr\u010di\u0107 predstavlja emotivnu baladu &#8220;Prah&#8221;\t\t\t\t<\/a>\n\t\t\t<\/h4>\n\n\t\t\t\t\t\t\t<p class=\"qodef-excerpt\" >Mladi kantautor Teo Gr\u010di\u0107 vra\u0107a se na CMC festival\u00a0baladom Prah,\u00a0pjesmom koja je nast.<\/p>\n\t\t\t\t\t<\/div>\n\t<\/div>\t\n<\/li><li class=\"qodef-blog-list-item clearfix\">\n\t<div class=\"qodef-blog-list-item-inner\">\n\t\t<div class=\"qodef-item-image\">\n\t\t\t<a href=\"https:\/\/cmcfestival.com.hr\/?p=10612\">\n\t\t\t\t<img loading=\"lazy\" decoding=\"async\" width=\"2560\" height=\"1707\" src=\"https:\/\/cmcfestival.com.hr\/wp-content\/uploads\/2025\/04\/Elio-Pisak-scaled.jpg\" class=\"attachment-full size-full wp-post-image\" alt=\"\" srcset=\"https:\/\/cmcfestival.com.hr\/wp-content\/uploads\/2025\/04\/Elio-Pisak-scaled.jpg 2560w, https:\/\/cmcfestival.com.hr\/wp-content\/uploads\/2025\/04\/Elio-Pisak-300x200.jpg 300w, https:\/\/cmcfestival.com.hr\/wp-content\/uploads\/2025\/04\/Elio-Pisak-1024x683.jpg 1024w, https:\/\/cmcfestival.com.hr\/wp-content\/uploads\/2025\/04\/Elio-Pisak-768x512.jpg 768w, https:\/\/cmcfestival.com.hr\/wp-content\/uploads\/2025\/04\/Elio-Pisak-1536x1024.jpg 1536w\" sizes=\"auto, (max-width: 2560px) 100vw, 2560px\" \/>\t\t\t\t\n\t\t\t<\/a>\n\t\t<\/div>\n\t\t<div class=\"qodef-item-text-holder\" >\n\t\t\t<div class=\"qodef-item-info-section\" >\n\t\t\t\t\t\t\t<\/div>\n\n\t\t\t<h4 class=\"qodef-item-title\" >\n\t\t\t\t<a href=\"https:\/\/cmcfestival.com.hr\/?p=10612\" >\n\t\t\t\t\tElio Pisak gradi pjesmu i ku\u0107u u novom singlu &#8220;Hej \u017eivote&#8221;\t\t\t\t<\/a>\n\t\t\t<\/h4>\n\n\t\t\t\t\t\t\t<p class=\"qodef-excerpt\" >S du\u0161om, ali bez para \u2013 tako se predstavlja Elio Pisak, koji na CMC festivalu izvodi pj.<\/p>\n\t\t\t\t\t<\/div>\n\t<\/div>\t\n<\/li><li class=\"qodef-blog-list-item clearfix\">\n\t<div class=\"qodef-blog-list-item-inner\">\n\t\t<div class=\"qodef-item-image\">\n\t\t\t<a href=\"https:\/\/cmcfestival.com.hr\/?p=10609\">\n\t\t\t\t<img loading=\"lazy\" decoding=\"async\" width=\"2560\" height=\"1706\" src=\"https:\/\/cmcfestival.com.hr\/wp-content\/uploads\/2025\/04\/Sandi-Cenov-scaled.jpg\" class=\"attachment-full size-full wp-post-image\" alt=\"\" srcset=\"https:\/\/cmcfestival.com.hr\/wp-content\/uploads\/2025\/04\/Sandi-Cenov-scaled.jpg 2560w, https:\/\/cmcfestival.com.hr\/wp-content\/uploads\/2025\/04\/Sandi-Cenov-300x200.jpg 300w, https:\/\/cmcfestival.com.hr\/wp-content\/uploads\/2025\/04\/Sandi-Cenov-1024x683.jpg 1024w, https:\/\/cmcfestival.com.hr\/wp-content\/uploads\/2025\/04\/Sandi-Cenov-768x512.jpg 768w, https:\/\/cmcfestival.com.hr\/wp-content\/uploads\/2025\/04\/Sandi-Cenov-1536x1024.jpg 1536w\" sizes=\"auto, (max-width: 2560px) 100vw, 2560px\" \/>\t\t\t\t\n\t\t\t<\/a>\n\t\t<\/div>\n\t\t<div class=\"qodef-item-text-holder\" >\n\t\t\t<div class=\"qodef-item-info-section\" >\n\t\t\t\t\t\t\t<\/div>\n\n\t\t\t<h4 class=\"qodef-item-title\" >\n\t\t\t\t<a href=\"https:\/\/cmcfestival.com.hr\/?p=10609\" >\n\t\t\t\t\tSandi Cenov i debitantski nastup na CMC-u singlom &#8220;Svima u inat&#8221;\t\t\t\t<\/a>\n\t\t\t<\/h4>\n\n\t\t\t\t\t\t\t<p class=\"qodef-excerpt\" >Iako na sceni vi\u0161e od tri desetlje\u0107a, Sandi Cenov ove godine po prvi put nastupa na CMC .<\/p>\n\t\t\t\t\t<\/div>\n\t<\/div>\t\n<\/li><li class=\"qodef-blog-list-item clearfix\">\n\t<div class=\"qodef-blog-list-item-inner\">\n\t\t<div class=\"qodef-item-image\">\n\t\t\t<a href=\"https:\/\/cmcfestival.com.hr\/?p=10606\">\n\t\t\t\t<img loading=\"lazy\" decoding=\"async\" width=\"2560\" height=\"1707\" src=\"https:\/\/cmcfestival.com.hr\/wp-content\/uploads\/2025\/04\/Daleka-obala-scaled.jpg\" class=\"attachment-full size-full wp-post-image\" alt=\"\" srcset=\"https:\/\/cmcfestival.com.hr\/wp-content\/uploads\/2025\/04\/Daleka-obala-scaled.jpg 2560w, https:\/\/cmcfestival.com.hr\/wp-content\/uploads\/2025\/04\/Daleka-obala-300x200.jpg 300w, https:\/\/cmcfestival.com.hr\/wp-content\/uploads\/2025\/04\/Daleka-obala-1024x683.jpg 1024w, https:\/\/cmcfestival.com.hr\/wp-content\/uploads\/2025\/04\/Daleka-obala-768x512.jpg 768w, https:\/\/cmcfestival.com.hr\/wp-content\/uploads\/2025\/04\/Daleka-obala-1536x1024.jpg 1536w\" sizes=\"auto, (max-width: 2560px) 100vw, 2560px\" \/>\t\t\t\t\n\t\t\t<\/a>\n\t\t<\/div>\n\t\t<div class=\"qodef-item-text-holder\" >\n\t\t\t<div class=\"qodef-item-info-section\" >\n\t\t\t\t\t\t\t<\/div>\n\n\t\t\t<h4 class=\"qodef-item-title\" >\n\t\t\t\t<a href=\"https:\/\/cmcfestival.com.hr\/?p=10606\" >\n\t\t\t\t\tDaleka obala &#8211; Dean, Zoki i Jadran debitiraju na CMC festivalu pjesmom &#8220;Sretan slu\u010daj&#8221;\t\t\t\t<\/a>\n\t\t\t<\/h4>\n\n\t\t\t\t\t\t\t<p class=\"qodef-excerpt\" >Splitski trojac Daleka obala \u2013 Dean, Zoki i Jadran\u00a0debitiraju na CMC festivalu novim si.<\/p>\n\t\t\t\t\t<\/div>\n\t<\/div>\t\n<\/li><li class=\"qodef-blog-list-item clearfix\">\n\t<div class=\"qodef-blog-list-item-inner\">\n\t\t<div class=\"qodef-item-image\">\n\t\t\t<a href=\"https:\/\/cmcfestival.com.hr\/?p=10603\">\n\t\t\t\t<img loading=\"lazy\" decoding=\"async\" width=\"2560\" height=\"1703\" src=\"https:\/\/cmcfestival.com.hr\/wp-content\/uploads\/2025\/04\/Vlado-Kalember-i-Srebrna-krila-scaled.jpg\" class=\"attachment-full size-full wp-post-image\" alt=\"\" srcset=\"https:\/\/cmcfestival.com.hr\/wp-content\/uploads\/2025\/04\/Vlado-Kalember-i-Srebrna-krila-scaled.jpg 2560w, https:\/\/cmcfestival.com.hr\/wp-content\/uploads\/2025\/04\/Vlado-Kalember-i-Srebrna-krila-300x200.jpg 300w, https:\/\/cmcfestival.com.hr\/wp-content\/uploads\/2025\/04\/Vlado-Kalember-i-Srebrna-krila-1024x681.jpg 1024w, https:\/\/cmcfestival.com.hr\/wp-content\/uploads\/2025\/04\/Vlado-Kalember-i-Srebrna-krila-768x511.jpg 768w, https:\/\/cmcfestival.com.hr\/wp-content\/uploads\/2025\/04\/Vlado-Kalember-i-Srebrna-krila-1536x1022.jpg 1536w\" sizes=\"auto, (max-width: 2560px) 100vw, 2560px\" \/>\t\t\t\t\n\t\t\t<\/a>\n\t\t<\/div>\n\t\t<div class=\"qodef-item-text-holder\" >\n\t\t\t<div class=\"qodef-item-info-section\" >\n\t\t\t\t\t\t\t<\/div>\n\n\t\t\t<h4 class=\"qodef-item-title\" >\n\t\t\t\t<a href=\"https:\/\/cmcfestival.com.hr\/?p=10603\" >\n\t\t\t\t\tVlado Kalember i Srebrna krila ponovno u Vodicama!\t\t\t\t<\/a>\n\t\t\t<\/h4>\n\n\t\t\t\t\t\t\t<p class=\"qodef-excerpt\" >Legendarni Vlado Kalember, poznat po bezvremenskim hitovima i karizmi, vra\u0107a se na CMC fe.<\/p>\n\t\t\t\t\t<\/div>\n\t<\/div>\t\n<\/li><li class=\"qodef-blog-list-item clearfix\">\n\t<div class=\"qodef-blog-list-item-inner\">\n\t\t<div class=\"qodef-item-image\">\n\t\t\t<a href=\"https:\/\/cmcfestival.com.hr\/?p=10596\">\n\t\t\t\t<img loading=\"lazy\" decoding=\"async\" width=\"1916\" height=\"2195\" src=\"https:\/\/cmcfestival.com.hr\/wp-content\/uploads\/2025\/04\/CMC-Festival-Vodice-2025.jpg\" class=\"attachment-full size-full wp-post-image\" alt=\"\" srcset=\"https:\/\/cmcfestival.com.hr\/wp-content\/uploads\/2025\/04\/CMC-Festival-Vodice-2025.jpg 1916w, https:\/\/cmcfestival.com.hr\/wp-content\/uploads\/2025\/04\/CMC-Festival-Vodice-2025-262x300.jpg 262w, https:\/\/cmcfestival.com.hr\/wp-content\/uploads\/2025\/04\/CMC-Festival-Vodice-2025-894x1024.jpg 894w, https:\/\/cmcfestival.com.hr\/wp-content\/uploads\/2025\/04\/CMC-Festival-Vodice-2025-768x880.jpg 768w, https:\/\/cmcfestival.com.hr\/wp-content\/uploads\/2025\/04\/CMC-Festival-Vodice-2025-1341x1536.jpg 1341w, https:\/\/cmcfestival.com.hr\/wp-content\/uploads\/2025\/04\/CMC-Festival-Vodice-2025-1788x2048.jpg 1788w\" sizes=\"auto, (max-width: 1916px) 100vw, 1916px\" \/>\t\t\t\t\n\t\t\t<\/a>\n\t\t<\/div>\n\t\t<div class=\"qodef-item-text-holder\" >\n\t\t\t<div class=\"qodef-item-info-section\" >\n\t\t\t\t\t\t\t<\/div>\n\n\t\t\t<h4 class=\"qodef-item-title\" >\n\t\t\t\t<a href=\"https:\/\/cmcfestival.com.hr\/?p=10596\" >\n\t\t\t\t\tCMC Festival Vodice 2025. &#8211; odr\u017eana prva konferencija za medije!\t\t\t\t<\/a>\n\t\t\t<\/h4>\n\n\t\t\t\t\t\t\t<p class=\"qodef-excerpt\" >Danas je u prostorijama diskografske ku\u0107e Croatia Records,\u00a0odr\u017eana prva konferencija za.<\/p>\n\t\t\t\t\t<\/div>\n\t<\/div>\t\n<\/li><li class=\"qodef-blog-list-item clearfix\">\n\t<div class=\"qodef-blog-list-item-inner\">\n\t\t<div class=\"qodef-item-image\">\n\t\t\t<a href=\"https:\/\/cmcfestival.com.hr\/?p=10582\">\n\t\t\t\t<img loading=\"lazy\" decoding=\"async\" width=\"2048\" height=\"1365\" src=\"https:\/\/cmcfestival.com.hr\/wp-content\/uploads\/2025\/02\/CMC-FESTIVAL.jpg\" class=\"attachment-full size-full wp-post-image\" alt=\"\" srcset=\"https:\/\/cmcfestival.com.hr\/wp-content\/uploads\/2025\/02\/CMC-FESTIVAL.jpg 2048w, https:\/\/cmcfestival.com.hr\/wp-content\/uploads\/2025\/02\/CMC-FESTIVAL-300x200.jpg 300w, https:\/\/cmcfestival.com.hr\/wp-content\/uploads\/2025\/02\/CMC-FESTIVAL-1024x683.jpg 1024w, https:\/\/cmcfestival.com.hr\/wp-content\/uploads\/2025\/02\/CMC-FESTIVAL-768x512.jpg 768w, https:\/\/cmcfestival.com.hr\/wp-content\/uploads\/2025\/02\/CMC-FESTIVAL-1536x1024.jpg 1536w\" sizes=\"auto, (max-width: 2048px) 100vw, 2048px\" \/>\t\t\t\t\n\t\t\t<\/a>\n\t\t<\/div>\n\t\t<div class=\"qodef-item-text-holder\" >\n\t\t\t<div class=\"qodef-item-info-section\" >\n\t\t\t\t\t\t\t<\/div>\n\n\t\t\t<h4 class=\"qodef-item-title\" >\n\t\t\t\t<a href=\"https:\/\/cmcfestival.com.hr\/?p=10582\" >\n\t\t\t\t\tCMC FESTIVAL VODICE 2025.\t\t\t\t<\/a>\n\t\t\t<\/h4>\n\n\t\t\t\t\t\t\t<p class=\"qodef-excerpt\" >&#8211; medijsko pokroviteljstvo &#8211;\u00a0 Po\u0161tovani, vrijeme je da po\u010dnemo s pripremama.<\/p>\n\t\t\t\t\t<\/div>\n\t<\/div>\t\n<\/li><li class=\"qodef-blog-list-item clearfix\">\n\t<div class=\"qodef-blog-list-item-inner\">\n\t\t<div class=\"qodef-item-image\">\n\t\t\t<a href=\"https:\/\/cmcfestival.com.hr\/?p=10575\">\n\t\t\t\t<img loading=\"lazy\" decoding=\"async\" width=\"2048\" height=\"1365\" src=\"https:\/\/cmcfestival.com.hr\/wp-content\/uploads\/2025\/01\/CMC-FESTIVAL-VODICE-2025.jpg\" class=\"attachment-full size-full wp-post-image\" alt=\"\" srcset=\"https:\/\/cmcfestival.com.hr\/wp-content\/uploads\/2025\/01\/CMC-FESTIVAL-VODICE-2025.jpg 2048w, https:\/\/cmcfestival.com.hr\/wp-content\/uploads\/2025\/01\/CMC-FESTIVAL-VODICE-2025-300x200.jpg 300w, https:\/\/cmcfestival.com.hr\/wp-content\/uploads\/2025\/01\/CMC-FESTIVAL-VODICE-2025-1024x683.jpg 1024w, https:\/\/cmcfestival.com.hr\/wp-content\/uploads\/2025\/01\/CMC-FESTIVAL-VODICE-2025-768x512.jpg 768w, https:\/\/cmcfestival.com.hr\/wp-content\/uploads\/2025\/01\/CMC-FESTIVAL-VODICE-2025-1536x1024.jpg 1536w\" sizes=\"auto, (max-width: 2048px) 100vw, 2048px\" \/>\t\t\t\t\n\t\t\t<\/a>\n\t\t<\/div>\n\t\t<div class=\"qodef-item-text-holder\" >\n\t\t\t<div class=\"qodef-item-info-section\" >\n\t\t\t\t\t\t\t<\/div>\n\n\t\t\t<h4 class=\"qodef-item-title\" >\n\t\t\t\t<a href=\"https:\/\/cmcfestival.com.hr\/?p=10575\" >\n\t\t\t\t\tCMC FESTIVAL VODICE 2025.\t\t\t\t<\/a>\n\t\t\t<\/h4>\n\n\t\t\t\t\t\t\t<p class=\"qodef-excerpt\" >&#8211; natje\u010daj &#8211; CMC televizija raspisuje NATJE\u010cAJ za pjesme koje \u0107e biti izved.<\/p>\n\t\t\t\t\t<\/div>\n\t<\/div>\t\n<\/li><li class=\"qodef-blog-list-item clearfix\">\n\t<div class=\"qodef-blog-list-item-inner\">\n\t\t<div class=\"qodef-item-image\">\n\t\t\t<a href=\"https:\/\/cmcfestival.com.hr\/?p=10560\">\n\t\t\t\t<img loading=\"lazy\" decoding=\"async\" width=\"2048\" height=\"1365\" src=\"https:\/\/cmcfestival.com.hr\/wp-content\/uploads\/2024\/06\/revijalni-dio-cmc-fest-2024.jpg\" class=\"attachment-full size-full wp-post-image\" alt=\"\" srcset=\"https:\/\/cmcfestival.com.hr\/wp-content\/uploads\/2024\/06\/revijalni-dio-cmc-fest-2024.jpg 2048w, https:\/\/cmcfestival.com.hr\/wp-content\/uploads\/2024\/06\/revijalni-dio-cmc-fest-2024-300x200.jpg 300w, https:\/\/cmcfestival.com.hr\/wp-content\/uploads\/2024\/06\/revijalni-dio-cmc-fest-2024-1024x683.jpg 1024w, https:\/\/cmcfestival.com.hr\/wp-content\/uploads\/2024\/06\/revijalni-dio-cmc-fest-2024-768x512.jpg 768w, https:\/\/cmcfestival.com.hr\/wp-content\/uploads\/2024\/06\/revijalni-dio-cmc-fest-2024-1536x1024.jpg 1536w\" sizes=\"auto, (max-width: 2048px) 100vw, 2048px\" \/>\t\t\t\t\n\t\t\t<\/a>\n\t\t<\/div>\n\t\t<div class=\"qodef-item-text-holder\" >\n\t\t\t<div class=\"qodef-item-info-section\" >\n\t\t\t\t\t\t\t<\/div>\n\n\t\t\t<h4 class=\"qodef-item-title\" >\n\t\t\t\t<a href=\"https:\/\/cmcfestival.com.hr\/?p=10560\" >\n\t\t\t\t\tFantasti\u010dan vikend uz CMC festival &#8211; Vodice u\u017eivale u spektakularnoj ve\u010deri najbolje doma\u0107e glazbe!\t\t\t\t<\/a>\n\t\t\t<\/h4>\n\n\t\t\t\t\t\t\t<p class=\"qodef-excerpt\" >Pro\u0161li vikend pro\u0161ao je u znaku najbolje doma\u0107e glazbe. Odr\u017ean je 16. CMC Festival Vod.<\/p>\n\t\t\t\t\t<\/div>\n\t<\/div>\t\n<\/li><li class=\"qodef-blog-list-item clearfix\">\n\t<div class=\"qodef-blog-list-item-inner\">\n\t\t<div class=\"qodef-item-image\">\n\t\t\t<a href=\"https:\/\/cmcfestival.com.hr\/?p=10553\">\n\t\t\t\t<img loading=\"lazy\" decoding=\"async\" width=\"2048\" height=\"1365\" src=\"https:\/\/cmcfestival.com.hr\/wp-content\/uploads\/2024\/06\/cmc-fest-petak.jpg\" class=\"attachment-full size-full wp-post-image\" alt=\"\" srcset=\"https:\/\/cmcfestival.com.hr\/wp-content\/uploads\/2024\/06\/cmc-fest-petak.jpg 2048w, https:\/\/cmcfestival.com.hr\/wp-content\/uploads\/2024\/06\/cmc-fest-petak-300x200.jpg 300w, https:\/\/cmcfestival.com.hr\/wp-content\/uploads\/2024\/06\/cmc-fest-petak-1024x683.jpg 1024w, https:\/\/cmcfestival.com.hr\/wp-content\/uploads\/2024\/06\/cmc-fest-petak-768x512.jpg 768w, https:\/\/cmcfestival.com.hr\/wp-content\/uploads\/2024\/06\/cmc-fest-petak-1536x1024.jpg 1536w\" sizes=\"auto, (max-width: 2048px) 100vw, 2048px\" \/>\t\t\t\t\n\t\t\t<\/a>\n\t\t<\/div>\n\t\t<div class=\"qodef-item-text-holder\" >\n\t\t\t<div class=\"qodef-item-info-section\" >\n\t\t\t\t\t\t\t<\/div>\n\n\t\t\t<h4 class=\"qodef-item-title\" >\n\t\t\t\t<a href=\"https:\/\/cmcfestival.com.hr\/?p=10553\" >\n\t\t\t\t\tSpektakularan po\u010detak CMC Festivala Vodice 2024. uz koncerte velikana zabavne glazbe Dra\u017eena Ze\u010di\u0107a, Matu Buli\u0107a, Miroslava \u0160koru i grupu Vigor\t\t\t\t<\/a>\n\t\t\t<\/h4>\n\n\t\t\t\t\t\t\t<p class=\"qodef-excerpt\" >Slu\u017ebeno otvorenje\u00a0CMC Festivala Vodice 2024.\u00a0zapo\u010delo je tradicionalnom vo\u017enjom brod.<\/p>\n\t\t\t\t\t<\/div>\n\t<\/div>\t\n<\/li><li class=\"qodef-blog-list-item clearfix\">\n\t<div class=\"qodef-blog-list-item-inner\">\n\t\t<div class=\"qodef-item-image\">\n\t\t\t<a href=\"https:\/\/cmcfestival.com.hr\/?p=10549\">\n\t\t\t\t<img loading=\"lazy\" decoding=\"async\" width=\"2560\" height=\"1707\" src=\"https:\/\/cmcfestival.com.hr\/wp-content\/uploads\/2024\/06\/Lana.S-i-Ivan-scaled.jpg\" class=\"attachment-full size-full wp-post-image\" alt=\"\" srcset=\"https:\/\/cmcfestival.com.hr\/wp-content\/uploads\/2024\/06\/Lana.S-i-Ivan-scaled.jpg 2560w, https:\/\/cmcfestival.com.hr\/wp-content\/uploads\/2024\/06\/Lana.S-i-Ivan-300x200.jpg 300w, https:\/\/cmcfestival.com.hr\/wp-content\/uploads\/2024\/06\/Lana.S-i-Ivan-1024x683.jpg 1024w, https:\/\/cmcfestival.com.hr\/wp-content\/uploads\/2024\/06\/Lana.S-i-Ivan-768x512.jpg 768w, https:\/\/cmcfestival.com.hr\/wp-content\/uploads\/2024\/06\/Lana.S-i-Ivan-1536x1024.jpg 1536w\" sizes=\"auto, (max-width: 2560px) 100vw, 2560px\" \/>\t\t\t\t\n\t\t\t<\/a>\n\t\t<\/div>\n\t\t<div class=\"qodef-item-text-holder\" >\n\t\t\t<div class=\"qodef-item-info-section\" >\n\t\t\t\t\t\t\t<\/div>\n\n\t\t\t<h4 class=\"qodef-item-title\" >\n\t\t\t\t<a href=\"https:\/\/cmcfestival.com.hr\/?p=10549\" >\n\t\t\t\t\tLana.S i Ivan Pu\u017e predstavit \u0107e se pjesmom &#8220;\u017divimo snove&#8221;\t\t\t\t<\/a>\n\t\t\t<\/h4>\n\n\t\t\t\t\t\t\t<p class=\"qodef-excerpt\" >Lana.S je na pozornicu CMC festivala prvi put stala 2021. godine kada je pokazala \u0161irok s.<\/p>\n\t\t\t\t\t<\/div>\n\t<\/div>\t\n<\/li><li class=\"qodef-blog-list-item clearfix\">\n\t<div class=\"qodef-blog-list-item-inner\">\n\t\t<div class=\"qodef-item-image\">\n\t\t\t<a href=\"https:\/\/cmcfestival.com.hr\/?p=10546\">\n\t\t\t\t<img loading=\"lazy\" decoding=\"async\" width=\"1920\" height=\"1280\" src=\"https:\/\/cmcfestival.com.hr\/wp-content\/uploads\/2024\/06\/Dino-Petric.jpg\" class=\"attachment-full size-full wp-post-image\" alt=\"\" srcset=\"https:\/\/cmcfestival.com.hr\/wp-content\/uploads\/2024\/06\/Dino-Petric.jpg 1920w, https:\/\/cmcfestival.com.hr\/wp-content\/uploads\/2024\/06\/Dino-Petric-300x200.jpg 300w, https:\/\/cmcfestival.com.hr\/wp-content\/uploads\/2024\/06\/Dino-Petric-1024x683.jpg 1024w, https:\/\/cmcfestival.com.hr\/wp-content\/uploads\/2024\/06\/Dino-Petric-768x512.jpg 768w, https:\/\/cmcfestival.com.hr\/wp-content\/uploads\/2024\/06\/Dino-Petric-1536x1024.jpg 1536w\" sizes=\"auto, (max-width: 1920px) 100vw, 1920px\" \/>\t\t\t\t\n\t\t\t<\/a>\n\t\t<\/div>\n\t\t<div class=\"qodef-item-text-holder\" >\n\t\t\t<div class=\"qodef-item-info-section\" >\n\t\t\t\t\t\t\t<\/div>\n\n\t\t\t<h4 class=\"qodef-item-title\" >\n\t\t\t\t<a href=\"https:\/\/cmcfestival.com.hr\/?p=10546\" >\n\t\t\t\t\tDino Petri\u0107 vodi\u010dkoj publici predstavit \u0107e pjesmu &#8220;Otvoreno more&#8221;\t\t\t\t<\/a>\n\t\t\t<\/h4>\n\n\t\t\t\t\t\t\t<p class=\"qodef-excerpt\" >Mladi i talentirani glazbenik, Dino Petri\u0107, dolazi na vodi\u010dku pozornicu s pjesmom &amp;#8220.<\/p>\n\t\t\t\t\t<\/div>\n\t<\/div>\t\n<\/li><li class=\"qodef-blog-list-item clearfix\">\n\t<div class=\"qodef-blog-list-item-inner\">\n\t\t<div class=\"qodef-item-image\">\n\t\t\t<a href=\"https:\/\/cmcfestival.com.hr\/?p=10543\">\n\t\t\t\t<img loading=\"lazy\" decoding=\"async\" width=\"2560\" height=\"1705\" src=\"https:\/\/cmcfestival.com.hr\/wp-content\/uploads\/2024\/06\/Marina-Tomasevic-scaled.jpg\" class=\"attachment-full size-full wp-post-image\" alt=\"\" srcset=\"https:\/\/cmcfestival.com.hr\/wp-content\/uploads\/2024\/06\/Marina-Tomasevic-scaled.jpg 2560w, https:\/\/cmcfestival.com.hr\/wp-content\/uploads\/2024\/06\/Marina-Tomasevic-300x200.jpg 300w, https:\/\/cmcfestival.com.hr\/wp-content\/uploads\/2024\/06\/Marina-Tomasevic-1024x682.jpg 1024w, https:\/\/cmcfestival.com.hr\/wp-content\/uploads\/2024\/06\/Marina-Tomasevic-768x511.jpg 768w, https:\/\/cmcfestival.com.hr\/wp-content\/uploads\/2024\/06\/Marina-Tomasevic-1536x1023.jpg 1536w\" sizes=\"auto, (max-width: 2560px) 100vw, 2560px\" \/>\t\t\t\t\n\t\t\t<\/a>\n\t\t<\/div>\n\t\t<div class=\"qodef-item-text-holder\" >\n\t\t\t<div class=\"qodef-item-info-section\" >\n\t\t\t\t\t\t\t<\/div>\n\n\t\t\t<h4 class=\"qodef-item-title\" >\n\t\t\t\t<a href=\"https:\/\/cmcfestival.com.hr\/?p=10543\" >\n\t\t\t\t\tMarina Toma\u0161evi\u0107 nastupit \u0107e pjesmom &#8220;No\u0107as te ostavljam&#8221;\t\t\t\t<\/a>\n\t\t\t<\/h4>\n\n\t\t\t\t\t\t\t<p class=\"qodef-excerpt\" >Marina Toma\u0161evi\u0107 vra\u0107a se na pozornicu CMC festivala. Ove godine dolazi s ljubavnom bal.<\/p>\n\t\t\t\t\t<\/div>\n\t<\/div>\t\n<\/li><li class=\"qodef-blog-list-item clearfix\">\n\t<div class=\"qodef-blog-list-item-inner\">\n\t\t<div class=\"qodef-item-image\">\n\t\t\t<a href=\"https:\/\/cmcfestival.com.hr\/?p=10540\">\n\t\t\t\t<img loading=\"lazy\" decoding=\"async\" width=\"2048\" height=\"1365\" src=\"https:\/\/cmcfestival.com.hr\/wp-content\/uploads\/2024\/06\/Lidija-Bacic-Lille.jpg\" class=\"attachment-full size-full wp-post-image\" alt=\"\" srcset=\"https:\/\/cmcfestival.com.hr\/wp-content\/uploads\/2024\/06\/Lidija-Bacic-Lille.jpg 2048w, https:\/\/cmcfestival.com.hr\/wp-content\/uploads\/2024\/06\/Lidija-Bacic-Lille-300x200.jpg 300w, https:\/\/cmcfestival.com.hr\/wp-content\/uploads\/2024\/06\/Lidija-Bacic-Lille-1024x683.jpg 1024w, https:\/\/cmcfestival.com.hr\/wp-content\/uploads\/2024\/06\/Lidija-Bacic-Lille-768x512.jpg 768w, https:\/\/cmcfestival.com.hr\/wp-content\/uploads\/2024\/06\/Lidija-Bacic-Lille-1536x1024.jpg 1536w\" sizes=\"auto, (max-width: 2048px) 100vw, 2048px\" \/>\t\t\t\t\n\t\t\t<\/a>\n\t\t<\/div>\n\t\t<div class=\"qodef-item-text-holder\" >\n\t\t\t<div class=\"qodef-item-info-section\" >\n\t\t\t\t\t\t\t<\/div>\n\n\t\t\t<h4 class=\"qodef-item-title\" >\n\t\t\t\t<a href=\"https:\/\/cmcfestival.com.hr\/?p=10540\" >\n\t\t\t\t\tLidija Ba\u010di\u0107 Lille zagrijat \u0107e atmosferu u Vodicama s &#8220;Gramom ljubavi&#8221;\t\t\t\t<\/a>\n\t\t\t<\/h4>\n\n\t\t\t\t\t\t\t<p class=\"qodef-excerpt\" >Osim \u0161to \u0107e sa svojim dugogodi\u0161njim kolegom Dra\u017eenom Ze\u010di\u0107em predstaviti\u00a0pjesmu &amp;#8.<\/p>\n\t\t\t\t\t<\/div>\n\t<\/div>\t\n<\/li><li class=\"qodef-blog-list-item clearfix\">\n\t<div class=\"qodef-blog-list-item-inner\">\n\t\t<div class=\"qodef-item-image\">\n\t\t\t<a href=\"https:\/\/cmcfestival.com.hr\/?p=10537\">\n\t\t\t\t<img loading=\"lazy\" decoding=\"async\" width=\"2560\" height=\"1705\" src=\"https:\/\/cmcfestival.com.hr\/wp-content\/uploads\/2024\/06\/Alka-Vuica-scaled.jpg\" class=\"attachment-full size-full wp-post-image\" alt=\"\" srcset=\"https:\/\/cmcfestival.com.hr\/wp-content\/uploads\/2024\/06\/Alka-Vuica-scaled.jpg 2560w, https:\/\/cmcfestival.com.hr\/wp-content\/uploads\/2024\/06\/Alka-Vuica-300x200.jpg 300w, https:\/\/cmcfestival.com.hr\/wp-content\/uploads\/2024\/06\/Alka-Vuica-1024x682.jpg 1024w, https:\/\/cmcfestival.com.hr\/wp-content\/uploads\/2024\/06\/Alka-Vuica-768x511.jpg 768w, https:\/\/cmcfestival.com.hr\/wp-content\/uploads\/2024\/06\/Alka-Vuica-1536x1023.jpg 1536w\" sizes=\"auto, (max-width: 2560px) 100vw, 2560px\" \/>\t\t\t\t\n\t\t\t<\/a>\n\t\t<\/div>\n\t\t<div class=\"qodef-item-text-holder\" >\n\t\t\t<div class=\"qodef-item-info-section\" >\n\t\t\t\t\t\t\t<\/div>\n\n\t\t\t<h4 class=\"qodef-item-title\" >\n\t\t\t\t<a href=\"https:\/\/cmcfestival.com.hr\/?p=10537\" >\n\t\t\t\t\tAlka Vuica uljep\u0161at \u0107e sjajnu ve\u010der pjesmom &#8220;Svadba bez kumova&#8221;\t\t\t\t<\/a>\n\t\t\t<\/h4>\n\n\t\t\t\t\t\t\t<p class=\"qodef-excerpt\" >Legenda doma\u0107e glazbene scene, pjeva\u010dica i autorica \u010diji su hitovi ispisali stranice gl.<\/p>\n\t\t\t\t\t<\/div>\n\t<\/div>\t\n<\/li><li class=\"qodef-blog-list-item clearfix\">\n\t<div class=\"qodef-blog-list-item-inner\">\n\t\t<div class=\"qodef-item-image\">\n\t\t\t<a href=\"https:\/\/cmcfestival.com.hr\/?p=10534\">\n\t\t\t\t<img loading=\"lazy\" decoding=\"async\" width=\"2560\" height=\"1705\" src=\"https:\/\/cmcfestival.com.hr\/wp-content\/uploads\/2024\/06\/Mladen-Grdovic-scaled.jpg\" class=\"attachment-full size-full wp-post-image\" alt=\"\" srcset=\"https:\/\/cmcfestival.com.hr\/wp-content\/uploads\/2024\/06\/Mladen-Grdovic-scaled.jpg 2560w, https:\/\/cmcfestival.com.hr\/wp-content\/uploads\/2024\/06\/Mladen-Grdovic-300x200.jpg 300w, https:\/\/cmcfestival.com.hr\/wp-content\/uploads\/2024\/06\/Mladen-Grdovic-1024x682.jpg 1024w, https:\/\/cmcfestival.com.hr\/wp-content\/uploads\/2024\/06\/Mladen-Grdovic-768x511.jpg 768w, https:\/\/cmcfestival.com.hr\/wp-content\/uploads\/2024\/06\/Mladen-Grdovic-1536x1023.jpg 1536w\" sizes=\"auto, (max-width: 2560px) 100vw, 2560px\" \/>\t\t\t\t\n\t\t\t<\/a>\n\t\t<\/div>\n\t\t<div class=\"qodef-item-text-holder\" >\n\t\t\t<div class=\"qodef-item-info-section\" >\n\t\t\t\t\t\t\t<\/div>\n\n\t\t\t<h4 class=\"qodef-item-title\" >\n\t\t\t\t<a href=\"https:\/\/cmcfestival.com.hr\/?p=10534\" >\n\t\t\t\t\tLegendarni Mladen Grdovi\u0107 dolazi i ove godine na CMC festival\t\t\t\t<\/a>\n\t\t\t<\/h4>\n\n\t\t\t\t\t\t\t<p class=\"qodef-excerpt\" >Mladen Grdovi\u0107 ove godine donosi emotivnu baladu posve\u0107enu rodnom kraju &#8220;Dica Dalm.<\/p>\n\t\t\t\t\t<\/div>\n\t<\/div>\t\n<\/li><li class=\"qodef-blog-list-item clearfix\">\n\t<div class=\"qodef-blog-list-item-inner\">\n\t\t<div class=\"qodef-item-image\">\n\t\t\t<a href=\"https:\/\/cmcfestival.com.hr\/?p=10531\">\n\t\t\t\t<img loading=\"lazy\" decoding=\"async\" width=\"2560\" height=\"1705\" src=\"https:\/\/cmcfestival.com.hr\/wp-content\/uploads\/2024\/06\/Mia-Dimsic-scaled.jpg\" class=\"attachment-full size-full wp-post-image\" alt=\"\" srcset=\"https:\/\/cmcfestival.com.hr\/wp-content\/uploads\/2024\/06\/Mia-Dimsic-scaled.jpg 2560w, https:\/\/cmcfestival.com.hr\/wp-content\/uploads\/2024\/06\/Mia-Dimsic-300x200.jpg 300w, https:\/\/cmcfestival.com.hr\/wp-content\/uploads\/2024\/06\/Mia-Dimsic-1024x682.jpg 1024w, https:\/\/cmcfestival.com.hr\/wp-content\/uploads\/2024\/06\/Mia-Dimsic-768x511.jpg 768w, https:\/\/cmcfestival.com.hr\/wp-content\/uploads\/2024\/06\/Mia-Dimsic-1536x1023.jpg 1536w\" sizes=\"auto, (max-width: 2560px) 100vw, 2560px\" \/>\t\t\t\t\n\t\t\t<\/a>\n\t\t<\/div>\n\t\t<div class=\"qodef-item-text-holder\" >\n\t\t\t<div class=\"qodef-item-info-section\" >\n\t\t\t\t\t\t\t<\/div>\n\n\t\t\t<h4 class=\"qodef-item-title\" >\n\t\t\t\t<a href=\"https:\/\/cmcfestival.com.hr\/?p=10531\" >\n\t\t\t\t\tMia Dim\u0161i\u0107 raspjevat \u0107e Vodice pjesmom &#8220;Sto puta ne&#8221;\t\t\t\t<\/a>\n\t\t\t<\/h4>\n\n\t\t\t\t\t\t\t<p class=\"qodef-excerpt\" >Jedna od najve\u0107ih doma\u0107ih zvijezda i ove \u0107e godine uljep\u0161ati CMC festival svojim nastu.<\/p>\n\t\t\t\t\t<\/div>\n\t<\/div>\t\n<\/li><li class=\"qodef-blog-list-item clearfix\">\n\t<div class=\"qodef-blog-list-item-inner\">\n\t\t<div class=\"qodef-item-image\">\n\t\t\t<a href=\"https:\/\/cmcfestival.com.hr\/?p=10528\">\n\t\t\t\t<img loading=\"lazy\" decoding=\"async\" width=\"626\" height=\"542\" src=\"https:\/\/cmcfestival.com.hr\/wp-content\/uploads\/2024\/06\/Ivan-Zak.jpg\" class=\"attachment-full size-full wp-post-image\" alt=\"\" srcset=\"https:\/\/cmcfestival.com.hr\/wp-content\/uploads\/2024\/06\/Ivan-Zak.jpg 626w, https:\/\/cmcfestival.com.hr\/wp-content\/uploads\/2024\/06\/Ivan-Zak-300x260.jpg 300w\" sizes=\"auto, (max-width: 626px) 100vw, 626px\" \/>\t\t\t\t\n\t\t\t<\/a>\n\t\t<\/div>\n\t\t<div class=\"qodef-item-text-holder\" >\n\t\t\t<div class=\"qodef-item-info-section\" >\n\t\t\t\t\t\t\t<\/div>\n\n\t\t\t<h4 class=\"qodef-item-title\" >\n\t\t\t\t<a href=\"https:\/\/cmcfestival.com.hr\/?p=10528\" >\n\t\t\t\t\tIvan Zak u Vodice dolazi s hitom &#8220;Tajne na\u0161e&#8221;\t\t\t\t<\/a>\n\t\t\t<\/h4>\n\n\t\t\t\t\t\t\t<p class=\"qodef-excerpt\" >Ivan Zak nedavno je objavio &#8220;Tajne na\u0161e&#8221;, pjesmu koja je ubrzo nakon objave p.<\/p>\n\t\t\t\t\t<\/div>\n\t<\/div>\t\n<\/li><li class=\"qodef-blog-list-item clearfix\">\n\t<div class=\"qodef-blog-list-item-inner\">\n\t\t<div class=\"qodef-item-image\">\n\t\t\t<a href=\"https:\/\/cmcfestival.com.hr\/?p=10523\">\n\t\t\t\t<img loading=\"lazy\" decoding=\"async\" width=\"2560\" height=\"1703\" src=\"https:\/\/cmcfestival.com.hr\/wp-content\/uploads\/2024\/06\/petak-cmc-fest-scaled.jpg\" class=\"attachment-full size-full wp-post-image\" alt=\"\" srcset=\"https:\/\/cmcfestival.com.hr\/wp-content\/uploads\/2024\/06\/petak-cmc-fest-scaled.jpg 2560w, https:\/\/cmcfestival.com.hr\/wp-content\/uploads\/2024\/06\/petak-cmc-fest-300x200.jpg 300w, https:\/\/cmcfestival.com.hr\/wp-content\/uploads\/2024\/06\/petak-cmc-fest-1024x681.jpg 1024w, https:\/\/cmcfestival.com.hr\/wp-content\/uploads\/2024\/06\/petak-cmc-fest-768x511.jpg 768w, https:\/\/cmcfestival.com.hr\/wp-content\/uploads\/2024\/06\/petak-cmc-fest-1536x1022.jpg 1536w\" sizes=\"auto, (max-width: 2560px) 100vw, 2560px\" \/>\t\t\t\t\n\t\t\t<\/a>\n\t\t<\/div>\n\t\t<div class=\"qodef-item-text-holder\" >\n\t\t\t<div class=\"qodef-item-info-section\" >\n\t\t\t\t\t\t\t<\/div>\n\n\t\t\t<h4 class=\"qodef-item-title\" >\n\t\t\t\t<a href=\"https:\/\/cmcfestival.com.hr\/?p=10523\" >\n\t\t\t\t\tCMC festival Vodice u petak sprema koncertni spektakl!\t\t\t\t<\/a>\n\t\t\t<\/h4>\n\n\t\t\t\t\t\t\t<p class=\"qodef-excerpt\" >Nastupaju Miroslav\u00a0\u0160koro, Dra\u017een\u00a0Ze\u010di\u0107, Mate Buli\u0107\u00a0i Vigor CMC festival Vodice 202.<\/p>\n\t\t\t\t\t<\/div>\n\t<\/div>\t\n<\/li><li class=\"qodef-blog-list-item clearfix\">\n\t<div class=\"qodef-blog-list-item-inner\">\n\t\t<div class=\"qodef-item-image\">\n\t\t\t<a href=\"https:\/\/cmcfestival.com.hr\/?p=10518\">\n\t\t\t\t<img loading=\"lazy\" decoding=\"async\" width=\"1810\" height=\"2560\" src=\"https:\/\/cmcfestival.com.hr\/wp-content\/uploads\/2024\/06\/Program-Festivala-2024-FINAL-vazeci-2-scaled.jpg\" class=\"attachment-full size-full wp-post-image\" alt=\"\" srcset=\"https:\/\/cmcfestival.com.hr\/wp-content\/uploads\/2024\/06\/Program-Festivala-2024-FINAL-vazeci-2-scaled.jpg 1810w, https:\/\/cmcfestival.com.hr\/wp-content\/uploads\/2024\/06\/Program-Festivala-2024-FINAL-vazeci-2-212x300.jpg 212w, https:\/\/cmcfestival.com.hr\/wp-content\/uploads\/2024\/06\/Program-Festivala-2024-FINAL-vazeci-2-724x1024.jpg 724w, https:\/\/cmcfestival.com.hr\/wp-content\/uploads\/2024\/06\/Program-Festivala-2024-FINAL-vazeci-2-768x1086.jpg 768w, https:\/\/cmcfestival.com.hr\/wp-content\/uploads\/2024\/06\/Program-Festivala-2024-FINAL-vazeci-2-1086x1536.jpg 1086w, https:\/\/cmcfestival.com.hr\/wp-content\/uploads\/2024\/06\/Program-Festivala-2024-FINAL-vazeci-2-1448x2048.jpg 1448w\" sizes=\"auto, (max-width: 1810px) 100vw, 1810px\" \/>\t\t\t\t\n\t\t\t<\/a>\n\t\t<\/div>\n\t\t<div class=\"qodef-item-text-holder\" >\n\t\t\t<div class=\"qodef-item-info-section\" >\n\t\t\t\t\t\t\t<\/div>\n\n\t\t\t<h4 class=\"qodef-item-title\" >\n\t\t\t\t<a href=\"https:\/\/cmcfestival.com.hr\/?p=10518\" >\n\t\t\t\t\tPoznat je program 16. CMC festivala Vodice 2024. powered by Calzedonia\t\t\t\t<\/a>\n\t\t\t<\/h4>\n\n\t\t\t\t\t\t\t<p class=\"qodef-excerpt\" >.<\/p>\n\t\t\t\t\t<\/div>\n\t<\/div>\t\n<\/li><li class=\"qodef-blog-list-item clearfix\">\n\t<div class=\"qodef-blog-list-item-inner\">\n\t\t<div class=\"qodef-item-image\">\n\t\t\t<a href=\"https:\/\/cmcfestival.com.hr\/?p=10512\">\n\t\t\t\t<img loading=\"lazy\" decoding=\"async\" width=\"1613\" height=\"754\" src=\"https:\/\/cmcfestival.com.hr\/wp-content\/uploads\/2024\/06\/poziv-za-akreditacije.png\" class=\"attachment-full size-full wp-post-image\" alt=\"\" srcset=\"https:\/\/cmcfestival.com.hr\/wp-content\/uploads\/2024\/06\/poziv-za-akreditacije.png 1613w, https:\/\/cmcfestival.com.hr\/wp-content\/uploads\/2024\/06\/poziv-za-akreditacije-300x140.png 300w, https:\/\/cmcfestival.com.hr\/wp-content\/uploads\/2024\/06\/poziv-za-akreditacije-1024x479.png 1024w, https:\/\/cmcfestival.com.hr\/wp-content\/uploads\/2024\/06\/poziv-za-akreditacije-768x359.png 768w, https:\/\/cmcfestival.com.hr\/wp-content\/uploads\/2024\/06\/poziv-za-akreditacije-1536x718.png 1536w\" sizes=\"auto, (max-width: 1613px) 100vw, 1613px\" \/>\t\t\t\t\n\t\t\t<\/a>\n\t\t<\/div>\n\t\t<div class=\"qodef-item-text-holder\" >\n\t\t\t<div class=\"qodef-item-info-section\" >\n\t\t\t\t\t\t\t<\/div>\n\n\t\t\t<h4 class=\"qodef-item-title\" >\n\t\t\t\t<a href=\"https:\/\/cmcfestival.com.hr\/?p=10512\" >\n\t\t\t\t\tPOZIV ZA AKREDITIRANJE\t\t\t\t<\/a>\n\t\t\t<\/h4>\n\n\t\t\t\t\t\t\t<p class=\"qodef-excerpt\" >Po\u0161tovani kolege i suradnici, pribli\u017eavamo se 16. izdanju\u00a0najve\u0107eg festivala doma\u0107e g.<\/p>\n\t\t\t\t\t<\/div>\n\t<\/div>\t\n<\/li><li class=\"qodef-blog-list-item clearfix\">\n\t<div class=\"qodef-blog-list-item-inner\">\n\t\t<div class=\"qodef-item-image\">\n\t\t\t<a href=\"https:\/\/cmcfestival.com.hr\/?p=10509\">\n\t\t\t\t<img loading=\"lazy\" decoding=\"async\" width=\"2560\" height=\"1707\" src=\"https:\/\/cmcfestival.com.hr\/wp-content\/uploads\/2024\/05\/Tropico-Band-scaled.jpg\" class=\"attachment-full size-full wp-post-image\" alt=\"\" srcset=\"https:\/\/cmcfestival.com.hr\/wp-content\/uploads\/2024\/05\/Tropico-Band-scaled.jpg 2560w, https:\/\/cmcfestival.com.hr\/wp-content\/uploads\/2024\/05\/Tropico-Band-300x200.jpg 300w, https:\/\/cmcfestival.com.hr\/wp-content\/uploads\/2024\/05\/Tropico-Band-1024x683.jpg 1024w, https:\/\/cmcfestival.com.hr\/wp-content\/uploads\/2024\/05\/Tropico-Band-768x512.jpg 768w, https:\/\/cmcfestival.com.hr\/wp-content\/uploads\/2024\/05\/Tropico-Band-1536x1024.jpg 1536w\" sizes=\"auto, (max-width: 2560px) 100vw, 2560px\" \/>\t\t\t\t\n\t\t\t<\/a>\n\t\t<\/div>\n\t\t<div class=\"qodef-item-text-holder\" >\n\t\t\t<div class=\"qodef-item-info-section\" >\n\t\t\t\t\t\t\t<\/div>\n\n\t\t\t<h4 class=\"qodef-item-title\" >\n\t\t\t\t<a href=\"https:\/\/cmcfestival.com.hr\/?p=10509\" >\n\t\t\t\t\tTropico Band u Vodice dolazi s posebnom baladom\t\t\t\t<\/a>\n\t\t\t<\/h4>\n\n\t\t\t\t\t\t\t<p class=\"qodef-excerpt\" >Jedan od najenergi\u010dnijih regionalnih bendova, Tropico Band, po prvi put \u0107e se predstavit.<\/p>\n\t\t\t\t\t<\/div>\n\t<\/div>\t\n<\/li><li class=\"qodef-blog-list-item clearfix\">\n\t<div class=\"qodef-blog-list-item-inner\">\n\t\t<div class=\"qodef-item-image\">\n\t\t\t<a href=\"https:\/\/cmcfestival.com.hr\/?p=10506\">\n\t\t\t\t<img loading=\"lazy\" decoding=\"async\" width=\"2560\" height=\"1707\" src=\"https:\/\/cmcfestival.com.hr\/wp-content\/uploads\/2024\/05\/Zona-Iskljucenja-scaled.jpg\" class=\"attachment-full size-full wp-post-image\" alt=\"\" srcset=\"https:\/\/cmcfestival.com.hr\/wp-content\/uploads\/2024\/05\/Zona-Iskljucenja-scaled.jpg 2560w, https:\/\/cmcfestival.com.hr\/wp-content\/uploads\/2024\/05\/Zona-Iskljucenja-300x200.jpg 300w, https:\/\/cmcfestival.com.hr\/wp-content\/uploads\/2024\/05\/Zona-Iskljucenja-1024x683.jpg 1024w, https:\/\/cmcfestival.com.hr\/wp-content\/uploads\/2024\/05\/Zona-Iskljucenja-768x512.jpg 768w, https:\/\/cmcfestival.com.hr\/wp-content\/uploads\/2024\/05\/Zona-Iskljucenja-1536x1024.jpg 1536w\" sizes=\"auto, (max-width: 2560px) 100vw, 2560px\" \/>\t\t\t\t\n\t\t\t<\/a>\n\t\t<\/div>\n\t\t<div class=\"qodef-item-text-holder\" >\n\t\t\t<div class=\"qodef-item-info-section\" >\n\t\t\t\t\t\t\t<\/div>\n\n\t\t\t<h4 class=\"qodef-item-title\" >\n\t\t\t\t<a href=\"https:\/\/cmcfestival.com.hr\/?p=10506\" >\n\t\t\t\t\tPrvi put na pozornicu CMC festivala dolazi Zona Isklju\u010denja\t\t\t\t<\/a>\n\t\t\t<\/h4>\n\n\t\t\t\t\t\t\t<p class=\"qodef-excerpt\" >Bosanskohercegova\u010dka grupa Zona Isklju\u010denja dodatno \u0107e zagrijati pozornicu u Vodicama s.<\/p>\n\t\t\t\t\t<\/div>\n\t<\/div>\t\n<\/li><li class=\"qodef-blog-list-item clearfix\">\n\t<div class=\"qodef-blog-list-item-inner\">\n\t\t<div class=\"qodef-item-image\">\n\t\t\t<a href=\"https:\/\/cmcfestival.com.hr\/?p=10503\">\n\t\t\t\t<img loading=\"lazy\" decoding=\"async\" width=\"2560\" height=\"1707\" src=\"https:\/\/cmcfestival.com.hr\/wp-content\/uploads\/2024\/05\/Ante-Cash-scaled.jpg\" class=\"attachment-full size-full wp-post-image\" alt=\"\" srcset=\"https:\/\/cmcfestival.com.hr\/wp-content\/uploads\/2024\/05\/Ante-Cash-scaled.jpg 2560w, https:\/\/cmcfestival.com.hr\/wp-content\/uploads\/2024\/05\/Ante-Cash-300x200.jpg 300w, https:\/\/cmcfestival.com.hr\/wp-content\/uploads\/2024\/05\/Ante-Cash-1024x683.jpg 1024w, https:\/\/cmcfestival.com.hr\/wp-content\/uploads\/2024\/05\/Ante-Cash-768x512.jpg 768w, https:\/\/cmcfestival.com.hr\/wp-content\/uploads\/2024\/05\/Ante-Cash-1536x1024.jpg 1536w\" sizes=\"auto, (max-width: 2560px) 100vw, 2560px\" \/>\t\t\t\t\n\t\t\t<\/a>\n\t\t<\/div>\n\t\t<div class=\"qodef-item-text-holder\" >\n\t\t\t<div class=\"qodef-item-info-section\" >\n\t\t\t\t\t\t\t<\/div>\n\n\t\t\t<h4 class=\"qodef-item-title\" >\n\t\t\t\t<a href=\"https:\/\/cmcfestival.com.hr\/?p=10503\" >\n\t\t\t\t\tAnte Cash raspjevat \u0107e publiku pjesmom &#8220;Ne kuva ko moja mater&#8221;\t\t\t\t<\/a>\n\t\t\t<\/h4>\n\n\t\t\t\t\t\t\t<p class=\"qodef-excerpt\" >&#8220;Moja je \u017eena influencer, s pazara nam donese Zara kese&#8221;\u00a0poru\u010dio je Ante Ca.<\/p>\n\t\t\t\t\t<\/div>\n\t<\/div>\t\n<\/li><li class=\"qodef-blog-list-item clearfix\">\n\t<div class=\"qodef-blog-list-item-inner\">\n\t\t<div class=\"qodef-item-image\">\n\t\t\t<a href=\"https:\/\/cmcfestival.com.hr\/?p=10500\">\n\t\t\t\t<img loading=\"lazy\" decoding=\"async\" width=\"2560\" height=\"1700\" src=\"https:\/\/cmcfestival.com.hr\/wp-content\/uploads\/2024\/05\/Zvone-i-Zeljko-scaled.jpg\" class=\"attachment-full size-full wp-post-image\" alt=\"\" srcset=\"https:\/\/cmcfestival.com.hr\/wp-content\/uploads\/2024\/05\/Zvone-i-Zeljko-scaled.jpg 2560w, https:\/\/cmcfestival.com.hr\/wp-content\/uploads\/2024\/05\/Zvone-i-Zeljko-300x199.jpg 300w, https:\/\/cmcfestival.com.hr\/wp-content\/uploads\/2024\/05\/Zvone-i-Zeljko-1024x680.jpg 1024w, https:\/\/cmcfestival.com.hr\/wp-content\/uploads\/2024\/05\/Zvone-i-Zeljko-768x510.jpg 768w, https:\/\/cmcfestival.com.hr\/wp-content\/uploads\/2024\/05\/Zvone-i-Zeljko-1536x1020.jpg 1536w\" sizes=\"auto, (max-width: 2560px) 100vw, 2560px\" \/>\t\t\t\t\n\t\t\t<\/a>\n\t\t<\/div>\n\t\t<div class=\"qodef-item-text-holder\" >\n\t\t\t<div class=\"qodef-item-info-section\" >\n\t\t\t\t\t\t\t<\/div>\n\n\t\t\t<h4 class=\"qodef-item-title\" >\n\t\t\t\t<a href=\"https:\/\/cmcfestival.com.hr\/?p=10500\" >\n\t\t\t\t\tLegendarni \u017deljko Bebek ove godine u Vodice dolazi s pjesmom &#8220;Ne boj se golubice&#8221;\t\t\t\t<\/a>\n\t\t\t<\/h4>\n\n\t\t\t\t\t\t\t<p class=\"qodef-excerpt\" >\u017deljko Bebek i njegov sin Zvone i ove \u0107e godine razveseliti vodi\u010dku publiku i predstavi.<\/p>\n\t\t\t\t\t<\/div>\n\t<\/div>\t\n<\/li><li class=\"qodef-blog-list-item clearfix\">\n\t<div class=\"qodef-blog-list-item-inner\">\n\t\t<div class=\"qodef-item-image\">\n\t\t\t<a href=\"https:\/\/cmcfestival.com.hr\/?p=10495\">\n\t\t\t\t<img loading=\"lazy\" decoding=\"async\" width=\"2048\" height=\"1365\" src=\"https:\/\/cmcfestival.com.hr\/wp-content\/uploads\/2024\/05\/warm-up-party.jpg\" class=\"attachment-full size-full wp-post-image\" alt=\"\" srcset=\"https:\/\/cmcfestival.com.hr\/wp-content\/uploads\/2024\/05\/warm-up-party.jpg 2048w, https:\/\/cmcfestival.com.hr\/wp-content\/uploads\/2024\/05\/warm-up-party-300x200.jpg 300w, https:\/\/cmcfestival.com.hr\/wp-content\/uploads\/2024\/05\/warm-up-party-1024x683.jpg 1024w, https:\/\/cmcfestival.com.hr\/wp-content\/uploads\/2024\/05\/warm-up-party-768x512.jpg 768w, https:\/\/cmcfestival.com.hr\/wp-content\/uploads\/2024\/05\/warm-up-party-1536x1024.jpg 1536w\" sizes=\"auto, (max-width: 2048px) 100vw, 2048px\" \/>\t\t\t\t\n\t\t\t<\/a>\n\t\t<\/div>\n\t\t<div class=\"qodef-item-text-holder\" >\n\t\t\t<div class=\"qodef-item-info-section\" >\n\t\t\t\t\t\t\t<\/div>\n\n\t\t\t<h4 class=\"qodef-item-title\" >\n\t\t\t\t<a href=\"https:\/\/cmcfestival.com.hr\/?p=10495\" >\n\t\t\t\t\tOdr\u017ean CMC festival Vodice warm-up party &#8211; brojni glazbenici pozdravili 16. izdanje najva\u017enijeg festivala zabavne i pop glazbe u regiji\t\t\t\t<\/a>\n\t\t\t<\/h4>\n\n\t\t\t\t\t\t\t<p class=\"qodef-excerpt\" >Najavljeni i headlineri\u00a0koncertnog programa! Iza nas je odli\u010dan party i druga press konf.<\/p>\n\t\t\t\t\t<\/div>\n\t<\/div>\t\n<\/li><li class=\"qodef-blog-list-item clearfix\">\n\t<div class=\"qodef-blog-list-item-inner\">\n\t\t<div class=\"qodef-item-image\">\n\t\t\t<a href=\"https:\/\/cmcfestival.com.hr\/?p=10486\">\n\t\t\t\t<img loading=\"lazy\" decoding=\"async\" width=\"2560\" height=\"1707\" src=\"https:\/\/cmcfestival.com.hr\/wp-content\/uploads\/2024\/05\/Mile-Perkov.jpg\" class=\"attachment-full size-full wp-post-image\" alt=\"\" srcset=\"https:\/\/cmcfestival.com.hr\/wp-content\/uploads\/2024\/05\/Mile-Perkov.jpg 2560w, https:\/\/cmcfestival.com.hr\/wp-content\/uploads\/2024\/05\/Mile-Perkov-300x200.jpg 300w, https:\/\/cmcfestival.com.hr\/wp-content\/uploads\/2024\/05\/Mile-Perkov-1024x683.jpg 1024w, https:\/\/cmcfestival.com.hr\/wp-content\/uploads\/2024\/05\/Mile-Perkov-768x512.jpg 768w, https:\/\/cmcfestival.com.hr\/wp-content\/uploads\/2024\/05\/Mile-Perkov-1536x1024.jpg 1536w\" sizes=\"auto, (max-width: 2560px) 100vw, 2560px\" \/>\t\t\t\t\n\t\t\t<\/a>\n\t\t<\/div>\n\t\t<div class=\"qodef-item-text-holder\" >\n\t\t\t<div class=\"qodef-item-info-section\" >\n\t\t\t\t\t\t\t<\/div>\n\n\t\t\t<h4 class=\"qodef-item-title\" >\n\t\t\t\t<a href=\"https:\/\/cmcfestival.com.hr\/?p=10486\" >\n\t\t\t\t\tMile Perkov se vra\u0107a i ove godine u Vodice, razveselit \u0107e publiku \u0161aljivom pjesmom &#8220;A di nam je kapetan?&#8221;\t\t\t\t<\/a>\n\t\t\t<\/h4>\n\n\t\t\t\t\t\t\t<p class=\"qodef-excerpt\" >Mile Perkov u Vodicama je na doma\u0107em terenu, a ove godine udru\u017eio je snage s grupom Kont.<\/p>\n\t\t\t\t\t<\/div>\n\t<\/div>\t\n<\/li><li class=\"qodef-blog-list-item clearfix\">\n\t<div class=\"qodef-blog-list-item-inner\">\n\t\t<div class=\"qodef-item-image\">\n\t\t\t<a href=\"https:\/\/cmcfestival.com.hr\/?p=10480\">\n\t\t\t\t<img loading=\"lazy\" decoding=\"async\" width=\"2048\" height=\"1365\" src=\"https:\/\/cmcfestival.com.hr\/wp-content\/uploads\/2024\/05\/Mirza-Selimovic.jpg\" class=\"attachment-full size-full wp-post-image\" alt=\"\" srcset=\"https:\/\/cmcfestival.com.hr\/wp-content\/uploads\/2024\/05\/Mirza-Selimovic.jpg 2048w, https:\/\/cmcfestival.com.hr\/wp-content\/uploads\/2024\/05\/Mirza-Selimovic-300x200.jpg 300w, https:\/\/cmcfestival.com.hr\/wp-content\/uploads\/2024\/05\/Mirza-Selimovic-1024x683.jpg 1024w, https:\/\/cmcfestival.com.hr\/wp-content\/uploads\/2024\/05\/Mirza-Selimovic-768x512.jpg 768w, https:\/\/cmcfestival.com.hr\/wp-content\/uploads\/2024\/05\/Mirza-Selimovic-1536x1024.jpg 1536w\" sizes=\"auto, (max-width: 2048px) 100vw, 2048px\" \/>\t\t\t\t\n\t\t\t<\/a>\n\t\t<\/div>\n\t\t<div class=\"qodef-item-text-holder\" >\n\t\t\t<div class=\"qodef-item-info-section\" >\n\t\t\t\t\t\t\t<\/div>\n\n\t\t\t<h4 class=\"qodef-item-title\" >\n\t\t\t\t<a href=\"https:\/\/cmcfestival.com.hr\/?p=10480\" >\n\t\t\t\t\tPrvi puta na vodi\u010dku pozornicu dolazi Mirza Selimovi\u0107\t\t\t\t<\/a>\n\t\t\t<\/h4>\n\n\t\t\t\t\t\t\t<p class=\"qodef-excerpt\" >CMC festival svake godine donosi ne\u0161to svje\u017ee i novo pa \u0107e se tako prvi puta\u00a0vodi\u010dkoj.<\/p>\n\t\t\t\t\t<\/div>\n\t<\/div>\t\n<\/li><li class=\"qodef-blog-list-item clearfix\">\n\t<div class=\"qodef-blog-list-item-inner\">\n\t\t<div class=\"qodef-item-image\">\n\t\t\t<a href=\"https:\/\/cmcfestival.com.hr\/?p=10483\">\n\t\t\t\t<img loading=\"lazy\" decoding=\"async\" width=\"1619\" height=\"908\" src=\"https:\/\/cmcfestival.com.hr\/wp-content\/uploads\/2024\/05\/Nocni-skok.png\" class=\"attachment-full size-full wp-post-image\" alt=\"\" srcset=\"https:\/\/cmcfestival.com.hr\/wp-content\/uploads\/2024\/05\/Nocni-skok.png 1619w, https:\/\/cmcfestival.com.hr\/wp-content\/uploads\/2024\/05\/Nocni-skok-300x168.png 300w, https:\/\/cmcfestival.com.hr\/wp-content\/uploads\/2024\/05\/Nocni-skok-1024x574.png 1024w, https:\/\/cmcfestival.com.hr\/wp-content\/uploads\/2024\/05\/Nocni-skok-768x431.png 768w, https:\/\/cmcfestival.com.hr\/wp-content\/uploads\/2024\/05\/Nocni-skok-1536x861.png 1536w\" sizes=\"auto, (max-width: 1619px) 100vw, 1619px\" \/>\t\t\t\t\n\t\t\t<\/a>\n\t\t<\/div>\n\t\t<div class=\"qodef-item-text-holder\" >\n\t\t\t<div class=\"qodef-item-info-section\" >\n\t\t\t\t\t\t\t<\/div>\n\n\t\t\t<h4 class=\"qodef-item-title\" >\n\t\t\t\t<a href=\"https:\/\/cmcfestival.com.hr\/?p=10483\" >\n\t\t\t\t\tNo\u010dni skok u Vodice dolazi s pjesmom &#8220;Apolon&#8221;\t\t\t\t<\/a>\n\t\t\t<\/h4>\n\n\t\t\t\t\t\t\t<p class=\"qodef-excerpt\" >No\u010dni skok je sinonim za nezaboravne zabave i lude provode, a svoju energiju prvi puta \u0107.<\/p>\n\t\t\t\t\t<\/div>\n\t<\/div>\t\n<\/li><li class=\"qodef-blog-list-item clearfix\">\n\t<div class=\"qodef-blog-list-item-inner\">\n\t\t<div class=\"qodef-item-image\">\n\t\t\t<a href=\"https:\/\/cmcfestival.com.hr\/?p=10477\">\n\t\t\t\t<img loading=\"lazy\" decoding=\"async\" width=\"2560\" height=\"1707\" src=\"https:\/\/cmcfestival.com.hr\/wp-content\/uploads\/2024\/05\/Nives-Celzijus-scaled.jpg\" class=\"attachment-full size-full wp-post-image\" alt=\"\" srcset=\"https:\/\/cmcfestival.com.hr\/wp-content\/uploads\/2024\/05\/Nives-Celzijus-scaled.jpg 2560w, https:\/\/cmcfestival.com.hr\/wp-content\/uploads\/2024\/05\/Nives-Celzijus-300x200.jpg 300w, https:\/\/cmcfestival.com.hr\/wp-content\/uploads\/2024\/05\/Nives-Celzijus-1024x683.jpg 1024w, https:\/\/cmcfestival.com.hr\/wp-content\/uploads\/2024\/05\/Nives-Celzijus-768x512.jpg 768w, https:\/\/cmcfestival.com.hr\/wp-content\/uploads\/2024\/05\/Nives-Celzijus-1536x1024.jpg 1536w\" sizes=\"auto, (max-width: 2560px) 100vw, 2560px\" \/>\t\t\t\t\n\t\t\t<\/a>\n\t\t<\/div>\n\t\t<div class=\"qodef-item-text-holder\" >\n\t\t\t<div class=\"qodef-item-info-section\" >\n\t\t\t\t\t\t\t<\/div>\n\n\t\t\t<h4 class=\"qodef-item-title\" >\n\t\t\t\t<a href=\"https:\/\/cmcfestival.com.hr\/?p=10477\" >\n\t\t\t\t\tNives Celzijus na CMC festival dolazi s pjesmom &#8220;Moja pila&#8221;\t\t\t\t<\/a>\n\t\t\t<\/h4>\n\n\t\t\t\t\t\t\t<p class=\"qodef-excerpt\" >Ove godine se na CMC festival vra\u0107a\u00a0Nives Celzijus. Vodi\u010dku publiku rasplesat \u0107e autor.<\/p>\n\t\t\t\t\t<\/div>\n\t<\/div>\t\n<\/li><li class=\"qodef-blog-list-item clearfix\">\n\t<div class=\"qodef-blog-list-item-inner\">\n\t\t<div class=\"qodef-item-image\">\n\t\t\t<a href=\"https:\/\/cmcfestival.com.hr\/?p=10471\">\n\t\t\t\t<img loading=\"lazy\" decoding=\"async\" width=\"840\" height=\"863\" src=\"https:\/\/cmcfestival.com.hr\/wp-content\/uploads\/2024\/05\/cmc-vodice-CD.jpg\" class=\"attachment-full size-full wp-post-image\" alt=\"\" srcset=\"https:\/\/cmcfestival.com.hr\/wp-content\/uploads\/2024\/05\/cmc-vodice-CD.jpg 840w, https:\/\/cmcfestival.com.hr\/wp-content\/uploads\/2024\/05\/cmc-vodice-CD-292x300.jpg 292w, https:\/\/cmcfestival.com.hr\/wp-content\/uploads\/2024\/05\/cmc-vodice-CD-768x789.jpg 768w\" sizes=\"auto, (max-width: 840px) 100vw, 840px\" \/>\t\t\t\t\n\t\t\t<\/a>\n\t\t<\/div>\n\t\t<div class=\"qodef-item-text-holder\" >\n\t\t\t<div class=\"qodef-item-info-section\" >\n\t\t\t\t\t\t\t<\/div>\n\n\t\t\t<h4 class=\"qodef-item-title\" >\n\t\t\t\t<a href=\"https:\/\/cmcfestival.com.hr\/?p=10471\" >\n\t\t\t\t\tCMC Festival Vodice 2024. &#8211; od danas sve pjesme dostupne na svim digitalnim platformama\t\t\t\t<\/a>\n\t\t\t<\/h4>\n\n\t\t\t\t\t\t\t<p class=\"qodef-excerpt\" >Glazbena oaza zabavne glazbe, CMC festival Vodice,\u00a0ove godine se odr\u017eava po 16. put i nu.<\/p>\n\t\t\t\t\t<\/div>\n\t<\/div>\t\n<\/li><li class=\"qodef-blog-list-item clearfix\">\n\t<div class=\"qodef-blog-list-item-inner\">\n\t\t<div class=\"qodef-item-image\">\n\t\t\t<a href=\"https:\/\/cmcfestival.com.hr\/?p=10465\">\n\t\t\t\t<img loading=\"lazy\" decoding=\"async\" width=\"2560\" height=\"2560\" src=\"https:\/\/cmcfestival.com.hr\/wp-content\/uploads\/2024\/05\/unnamed-29-scaled.jpg\" class=\"attachment-full size-full wp-post-image\" alt=\"\" srcset=\"https:\/\/cmcfestival.com.hr\/wp-content\/uploads\/2024\/05\/unnamed-29-scaled.jpg 2560w, https:\/\/cmcfestival.com.hr\/wp-content\/uploads\/2024\/05\/unnamed-29-300x300.jpg 300w, https:\/\/cmcfestival.com.hr\/wp-content\/uploads\/2024\/05\/unnamed-29-1024x1024.jpg 1024w, https:\/\/cmcfestival.com.hr\/wp-content\/uploads\/2024\/05\/unnamed-29-150x150.jpg 150w, https:\/\/cmcfestival.com.hr\/wp-content\/uploads\/2024\/05\/unnamed-29-768x768.jpg 768w, https:\/\/cmcfestival.com.hr\/wp-content\/uploads\/2024\/05\/unnamed-29-1536x1536.jpg 1536w, https:\/\/cmcfestival.com.hr\/wp-content\/uploads\/2024\/05\/unnamed-29-550x550.jpg 550w, https:\/\/cmcfestival.com.hr\/wp-content\/uploads\/2024\/05\/unnamed-29-1000x1000.jpg 1000w\" sizes=\"auto, (max-width: 2560px) 100vw, 2560px\" \/>\t\t\t\t\n\t\t\t<\/a>\n\t\t<\/div>\n\t\t<div class=\"qodef-item-text-holder\" >\n\t\t\t<div class=\"qodef-item-info-section\" >\n\t\t\t\t\t\t\t<\/div>\n\n\t\t\t<h4 class=\"qodef-item-title\" >\n\t\t\t\t<a href=\"https:\/\/cmcfestival.com.hr\/?p=10465\" >\n\t\t\t\t\tPrvi put na vodi\u010dku pozornicu stat \u0107e Mihael Kvorka\t\t\t\t<\/a>\n\t\t\t<\/h4>\n\n\t\t\t\t\t\t\t<p class=\"qodef-excerpt\" >Ve\u0107 je poznato da se glazbenici rado vra\u0107aju na CMC festival u Vodice, a za\u0161to je tome .<\/p>\n\t\t\t\t\t<\/div>\n\t<\/div>\t\n<\/li><li class=\"qodef-blog-list-item clearfix\">\n\t<div class=\"qodef-blog-list-item-inner\">\n\t\t<div class=\"qodef-item-image\">\n\t\t\t<a href=\"https:\/\/cmcfestival.com.hr\/?p=10462\">\n\t\t\t\t<img loading=\"lazy\" decoding=\"async\" width=\"1920\" height=\"1280\" src=\"https:\/\/cmcfestival.com.hr\/wp-content\/uploads\/2024\/05\/unnamed-28.jpg\" class=\"attachment-full size-full wp-post-image\" alt=\"\" srcset=\"https:\/\/cmcfestival.com.hr\/wp-content\/uploads\/2024\/05\/unnamed-28.jpg 1920w, https:\/\/cmcfestival.com.hr\/wp-content\/uploads\/2024\/05\/unnamed-28-300x200.jpg 300w, https:\/\/cmcfestival.com.hr\/wp-content\/uploads\/2024\/05\/unnamed-28-1024x683.jpg 1024w, https:\/\/cmcfestival.com.hr\/wp-content\/uploads\/2024\/05\/unnamed-28-768x512.jpg 768w, https:\/\/cmcfestival.com.hr\/wp-content\/uploads\/2024\/05\/unnamed-28-1536x1024.jpg 1536w\" sizes=\"auto, (max-width: 1920px) 100vw, 1920px\" \/>\t\t\t\t\n\t\t\t<\/a>\n\t\t<\/div>\n\t\t<div class=\"qodef-item-text-holder\" >\n\t\t\t<div class=\"qodef-item-info-section\" >\n\t\t\t\t\t\t\t<\/div>\n\n\t\t\t<h4 class=\"qodef-item-title\" >\n\t\t\t\t<a href=\"https:\/\/cmcfestival.com.hr\/?p=10462\" >\n\t\t\t\t\tNoelle je za ovogodi\u0161nji CMC festival pripremila pjesmu &#8220;Zbroji dva i dva&#8221;\t\t\t\t<\/a>\n\t\t\t<\/h4>\n\n\t\t\t\t\t\t\t<p class=\"qodef-excerpt\" >Iza imena Noelle krije se talentirana pjeva\u010dica i plesa\u010dica Ivana Crnkovi\u0107 koja je za o.<\/p>\n\t\t\t\t\t<\/div>\n\t<\/div>\t\n<\/li><li class=\"qodef-blog-list-item clearfix\">\n\t<div class=\"qodef-blog-list-item-inner\">\n\t\t<div class=\"qodef-item-image\">\n\t\t\t<a href=\"https:\/\/cmcfestival.com.hr\/?p=10459\">\n\t\t\t\t<img loading=\"lazy\" decoding=\"async\" width=\"2560\" height=\"1508\" src=\"https:\/\/cmcfestival.com.hr\/wp-content\/uploads\/2024\/05\/unnamed-27-scaled.jpg\" class=\"attachment-full size-full wp-post-image\" alt=\"\" srcset=\"https:\/\/cmcfestival.com.hr\/wp-content\/uploads\/2024\/05\/unnamed-27-scaled.jpg 2560w, https:\/\/cmcfestival.com.hr\/wp-content\/uploads\/2024\/05\/unnamed-27-300x177.jpg 300w, https:\/\/cmcfestival.com.hr\/wp-content\/uploads\/2024\/05\/unnamed-27-1024x603.jpg 1024w, https:\/\/cmcfestival.com.hr\/wp-content\/uploads\/2024\/05\/unnamed-27-768x452.jpg 768w, https:\/\/cmcfestival.com.hr\/wp-content\/uploads\/2024\/05\/unnamed-27-1536x905.jpg 1536w\" sizes=\"auto, (max-width: 2560px) 100vw, 2560px\" \/>\t\t\t\t\n\t\t\t<\/a>\n\t\t<\/div>\n\t\t<div class=\"qodef-item-text-holder\" >\n\t\t\t<div class=\"qodef-item-info-section\" >\n\t\t\t\t\t\t\t<\/div>\n\n\t\t\t<h4 class=\"qodef-item-title\" >\n\t\t\t\t<a href=\"https:\/\/cmcfestival.com.hr\/?p=10459\" >\n\t\t\t\t\tDra\u017een Ze\u010di\u0107 i Lidija Ba\u010di\u0107 Lille u Vodice dolaze s duetom &#8220;Nemam vi\u0161e ni snage ni volje&#8221;\t\t\t\t<\/a>\n\t\t\t<\/h4>\n\n\t\t\t\t\t\t\t<p class=\"qodef-excerpt\" >Dra\u017een Ze\u010di\u0107\u00a0i\u00a0Lidija Ba\u010di\u0107 Lille\u00a0postali su novi glazbeni par. Bilo je samo pitan.<\/p>\n\t\t\t\t\t<\/div>\n\t<\/div>\t\n<\/li><li class=\"qodef-blog-list-item clearfix\">\n\t<div class=\"qodef-blog-list-item-inner\">\n\t\t<div class=\"qodef-item-image\">\n\t\t\t<a href=\"https:\/\/cmcfestival.com.hr\/?p=10456\">\n\t\t\t\t<img loading=\"lazy\" decoding=\"async\" width=\"2560\" height=\"1887\" src=\"https:\/\/cmcfestival.com.hr\/wp-content\/uploads\/2024\/05\/unnamed-22-scaled.jpg\" class=\"attachment-full size-full wp-post-image\" alt=\"\" srcset=\"https:\/\/cmcfestival.com.hr\/wp-content\/uploads\/2024\/05\/unnamed-22-scaled.jpg 2560w, https:\/\/cmcfestival.com.hr\/wp-content\/uploads\/2024\/05\/unnamed-22-300x221.jpg 300w, https:\/\/cmcfestival.com.hr\/wp-content\/uploads\/2024\/05\/unnamed-22-1024x755.jpg 1024w, https:\/\/cmcfestival.com.hr\/wp-content\/uploads\/2024\/05\/unnamed-22-768x566.jpg 768w, https:\/\/cmcfestival.com.hr\/wp-content\/uploads\/2024\/05\/unnamed-22-1536x1132.jpg 1536w\" sizes=\"auto, (max-width: 2560px) 100vw, 2560px\" \/>\t\t\t\t\n\t\t\t<\/a>\n\t\t<\/div>\n\t\t<div class=\"qodef-item-text-holder\" >\n\t\t\t<div class=\"qodef-item-info-section\" >\n\t\t\t\t\t\t\t<\/div>\n\n\t\t\t<h4 class=\"qodef-item-title\" >\n\t\t\t\t<a href=\"https:\/\/cmcfestival.com.hr\/?p=10456\" >\n\t\t\t\t\tVodice \u0107e imati priliku \u010duti pjesmu &#8220;Bilo je dana&#8221; autora Rajka Dujmi\u0107a koja nosi predivnu poruku o prijateljstvu\t\t\t\t<\/a>\n\t\t\t<\/h4>\n\n\t\t\t\t\t\t\t<p class=\"qodef-excerpt\" >Pjesmu &#8220;Bilo je dana&#8221; izvest \u0107e glazbenik Mario Rucner i posebna go\u0161\u0107a \u2013 .<\/p>\n\t\t\t\t\t<\/div>\n\t<\/div>\t\n<\/li><li class=\"qodef-blog-list-item clearfix\">\n\t<div class=\"qodef-blog-list-item-inner\">\n\t\t<div class=\"qodef-item-image\">\n\t\t\t<a href=\"https:\/\/cmcfestival.com.hr\/?p=10444\">\n\t\t\t\t<img loading=\"lazy\" decoding=\"async\" width=\"2560\" height=\"1705\" src=\"https:\/\/cmcfestival.com.hr\/wp-content\/uploads\/2024\/05\/ff-scaled.jpg\" class=\"attachment-full size-full wp-post-image\" alt=\"\" srcset=\"https:\/\/cmcfestival.com.hr\/wp-content\/uploads\/2024\/05\/ff-scaled.jpg 2560w, https:\/\/cmcfestival.com.hr\/wp-content\/uploads\/2024\/05\/ff-300x200.jpg 300w, https:\/\/cmcfestival.com.hr\/wp-content\/uploads\/2024\/05\/ff-1024x682.jpg 1024w, https:\/\/cmcfestival.com.hr\/wp-content\/uploads\/2024\/05\/ff-768x511.jpg 768w, https:\/\/cmcfestival.com.hr\/wp-content\/uploads\/2024\/05\/ff-1536x1023.jpg 1536w\" sizes=\"auto, (max-width: 2560px) 100vw, 2560px\" \/>\t\t\t\t\n\t\t\t<\/a>\n\t\t<\/div>\n\t\t<div class=\"qodef-item-text-holder\" >\n\t\t\t<div class=\"qodef-item-info-section\" >\n\t\t\t\t\t\t\t<\/div>\n\n\t\t\t<h4 class=\"qodef-item-title\" >\n\t\t\t\t<a href=\"https:\/\/cmcfestival.com.hr\/?p=10444\" >\n\t\t\t\t\tPoziv za volontere!\t\t\t\t<\/a>\n\t\t\t<\/h4>\n\n\t\t\t\t\t\t\t<p class=\"qodef-excerpt\" >Dragi na\u0161i, CMC festival u potrazi je za volonterima. Ako \u017eelite nezaboravno iskustvo i .<\/p>\n\t\t\t\t\t<\/div>\n\t<\/div>\t\n<\/li><li class=\"qodef-blog-list-item clearfix\">\n\t<div class=\"qodef-blog-list-item-inner\">\n\t\t<div class=\"qodef-item-image\">\n\t\t\t<a href=\"https:\/\/cmcfestival.com.hr\/?p=10435\">\n\t\t\t\t<img loading=\"lazy\" decoding=\"async\" width=\"1920\" height=\"1080\" src=\"https:\/\/cmcfestival.com.hr\/wp-content\/uploads\/2024\/05\/Bon-Voyage-Vodice.jpg\" class=\"attachment-full size-full wp-post-image\" alt=\"\" srcset=\"https:\/\/cmcfestival.com.hr\/wp-content\/uploads\/2024\/05\/Bon-Voyage-Vodice.jpg 1920w, https:\/\/cmcfestival.com.hr\/wp-content\/uploads\/2024\/05\/Bon-Voyage-Vodice-300x169.jpg 300w, https:\/\/cmcfestival.com.hr\/wp-content\/uploads\/2024\/05\/Bon-Voyage-Vodice-1024x576.jpg 1024w, https:\/\/cmcfestival.com.hr\/wp-content\/uploads\/2024\/05\/Bon-Voyage-Vodice-768x432.jpg 768w, https:\/\/cmcfestival.com.hr\/wp-content\/uploads\/2024\/05\/Bon-Voyage-Vodice-1536x864.jpg 1536w\" sizes=\"auto, (max-width: 1920px) 100vw, 1920px\" \/>\t\t\t\t\n\t\t\t<\/a>\n\t\t<\/div>\n\t\t<div class=\"qodef-item-text-holder\" >\n\t\t\t<div class=\"qodef-item-info-section\" >\n\t\t\t\t\t\t\t<\/div>\n\n\t\t\t<h4 class=\"qodef-item-title\" >\n\t\t\t\t<a href=\"https:\/\/cmcfestival.com.hr\/?p=10435\" >\n\t\t\t\t\tBon Voyage u Vodice dolazi s pjesmom zanimljivog naziva &#8211; &#8220;Papak&#8221;\t\t\t\t<\/a>\n\t\t\t<\/h4>\n\n\t\t\t\t\t\t\t<p class=\"qodef-excerpt\" >Nakon \u0161to su pro\u0161le godine debitirali na CMC festivalu u Vodica pjesmom &#8220;Voli me n.<\/p>\n\t\t\t\t\t<\/div>\n\t<\/div>\t\n<\/li><li class=\"qodef-blog-list-item clearfix\">\n\t<div class=\"qodef-blog-list-item-inner\">\n\t\t<div class=\"qodef-item-image\">\n\t\t\t<a href=\"https:\/\/cmcfestival.com.hr\/?p=10432\">\n\t\t\t\t<img loading=\"lazy\" decoding=\"async\" width=\"2560\" height=\"1705\" src=\"https:\/\/cmcfestival.com.hr\/wp-content\/uploads\/2024\/05\/Domijan-Vodice-scaled.jpg\" class=\"attachment-full size-full wp-post-image\" alt=\"\" srcset=\"https:\/\/cmcfestival.com.hr\/wp-content\/uploads\/2024\/05\/Domijan-Vodice-scaled.jpg 2560w, https:\/\/cmcfestival.com.hr\/wp-content\/uploads\/2024\/05\/Domijan-Vodice-300x200.jpg 300w, https:\/\/cmcfestival.com.hr\/wp-content\/uploads\/2024\/05\/Domijan-Vodice-1024x682.jpg 1024w, https:\/\/cmcfestival.com.hr\/wp-content\/uploads\/2024\/05\/Domijan-Vodice-768x511.jpg 768w, https:\/\/cmcfestival.com.hr\/wp-content\/uploads\/2024\/05\/Domijan-Vodice-1536x1023.jpg 1536w\" sizes=\"auto, (max-width: 2560px) 100vw, 2560px\" \/>\t\t\t\t\n\t\t\t<\/a>\n\t\t<\/div>\n\t\t<div class=\"qodef-item-text-holder\" >\n\t\t\t<div class=\"qodef-item-info-section\" >\n\t\t\t\t\t\t\t<\/div>\n\n\t\t\t<h4 class=\"qodef-item-title\" >\n\t\t\t\t<a href=\"https:\/\/cmcfestival.com.hr\/?p=10432\" >\n\t\t\t\t\t&#8220;Supergood&#8221; Darko Domijan ni ove godine ne\u0107e presko\u010diti CMC festival\t\t\t\t<\/a>\n\t\t\t<\/h4>\n\n\t\t\t\t\t\t\t<p class=\"qodef-excerpt\" >&#8220;Supergood&#8221;\u00a0ne\u0107e biti samo atmosfera u Vodicama nego i pjesma koju \u0107e izves.<\/p>\n\t\t\t\t\t<\/div>\n\t<\/div>\t\n<\/li><li class=\"qodef-blog-list-item clearfix\">\n\t<div class=\"qodef-blog-list-item-inner\">\n\t\t<div class=\"qodef-item-image\">\n\t\t\t<a href=\"https:\/\/cmcfestival.com.hr\/?p=10429\">\n\t\t\t\t<img loading=\"lazy\" decoding=\"async\" width=\"2560\" height=\"1672\" src=\"https:\/\/cmcfestival.com.hr\/wp-content\/uploads\/2024\/05\/Trio-Gust-Vodice.jpg\" class=\"attachment-full size-full wp-post-image\" alt=\"\" srcset=\"https:\/\/cmcfestival.com.hr\/wp-content\/uploads\/2024\/05\/Trio-Gust-Vodice.jpg 2560w, https:\/\/cmcfestival.com.hr\/wp-content\/uploads\/2024\/05\/Trio-Gust-Vodice-300x196.jpg 300w, https:\/\/cmcfestival.com.hr\/wp-content\/uploads\/2024\/05\/Trio-Gust-Vodice-1024x669.jpg 1024w, https:\/\/cmcfestival.com.hr\/wp-content\/uploads\/2024\/05\/Trio-Gust-Vodice-768x502.jpg 768w, https:\/\/cmcfestival.com.hr\/wp-content\/uploads\/2024\/05\/Trio-Gust-Vodice-1536x1003.jpg 1536w\" sizes=\"auto, (max-width: 2560px) 100vw, 2560px\" \/>\t\t\t\t\n\t\t\t<\/a>\n\t\t<\/div>\n\t\t<div class=\"qodef-item-text-holder\" >\n\t\t\t<div class=\"qodef-item-info-section\" >\n\t\t\t\t\t\t\t<\/div>\n\n\t\t\t<h4 class=\"qodef-item-title\" >\n\t\t\t\t<a href=\"https:\/\/cmcfestival.com.hr\/?p=10429\" >\n\t\t\t\t\tTrio Gu\u0161t vodi\u010dkoj publici predstavit \u0107e pjesmu &#8220;Di si lipa&#8221;\t\t\t\t<\/a>\n\t\t\t<\/h4>\n\n\t\t\t\t\t\t\t<p class=\"qodef-excerpt\" >Najveseliji trio Dalmacije, Trio Gu\u0161t, dolazi u Vodice s pjesmom &#8220;Di si lipa&#8221;.<\/p>\n\t\t\t\t\t<\/div>\n\t<\/div>\t\n<\/li><li class=\"qodef-blog-list-item clearfix\">\n\t<div class=\"qodef-blog-list-item-inner\">\n\t\t<div class=\"qodef-item-image\">\n\t\t\t<a href=\"https:\/\/cmcfestival.com.hr\/?p=10426\">\n\t\t\t\t<img loading=\"lazy\" decoding=\"async\" width=\"2560\" height=\"1709\" src=\"https:\/\/cmcfestival.com.hr\/wp-content\/uploads\/2024\/05\/unnamed-8-scaled.jpg\" class=\"attachment-full size-full wp-post-image\" alt=\"\" srcset=\"https:\/\/cmcfestival.com.hr\/wp-content\/uploads\/2024\/05\/unnamed-8-scaled.jpg 2560w, https:\/\/cmcfestival.com.hr\/wp-content\/uploads\/2024\/05\/unnamed-8-300x200.jpg 300w, https:\/\/cmcfestival.com.hr\/wp-content\/uploads\/2024\/05\/unnamed-8-1024x684.jpg 1024w, https:\/\/cmcfestival.com.hr\/wp-content\/uploads\/2024\/05\/unnamed-8-768x513.jpg 768w, https:\/\/cmcfestival.com.hr\/wp-content\/uploads\/2024\/05\/unnamed-8-1536x1025.jpg 1536w\" sizes=\"auto, (max-width: 2560px) 100vw, 2560px\" \/>\t\t\t\t\n\t\t\t<\/a>\n\t\t<\/div>\n\t\t<div class=\"qodef-item-text-holder\" >\n\t\t\t<div class=\"qodef-item-info-section\" >\n\t\t\t\t\t\t\t<\/div>\n\n\t\t\t<h4 class=\"qodef-item-title\" >\n\t\t\t\t<a href=\"https:\/\/cmcfestival.com.hr\/?p=10426\" >\n\t\t\t\t\tDu\u0161ko Lokin i La Vita bend s pjesmom &#8220;Tajno moja&#8221; dolaze na vodi\u010dku pozornicu\t\t\t\t<\/a>\n\t\t\t<\/h4>\n\n\t\t\t\t\t\t\t<p class=\"qodef-excerpt\" >Nakon nekoliko desetlje\u0107a uspje\u0161ne karijere,\u00a0Du\u0161ko Lokin\u00a0pro\u0161le je godine debitirao .<\/p>\n\t\t\t\t\t<\/div>\n\t<\/div>\t\n<\/li><li class=\"qodef-blog-list-item clearfix\">\n\t<div class=\"qodef-blog-list-item-inner\">\n\t\t<div class=\"qodef-item-image\">\n\t\t\t<a href=\"https:\/\/cmcfestival.com.hr\/?p=10423\">\n\t\t\t\t<img loading=\"lazy\" decoding=\"async\" width=\"1388\" height=\"817\" src=\"https:\/\/cmcfestival.com.hr\/wp-content\/uploads\/2024\/05\/Neda-vodice.png\" class=\"attachment-full size-full wp-post-image\" alt=\"\" srcset=\"https:\/\/cmcfestival.com.hr\/wp-content\/uploads\/2024\/05\/Neda-vodice.png 1388w, https:\/\/cmcfestival.com.hr\/wp-content\/uploads\/2024\/05\/Neda-vodice-300x177.png 300w, https:\/\/cmcfestival.com.hr\/wp-content\/uploads\/2024\/05\/Neda-vodice-1024x603.png 1024w, https:\/\/cmcfestival.com.hr\/wp-content\/uploads\/2024\/05\/Neda-vodice-768x452.png 768w\" sizes=\"auto, (max-width: 1388px) 100vw, 1388px\" \/>\t\t\t\t\n\t\t\t<\/a>\n\t\t<\/div>\n\t\t<div class=\"qodef-item-text-holder\" >\n\t\t\t<div class=\"qodef-item-info-section\" >\n\t\t\t\t\t\t\t<\/div>\n\n\t\t\t<h4 class=\"qodef-item-title\" >\n\t\t\t\t<a href=\"https:\/\/cmcfestival.com.hr\/?p=10423\" >\n\t\t\t\t\tNeda Ukraden dolazi u Vodice s pjesmom &#8220;\u017divi se i umire za ljubav&#8221;\t\t\t\t<\/a>\n\t\t\t<\/h4>\n\n\t\t\t\t\t\t\t<p class=\"qodef-excerpt\" >Nakon godinu dana pauze u Vodice se vra\u0107a jedna od najve\u0107ih regionalnih pjeva\u010dica, Neda.<\/p>\n\t\t\t\t\t<\/div>\n\t<\/div>\t\n<\/li><li class=\"qodef-blog-list-item clearfix\">\n\t<div class=\"qodef-blog-list-item-inner\">\n\t\t<div class=\"qodef-item-image\">\n\t\t\t<a href=\"https:\/\/cmcfestival.com.hr\/?p=10417\">\n\t\t\t\t<img loading=\"lazy\" decoding=\"async\" width=\"1820\" height=\"871\" src=\"https:\/\/cmcfestival.com.hr\/wp-content\/uploads\/2024\/05\/Salto-Guru-Vodice.png\" class=\"attachment-full size-full wp-post-image\" alt=\"\" srcset=\"https:\/\/cmcfestival.com.hr\/wp-content\/uploads\/2024\/05\/Salto-Guru-Vodice.png 1820w, https:\/\/cmcfestival.com.hr\/wp-content\/uploads\/2024\/05\/Salto-Guru-Vodice-300x144.png 300w, https:\/\/cmcfestival.com.hr\/wp-content\/uploads\/2024\/05\/Salto-Guru-Vodice-1024x490.png 1024w, https:\/\/cmcfestival.com.hr\/wp-content\/uploads\/2024\/05\/Salto-Guru-Vodice-768x368.png 768w, https:\/\/cmcfestival.com.hr\/wp-content\/uploads\/2024\/05\/Salto-Guru-Vodice-1536x735.png 1536w\" sizes=\"auto, (max-width: 1820px) 100vw, 1820px\" \/>\t\t\t\t\n\t\t\t<\/a>\n\t\t<\/div>\n\t\t<div class=\"qodef-item-text-holder\" >\n\t\t\t<div class=\"qodef-item-info-section\" >\n\t\t\t\t\t\t\t<\/div>\n\n\t\t\t<h4 class=\"qodef-item-title\" >\n\t\t\t\t<a href=\"https:\/\/cmcfestival.com.hr\/?p=10417\" >\n\t\t\t\t\tPo prvi puta na pozornicu CMC festival stat \u0107e Salto Guru\t\t\t\t<\/a>\n\t\t\t<\/h4>\n\n\t\t\t\t\t\t\t<p class=\"qodef-excerpt\" >U Vodice slije\u0107e kreativna splitsko-zagreba\u010dka sedmorka Salto Guru, bend koji je prepozn.<\/p>\n\t\t\t\t\t<\/div>\n\t<\/div>\t\n<\/li><li class=\"qodef-blog-list-item clearfix\">\n\t<div class=\"qodef-blog-list-item-inner\">\n\t\t<div class=\"qodef-item-image\">\n\t\t\t<a href=\"https:\/\/cmcfestival.com.hr\/?p=10414\">\n\t\t\t\t<img loading=\"lazy\" decoding=\"async\" width=\"1116\" height=\"838\" src=\"https:\/\/cmcfestival.com.hr\/wp-content\/uploads\/2024\/05\/Elio-Pisak-Vodice.png\" class=\"attachment-full size-full wp-post-image\" alt=\"\" srcset=\"https:\/\/cmcfestival.com.hr\/wp-content\/uploads\/2024\/05\/Elio-Pisak-Vodice.png 1116w, https:\/\/cmcfestival.com.hr\/wp-content\/uploads\/2024\/05\/Elio-Pisak-Vodice-300x225.png 300w, https:\/\/cmcfestival.com.hr\/wp-content\/uploads\/2024\/05\/Elio-Pisak-Vodice-1024x769.png 1024w, https:\/\/cmcfestival.com.hr\/wp-content\/uploads\/2024\/05\/Elio-Pisak-Vodice-768x577.png 768w, https:\/\/cmcfestival.com.hr\/wp-content\/uploads\/2024\/05\/Elio-Pisak-Vodice-800x600.png 800w\" sizes=\"auto, (max-width: 1116px) 100vw, 1116px\" \/>\t\t\t\t\n\t\t\t<\/a>\n\t\t<\/div>\n\t\t<div class=\"qodef-item-text-holder\" >\n\t\t\t<div class=\"qodef-item-info-section\" >\n\t\t\t\t\t\t\t<\/div>\n\n\t\t\t<h4 class=\"qodef-item-title\" >\n\t\t\t\t<a href=\"https:\/\/cmcfestival.com.hr\/?p=10414\" >\n\t\t\t\t\tElio Pisak u Vodice dolazi s pjesmom &#8220;Pusti neka zora svane&#8221;\t\t\t\t<\/a>\n\t\t\t<\/h4>\n\n\t\t\t\t\t\t\t<p class=\"qodef-excerpt\" >Ve\u0107 tre\u0107u godinu za redom na vodi\u010dku pozornicu stupit \u0107e\u00a0Elio Pisak koji ove godine o.<\/p>\n\t\t\t\t\t<\/div>\n\t<\/div>\t\n<\/li><li class=\"qodef-blog-list-item clearfix\">\n\t<div class=\"qodef-blog-list-item-inner\">\n\t\t<div class=\"qodef-item-image\">\n\t\t\t<a href=\"https:\/\/cmcfestival.com.hr\/?p=10411\">\n\t\t\t\t<img loading=\"lazy\" decoding=\"async\" width=\"2560\" height=\"1707\" src=\"https:\/\/cmcfestival.com.hr\/wp-content\/uploads\/2024\/05\/Gavrani-Vodice-scaled.jpg\" class=\"attachment-full size-full wp-post-image\" alt=\"\" srcset=\"https:\/\/cmcfestival.com.hr\/wp-content\/uploads\/2024\/05\/Gavrani-Vodice-scaled.jpg 2560w, https:\/\/cmcfestival.com.hr\/wp-content\/uploads\/2024\/05\/Gavrani-Vodice-300x200.jpg 300w, https:\/\/cmcfestival.com.hr\/wp-content\/uploads\/2024\/05\/Gavrani-Vodice-1024x683.jpg 1024w, https:\/\/cmcfestival.com.hr\/wp-content\/uploads\/2024\/05\/Gavrani-Vodice-768x512.jpg 768w, https:\/\/cmcfestival.com.hr\/wp-content\/uploads\/2024\/05\/Gavrani-Vodice-1536x1024.jpg 1536w\" sizes=\"auto, (max-width: 2560px) 100vw, 2560px\" \/>\t\t\t\t\n\t\t\t<\/a>\n\t\t<\/div>\n\t\t<div class=\"qodef-item-text-holder\" >\n\t\t\t<div class=\"qodef-item-info-section\" >\n\t\t\t\t\t\t\t<\/div>\n\n\t\t\t<h4 class=\"qodef-item-title\" >\n\t\t\t\t<a href=\"https:\/\/cmcfestival.com.hr\/?p=10411\" >\n\t\t\t\t\tGavrani \u0107e se predstaviti pjesmom &#8220;Ptica lutalica&#8221;\t\t\t\t<\/a>\n\t\t\t<\/h4>\n\n\t\t\t\t\t\t\t<p class=\"qodef-excerpt\" >Gavrani pripremaju pravu poslasticu za drugu subotu u lipnju..<\/p>\n\t\t\t\t\t<\/div>\n\t<\/div>\t\n<\/li><li class=\"qodef-blog-list-item clearfix\">\n\t<div class=\"qodef-blog-list-item-inner\">\n\t\t<div class=\"qodef-item-image\">\n\t\t\t<a href=\"https:\/\/cmcfestival.com.hr\/?p=10408\">\n\t\t\t\t<img loading=\"lazy\" decoding=\"async\" width=\"2560\" height=\"1707\" src=\"https:\/\/cmcfestival.com.hr\/wp-content\/uploads\/2024\/05\/Skoro-i-Barabe-Vodice-scaled.jpg\" class=\"attachment-full size-full wp-post-image\" alt=\"\" srcset=\"https:\/\/cmcfestival.com.hr\/wp-content\/uploads\/2024\/05\/Skoro-i-Barabe-Vodice-scaled.jpg 2560w, https:\/\/cmcfestival.com.hr\/wp-content\/uploads\/2024\/05\/Skoro-i-Barabe-Vodice-300x200.jpg 300w, https:\/\/cmcfestival.com.hr\/wp-content\/uploads\/2024\/05\/Skoro-i-Barabe-Vodice-1024x683.jpg 1024w, https:\/\/cmcfestival.com.hr\/wp-content\/uploads\/2024\/05\/Skoro-i-Barabe-Vodice-768x512.jpg 768w, https:\/\/cmcfestival.com.hr\/wp-content\/uploads\/2024\/05\/Skoro-i-Barabe-Vodice-1536x1024.jpg 1536w\" sizes=\"auto, (max-width: 2560px) 100vw, 2560px\" \/>\t\t\t\t\n\t\t\t<\/a>\n\t\t<\/div>\n\t\t<div class=\"qodef-item-text-holder\" >\n\t\t\t<div class=\"qodef-item-info-section\" >\n\t\t\t\t\t\t\t<\/div>\n\n\t\t\t<h4 class=\"qodef-item-title\" >\n\t\t\t\t<a href=\"https:\/\/cmcfestival.com.hr\/?p=10408\" >\n\t\t\t\t\tMiroslav \u0160koro i Barabe na CMC festival dolaze sa &#8220;Zlatnim strunama&#8221;\t\t\t\t<\/a>\n\t\t\t<\/h4>\n\n\t\t\t\t\t\t\t<p class=\"qodef-excerpt\" >Jedna od pjesama koje \u0107e se ove godine pjevati u Vodicama je i novi duet Miroslava \u0160kore.<\/p>\n\t\t\t\t\t<\/div>\n\t<\/div>\t\n<\/li><li class=\"qodef-blog-list-item clearfix\">\n\t<div class=\"qodef-blog-list-item-inner\">\n\t\t<div class=\"qodef-item-image\">\n\t\t\t<a href=\"https:\/\/cmcfestival.com.hr\/?p=10399\">\n\t\t\t\t<img loading=\"lazy\" decoding=\"async\" width=\"2560\" height=\"1440\" src=\"https:\/\/cmcfestival.com.hr\/wp-content\/uploads\/2024\/04\/Uciteljice-Vodice.jpg\" class=\"attachment-full size-full wp-post-image\" alt=\"\" srcset=\"https:\/\/cmcfestival.com.hr\/wp-content\/uploads\/2024\/04\/Uciteljice-Vodice.jpg 2560w, https:\/\/cmcfestival.com.hr\/wp-content\/uploads\/2024\/04\/Uciteljice-Vodice-300x169.jpg 300w, https:\/\/cmcfestival.com.hr\/wp-content\/uploads\/2024\/04\/Uciteljice-Vodice-1024x576.jpg 1024w, https:\/\/cmcfestival.com.hr\/wp-content\/uploads\/2024\/04\/Uciteljice-Vodice-768x432.jpg 768w, https:\/\/cmcfestival.com.hr\/wp-content\/uploads\/2024\/04\/Uciteljice-Vodice-1536x864.jpg 1536w\" sizes=\"auto, (max-width: 2560px) 100vw, 2560px\" \/>\t\t\t\t\n\t\t\t<\/a>\n\t\t<\/div>\n\t\t<div class=\"qodef-item-text-holder\" >\n\t\t\t<div class=\"qodef-item-info-section\" >\n\t\t\t\t\t\t\t<\/div>\n\n\t\t\t<h4 class=\"qodef-item-title\" >\n\t\t\t\t<a href=\"https:\/\/cmcfestival.com.hr\/?p=10399\" >\n\t\t\t\t\tU\u010diteljice \u0107e nastupiti na CMC festivalu u Vodicam pjesmom &#8220;Hitno&#8221;\t\t\t\t<\/a>\n\t\t\t<\/h4>\n\n\t\t\t\t\t\t\t<p class=\"qodef-excerpt\" >U\u010diteljice jo\u0161 od svojih po\u010detaka slove kao sinonim za dobru zabavu i lude provode..<\/p>\n\t\t\t\t\t<\/div>\n\t<\/div>\t\n<\/li><li class=\"qodef-blog-list-item clearfix\">\n\t<div class=\"qodef-blog-list-item-inner\">\n\t\t<div class=\"qodef-item-image\">\n\t\t\t<a href=\"https:\/\/cmcfestival.com.hr\/?p=10395\">\n\t\t\t\t<img loading=\"lazy\" decoding=\"async\" width=\"1240\" height=\"827\" src=\"https:\/\/cmcfestival.com.hr\/wp-content\/uploads\/2024\/04\/Teo-Grcic-Vodice.jpg\" class=\"attachment-full size-full wp-post-image\" alt=\"\" srcset=\"https:\/\/cmcfestival.com.hr\/wp-content\/uploads\/2024\/04\/Teo-Grcic-Vodice.jpg 1240w, https:\/\/cmcfestival.com.hr\/wp-content\/uploads\/2024\/04\/Teo-Grcic-Vodice-300x200.jpg 300w, https:\/\/cmcfestival.com.hr\/wp-content\/uploads\/2024\/04\/Teo-Grcic-Vodice-1024x683.jpg 1024w, https:\/\/cmcfestival.com.hr\/wp-content\/uploads\/2024\/04\/Teo-Grcic-Vodice-768x512.jpg 768w\" sizes=\"auto, (max-width: 1240px) 100vw, 1240px\" \/>\t\t\t\t\n\t\t\t<\/a>\n\t\t<\/div>\n\t\t<div class=\"qodef-item-text-holder\" >\n\t\t\t<div class=\"qodef-item-info-section\" >\n\t\t\t\t\t\t\t<\/div>\n\n\t\t\t<h4 class=\"qodef-item-title\" >\n\t\t\t\t<a href=\"https:\/\/cmcfestival.com.hr\/?p=10395\" >\n\t\t\t\t\tPrvi puta na festivalskoj pozornici nastupat \u0107e Teo Gr\u010di\u0107\t\t\t\t<\/a>\n\t\t\t<\/h4>\n\n\t\t\t\t\t\t\t<p class=\"qodef-excerpt\" >Na 16. CMC festival u Vodicama po prvi put sti\u017ee Teo Gr\u010di\u0107, mladi kantautor iz Splita k.<\/p>\n\t\t\t\t\t<\/div>\n\t<\/div>\t\n<\/li><li class=\"qodef-blog-list-item clearfix\">\n\t<div class=\"qodef-blog-list-item-inner\">\n\t\t<div class=\"qodef-item-image\">\n\t\t\t<a href=\"https:\/\/cmcfestival.com.hr\/?p=10392\">\n\t\t\t\t<img loading=\"lazy\" decoding=\"async\" width=\"1280\" height=\"720\" src=\"https:\/\/cmcfestival.com.hr\/wp-content\/uploads\/2024\/04\/Buryana-Vodice.png\" class=\"attachment-full size-full wp-post-image\" alt=\"\" srcset=\"https:\/\/cmcfestival.com.hr\/wp-content\/uploads\/2024\/04\/Buryana-Vodice.png 1280w, https:\/\/cmcfestival.com.hr\/wp-content\/uploads\/2024\/04\/Buryana-Vodice-300x169.png 300w, https:\/\/cmcfestival.com.hr\/wp-content\/uploads\/2024\/04\/Buryana-Vodice-1024x576.png 1024w, https:\/\/cmcfestival.com.hr\/wp-content\/uploads\/2024\/04\/Buryana-Vodice-768x432.png 768w\" sizes=\"auto, (max-width: 1280px) 100vw, 1280px\" \/>\t\t\t\t\n\t\t\t<\/a>\n\t\t<\/div>\n\t\t<div class=\"qodef-item-text-holder\" >\n\t\t\t<div class=\"qodef-item-info-section\" >\n\t\t\t\t\t\t\t<\/div>\n\n\t\t\t<h4 class=\"qodef-item-title\" >\n\t\t\t\t<a href=\"https:\/\/cmcfestival.com.hr\/?p=10392\" >\n\t\t\t\t\tBuryana \u0107e zagrijati festivalsku atmosferu pjesmom &#8220;Slovenka&#8221;\t\t\t\t<\/a>\n\t\t\t<\/h4>\n\n\t\t\t\t\t\t\t<p class=\"qodef-excerpt\" >Buryani se 15. CMC festival\u00a0urezao u pam\u0107enje pa se ove godine odlu\u010dila vratiti Vodicam.<\/p>\n\t\t\t\t\t<\/div>\n\t<\/div>\t\n<\/li><li class=\"qodef-blog-list-item clearfix\">\n\t<div class=\"qodef-blog-list-item-inner\">\n\t\t<div class=\"qodef-item-image\">\n\t\t\t<a href=\"https:\/\/cmcfestival.com.hr\/?p=10389\">\n\t\t\t\t<img loading=\"lazy\" decoding=\"async\" width=\"2560\" height=\"1707\" src=\"https:\/\/cmcfestival.com.hr\/wp-content\/uploads\/2024\/04\/Amir-Kazic-Leo-Vodice-scaled.jpg\" class=\"attachment-full size-full wp-post-image\" alt=\"\" srcset=\"https:\/\/cmcfestival.com.hr\/wp-content\/uploads\/2024\/04\/Amir-Kazic-Leo-Vodice-scaled.jpg 2560w, https:\/\/cmcfestival.com.hr\/wp-content\/uploads\/2024\/04\/Amir-Kazic-Leo-Vodice-300x200.jpg 300w, https:\/\/cmcfestival.com.hr\/wp-content\/uploads\/2024\/04\/Amir-Kazic-Leo-Vodice-1024x683.jpg 1024w, https:\/\/cmcfestival.com.hr\/wp-content\/uploads\/2024\/04\/Amir-Kazic-Leo-Vodice-768x512.jpg 768w, https:\/\/cmcfestival.com.hr\/wp-content\/uploads\/2024\/04\/Amir-Kazic-Leo-Vodice-1536x1024.jpg 1536w\" sizes=\"auto, (max-width: 2560px) 100vw, 2560px\" \/>\t\t\t\t\n\t\t\t<\/a>\n\t\t<\/div>\n\t\t<div class=\"qodef-item-text-holder\" >\n\t\t\t<div class=\"qodef-item-info-section\" >\n\t\t\t\t\t\t\t<\/div>\n\n\t\t\t<h4 class=\"qodef-item-title\" >\n\t\t\t\t<a href=\"https:\/\/cmcfestival.com.hr\/?p=10389\" >\n\t\t\t\t\tAmir Kazi\u0107 Leo u Vodicama \u0107e predstavit pjesmu &#8220;Ra\u0161irena kapija&#8221;\t\t\t\t<\/a>\n\t\t\t<\/h4>\n\n\t\t\t\t\t\t\t<p class=\"qodef-excerpt\" >Pro\u0161le godine na jubilarnom 15. CMC festivalu u Vodicama predstavio se sna\u017enom baladom &amp;.<\/p>\n\t\t\t\t\t<\/div>\n\t<\/div>\t\n<\/li><li class=\"qodef-blog-list-item clearfix\">\n\t<div class=\"qodef-blog-list-item-inner\">\n\t\t<div class=\"qodef-item-image\">\n\t\t\t<a href=\"https:\/\/cmcfestival.com.hr\/?p=10385\">\n\t\t\t\t<img loading=\"lazy\" decoding=\"async\" width=\"920\" height=\"518\" src=\"https:\/\/cmcfestival.com.hr\/wp-content\/uploads\/2024\/04\/Ljubavnici-Vodice.jpg\" class=\"attachment-full size-full wp-post-image\" alt=\"\" srcset=\"https:\/\/cmcfestival.com.hr\/wp-content\/uploads\/2024\/04\/Ljubavnici-Vodice.jpg 920w, https:\/\/cmcfestival.com.hr\/wp-content\/uploads\/2024\/04\/Ljubavnici-Vodice-300x169.jpg 300w, https:\/\/cmcfestival.com.hr\/wp-content\/uploads\/2024\/04\/Ljubavnici-Vodice-768x432.jpg 768w\" sizes=\"auto, (max-width: 920px) 100vw, 920px\" \/>\t\t\t\t\n\t\t\t<\/a>\n\t\t<\/div>\n\t\t<div class=\"qodef-item-text-holder\" >\n\t\t\t<div class=\"qodef-item-info-section\" >\n\t\t\t\t\t\t\t<\/div>\n\n\t\t\t<h4 class=\"qodef-item-title\" >\n\t\t\t\t<a href=\"https:\/\/cmcfestival.com.hr\/?p=10385\" >\n\t\t\t\t\tLjubavnici na CMC festival dolaze s pjesmom &#8220;Vjeruj mi jedina&#8221;\t\t\t\t<\/a>\n\t\t\t<\/h4>\n\n\t\t\t\t\t\t\t<p class=\"qodef-excerpt\" >Na festivalsku pozornicu ove godine sti\u017eu Ljubavnici s pjesmom &#8220;Vjeruj mi jedina&amp;#8.<\/p>\n\t\t\t\t\t<\/div>\n\t<\/div>\t\n<\/li><li class=\"qodef-blog-list-item clearfix\">\n\t<div class=\"qodef-blog-list-item-inner\">\n\t\t<div class=\"qodef-item-image\">\n\t\t\t<a href=\"https:\/\/cmcfestival.com.hr\/?p=10368\">\n\t\t\t\t<img loading=\"lazy\" decoding=\"async\" width=\"1613\" height=\"754\" src=\"https:\/\/cmcfestival.com.hr\/wp-content\/uploads\/2024\/04\/CMC-2024.png\" class=\"attachment-full size-full wp-post-image\" alt=\"\" srcset=\"https:\/\/cmcfestival.com.hr\/wp-content\/uploads\/2024\/04\/CMC-2024.png 1613w, https:\/\/cmcfestival.com.hr\/wp-content\/uploads\/2024\/04\/CMC-2024-300x140.png 300w, https:\/\/cmcfestival.com.hr\/wp-content\/uploads\/2024\/04\/CMC-2024-1024x479.png 1024w, https:\/\/cmcfestival.com.hr\/wp-content\/uploads\/2024\/04\/CMC-2024-768x359.png 768w, https:\/\/cmcfestival.com.hr\/wp-content\/uploads\/2024\/04\/CMC-2024-1536x718.png 1536w\" sizes=\"auto, (max-width: 1613px) 100vw, 1613px\" \/>\t\t\t\t\n\t\t\t<\/a>\n\t\t<\/div>\n\t\t<div class=\"qodef-item-text-holder\" >\n\t\t\t<div class=\"qodef-item-info-section\" >\n\t\t\t\t\t\t\t<\/div>\n\n\t\t\t<h4 class=\"qodef-item-title\" >\n\t\t\t\t<a href=\"https:\/\/cmcfestival.com.hr\/?p=10368\" >\n\t\t\t\t\tPREDSTAVLJAMO IZVO\u0110A\u010cE CMC FESTIVALA VODICE 2024. powered by Calzedonia\t\t\t\t<\/a>\n\t\t\t<\/h4>\n\n\t\t\t\t\t\t\t<p class=\"qodef-excerpt\" >Pripreme za 16. CMC Festival Vodice Powered by Calzedonia ve\u0107 su krenule..<\/p>\n\t\t\t\t\t<\/div>\n\t<\/div>\t\n<\/li><li class=\"qodef-blog-list-item clearfix\">\n\t<div class=\"qodef-blog-list-item-inner\">\n\t\t<div class=\"qodef-item-image\">\n\t\t\t<a href=\"https:\/\/cmcfestival.com.hr\/?p=10356\">\n\t\t\t\t<img loading=\"lazy\" decoding=\"async\" width=\"2560\" height=\"1708\" src=\"https:\/\/cmcfestival.com.hr\/wp-content\/uploads\/2024\/04\/16.-CMC-Festival-press-scaled.jpg\" class=\"attachment-full size-full wp-post-image\" alt=\"\" srcset=\"https:\/\/cmcfestival.com.hr\/wp-content\/uploads\/2024\/04\/16.-CMC-Festival-press-scaled.jpg 2560w, https:\/\/cmcfestival.com.hr\/wp-content\/uploads\/2024\/04\/16.-CMC-Festival-press-300x200.jpg 300w, https:\/\/cmcfestival.com.hr\/wp-content\/uploads\/2024\/04\/16.-CMC-Festival-press-1024x683.jpg 1024w, https:\/\/cmcfestival.com.hr\/wp-content\/uploads\/2024\/04\/16.-CMC-Festival-press-768x512.jpg 768w, https:\/\/cmcfestival.com.hr\/wp-content\/uploads\/2024\/04\/16.-CMC-Festival-press-1536x1025.jpg 1536w\" sizes=\"auto, (max-width: 2560px) 100vw, 2560px\" \/>\t\t\t\t\n\t\t\t<\/a>\n\t\t<\/div>\n\t\t<div class=\"qodef-item-text-holder\" >\n\t\t\t<div class=\"qodef-item-info-section\" >\n\t\t\t\t\t\t\t<\/div>\n\n\t\t\t<h4 class=\"qodef-item-title\" >\n\t\t\t\t<a href=\"https:\/\/cmcfestival.com.hr\/?p=10356\" >\n\t\t\t\t\tPredstavljeni izvo\u0111a\u010di 16. CMC Festivala Vodice 2024.\t\t\t\t<\/a>\n\t\t\t<\/h4>\n\n\t\t\t\t\t\t\t<p class=\"qodef-excerpt\" >Dugogodi\u0161nja glazbeno-turisti\u010dka pri\u010da CMC festivala, najve\u0107eg festivala doma\u0107e glazb.<\/p>\n\t\t\t\t\t<\/div>\n\t<\/div>\t\n<\/li><li class=\"qodef-blog-list-item clearfix\">\n\t<div class=\"qodef-blog-list-item-inner\">\n\t\t<div class=\"qodef-item-image\">\n\t\t\t<a href=\"https:\/\/cmcfestival.com.hr\/?p=10339\">\n\t\t\t\t<img loading=\"lazy\" decoding=\"async\" width=\"1920\" height=\"1280\" src=\"https:\/\/cmcfestival.com.hr\/wp-content\/uploads\/2024\/04\/16.-CMC-festival.jpg\" class=\"attachment-full size-full wp-post-image\" alt=\"\" srcset=\"https:\/\/cmcfestival.com.hr\/wp-content\/uploads\/2024\/04\/16.-CMC-festival.jpg 1920w, https:\/\/cmcfestival.com.hr\/wp-content\/uploads\/2024\/04\/16.-CMC-festival-300x200.jpg 300w, https:\/\/cmcfestival.com.hr\/wp-content\/uploads\/2024\/04\/16.-CMC-festival-1024x683.jpg 1024w, https:\/\/cmcfestival.com.hr\/wp-content\/uploads\/2024\/04\/16.-CMC-festival-768x512.jpg 768w, https:\/\/cmcfestival.com.hr\/wp-content\/uploads\/2024\/04\/16.-CMC-festival-1536x1024.jpg 1536w\" sizes=\"auto, (max-width: 1920px) 100vw, 1920px\" \/>\t\t\t\t\n\t\t\t<\/a>\n\t\t<\/div>\n\t\t<div class=\"qodef-item-text-holder\" >\n\t\t\t<div class=\"qodef-item-info-section\" >\n\t\t\t\t\t\t\t<\/div>\n\n\t\t\t<h4 class=\"qodef-item-title\" >\n\t\t\t\t<a href=\"https:\/\/cmcfestival.com.hr\/?p=10339\" >\n\t\t\t\t\tUskoro \u0107e biti poznati sudionici 16. CMC festivala u Vodicama!\t\t\t\t<\/a>\n\t\t\t<\/h4>\n\n\t\t\t\t\t\t\t<p class=\"qodef-excerpt\" >Sun\u010dani dani i visoke temperature na doma\u0107em glazbom nebu zna\u010de samo jedno \u2013 bli\u017ei s.<\/p>\n\t\t\t\t\t<\/div>\n\t<\/div>\t\n<\/li><li class=\"qodef-blog-list-item clearfix\">\n\t<div class=\"qodef-blog-list-item-inner\">\n\t\t<div class=\"qodef-item-image\">\n\t\t\t<a href=\"https:\/\/cmcfestival.com.hr\/?p=10328\">\n\t\t\t\t<img loading=\"lazy\" decoding=\"async\" width=\"2560\" height=\"1705\" src=\"https:\/\/cmcfestival.com.hr\/wp-content\/uploads\/2024\/02\/cmc-festival-2024-scaled.jpg\" class=\"attachment-full size-full wp-post-image\" alt=\"\" srcset=\"https:\/\/cmcfestival.com.hr\/wp-content\/uploads\/2024\/02\/cmc-festival-2024-scaled.jpg 2560w, https:\/\/cmcfestival.com.hr\/wp-content\/uploads\/2024\/02\/cmc-festival-2024-300x200.jpg 300w, https:\/\/cmcfestival.com.hr\/wp-content\/uploads\/2024\/02\/cmc-festival-2024-1024x682.jpg 1024w, https:\/\/cmcfestival.com.hr\/wp-content\/uploads\/2024\/02\/cmc-festival-2024-768x511.jpg 768w, https:\/\/cmcfestival.com.hr\/wp-content\/uploads\/2024\/02\/cmc-festival-2024-1536x1023.jpg 1536w\" sizes=\"auto, (max-width: 2560px) 100vw, 2560px\" \/>\t\t\t\t\n\t\t\t<\/a>\n\t\t<\/div>\n\t\t<div class=\"qodef-item-text-holder\" >\n\t\t\t<div class=\"qodef-item-info-section\" >\n\t\t\t\t\t\t\t<\/div>\n\n\t\t\t<h4 class=\"qodef-item-title\" >\n\t\t\t\t<a href=\"https:\/\/cmcfestival.com.hr\/?p=10328\" >\n\t\t\t\t\tCMC FESTIVAL VODICE 2024. &#8211; medijsko pokroviteljstvo\t\t\t\t<\/a>\n\t\t\t<\/h4>\n\n\t\t\t\t\t\t\t<p class=\"qodef-excerpt\" >Vrijeme je da po\u010dnemo s pripremama za\u00a0CMC festival u Vodicama\u00a0koji \u0107e ove godine biti .<\/p>\n\t\t\t\t\t<\/div>\n\t<\/div>\t\n<\/li><li class=\"qodef-blog-list-item clearfix\">\n\t<div class=\"qodef-blog-list-item-inner\">\n\t\t<div class=\"qodef-item-image\">\n\t\t\t<a href=\"https:\/\/cmcfestival.com.hr\/?p=10315\">\n\t\t\t\t<img loading=\"lazy\" decoding=\"async\" width=\"1500\" height=\"844\" src=\"https:\/\/cmcfestival.com.hr\/wp-content\/uploads\/2024\/01\/ex.png\" class=\"attachment-full size-full wp-post-image\" alt=\"\" srcset=\"https:\/\/cmcfestival.com.hr\/wp-content\/uploads\/2024\/01\/ex.png 1500w, https:\/\/cmcfestival.com.hr\/wp-content\/uploads\/2024\/01\/ex-300x169.png 300w, https:\/\/cmcfestival.com.hr\/wp-content\/uploads\/2024\/01\/ex-1024x576.png 1024w, https:\/\/cmcfestival.com.hr\/wp-content\/uploads\/2024\/01\/ex-768x432.png 768w\" sizes=\"auto, (max-width: 1500px) 100vw, 1500px\" \/>\t\t\t\t\n\t\t\t<\/a>\n\t\t<\/div>\n\t\t<div class=\"qodef-item-text-holder\" >\n\t\t\t<div class=\"qodef-item-info-section\" >\n\t\t\t\t\t\t\t<\/div>\n\n\t\t\t<h4 class=\"qodef-item-title\" >\n\t\t\t\t<a href=\"https:\/\/cmcfestival.com.hr\/?p=10315\" >\n\t\t\t\t\tCMC FESTIVAL VODICE 2024. &#8211; natje\u010daj\t\t\t\t<\/a>\n\t\t\t<\/h4>\n\n\t\t\t\t\t\t\t<p class=\"qodef-excerpt\" >CMC\u00a0televizija raspisuje\u00a0NATJE\u010cAJ za pjesme koje \u0107e biti izvedene na\u00a0CMC\u00a0FESTIVALU V.<\/p>\n\t\t\t\t\t<\/div>\n\t<\/div>\t\n<\/li><li class=\"qodef-blog-list-item clearfix\">\n\t<div class=\"qodef-blog-list-item-inner\">\n\t\t<div class=\"qodef-item-image\">\n\t\t\t<a href=\"https:\/\/cmcfestival.com.hr\/?p=10277\">\n\t\t\t\t<img loading=\"lazy\" decoding=\"async\" width=\"1200\" height=\"800\" src=\"https:\/\/cmcfestival.com.hr\/wp-content\/uploads\/2023\/06\/cmc-naslovna-.jpg\" class=\"attachment-full size-full wp-post-image\" alt=\"\" srcset=\"https:\/\/cmcfestival.com.hr\/wp-content\/uploads\/2023\/06\/cmc-naslovna-.jpg 1200w, https:\/\/cmcfestival.com.hr\/wp-content\/uploads\/2023\/06\/cmc-naslovna--300x200.jpg 300w, https:\/\/cmcfestival.com.hr\/wp-content\/uploads\/2023\/06\/cmc-naslovna--1024x683.jpg 1024w, https:\/\/cmcfestival.com.hr\/wp-content\/uploads\/2023\/06\/cmc-naslovna--768x512.jpg 768w\" sizes=\"auto, (max-width: 1200px) 100vw, 1200px\" \/>\t\t\t\t\n\t\t\t<\/a>\n\t\t<\/div>\n\t\t<div class=\"qodef-item-text-holder\" >\n\t\t\t<div class=\"qodef-item-info-section\" >\n\t\t\t\t\t\t\t<\/div>\n\n\t\t\t<h4 class=\"qodef-item-title\" >\n\t\t\t\t<a href=\"https:\/\/cmcfestival.com.hr\/?p=10277\" >\n\t\t\t\t\tNajve\u0107i CMC festival do sada &#8211; nikad brojnija publika odu\u0161evljena spektakularnom ve\u010deri najbolje doma\u0107e glazbe\t\t\t\t<\/a>\n\t\t\t<\/h4>\n\n\t\t\t\t\t\t\t<p class=\"qodef-excerpt\" >Proteklog vikenda\u00a0zavr\u0161eno je jubilarno 15. izdanje najve\u0107eg festivala doma\u0107e glazbe u.<\/p>\n\t\t\t\t\t<\/div>\n\t<\/div>\t\n<\/li><li class=\"qodef-blog-list-item clearfix\">\n\t<div class=\"qodef-blog-list-item-inner\">\n\t\t<div class=\"qodef-item-image\">\n\t\t\t<a href=\"https:\/\/cmcfestival.com.hr\/?p=10268\">\n\t\t\t\t<img loading=\"lazy\" decoding=\"async\" width=\"2000\" height=\"1332\" src=\"https:\/\/cmcfestival.com.hr\/wp-content\/uploads\/2023\/06\/cmc-otvaranje.jpg\" class=\"attachment-full size-full wp-post-image\" alt=\"\" srcset=\"https:\/\/cmcfestival.com.hr\/wp-content\/uploads\/2023\/06\/cmc-otvaranje.jpg 2000w, https:\/\/cmcfestival.com.hr\/wp-content\/uploads\/2023\/06\/cmc-otvaranje-300x200.jpg 300w, https:\/\/cmcfestival.com.hr\/wp-content\/uploads\/2023\/06\/cmc-otvaranje-1024x682.jpg 1024w, https:\/\/cmcfestival.com.hr\/wp-content\/uploads\/2023\/06\/cmc-otvaranje-768x511.jpg 768w, https:\/\/cmcfestival.com.hr\/wp-content\/uploads\/2023\/06\/cmc-otvaranje-1536x1023.jpg 1536w\" sizes=\"auto, (max-width: 2000px) 100vw, 2000px\" \/>\t\t\t\t\n\t\t\t<\/a>\n\t\t<\/div>\n\t\t<div class=\"qodef-item-text-holder\" >\n\t\t\t<div class=\"qodef-item-info-section\" >\n\t\t\t\t\t\t\t<\/div>\n\n\t\t\t<h4 class=\"qodef-item-title\" >\n\t\t\t\t<a href=\"https:\/\/cmcfestival.com.hr\/?p=10268\" >\n\t\t\t\t\tSpektakularno otvorenje jubilarnog 15. CMC festivala uz koncerte glazbenih zvijezda\t\t\t\t<\/a>\n\t\t\t<\/h4>\n\n\t\t\t\t\t\t\t<p class=\"qodef-excerpt\" >Vodice su i ove godine doma\u0107in brojnim glazbenim zvijezdama iz Hrvatske i cijele regije, .<\/p>\n\t\t\t\t\t<\/div>\n\t<\/div>\t\n<\/li><li class=\"qodef-blog-list-item clearfix\">\n\t<div class=\"qodef-blog-list-item-inner\">\n\t\t<div class=\"qodef-item-image\">\n\t\t\t<a href=\"https:\/\/cmcfestival.com.hr\/?p=10262\">\n\t\t\t\t<img loading=\"lazy\" decoding=\"async\" width=\"1040\" height=\"797\" src=\"https:\/\/cmcfestival.com.hr\/wp-content\/uploads\/2023\/06\/ivana-popovic-martinovic-cmc-festival-.png\" class=\"attachment-full size-full wp-post-image\" alt=\"\" srcset=\"https:\/\/cmcfestival.com.hr\/wp-content\/uploads\/2023\/06\/ivana-popovic-martinovic-cmc-festival-.png 1040w, https:\/\/cmcfestival.com.hr\/wp-content\/uploads\/2023\/06\/ivana-popovic-martinovic-cmc-festival--300x230.png 300w, https:\/\/cmcfestival.com.hr\/wp-content\/uploads\/2023\/06\/ivana-popovic-martinovic-cmc-festival--1024x785.png 1024w, https:\/\/cmcfestival.com.hr\/wp-content\/uploads\/2023\/06\/ivana-popovic-martinovic-cmc-festival--768x589.png 768w\" sizes=\"auto, (max-width: 1040px) 100vw, 1040px\" \/>\t\t\t\t\n\t\t\t<\/a>\n\t\t<\/div>\n\t\t<div class=\"qodef-item-text-holder\" >\n\t\t\t<div class=\"qodef-item-info-section\" >\n\t\t\t\t\t\t\t<\/div>\n\n\t\t\t<h4 class=\"qodef-item-title\" >\n\t\t\t\t<a href=\"https:\/\/cmcfestival.com.hr\/?p=10262\" >\n\t\t\t\t\tPrvi put na vodi\u010dkoj pozornici nastupat \u0107e Ivana Popovi\u0107 Martinovi\u0107\t\t\t\t<\/a>\n\t\t\t<\/h4>\n\n\t\t\t\t\t\t\t<p class=\"qodef-excerpt\" >Crnogorska pjeva\u010dica i kantautorica Ivana Popovi\u0107 Martinovi\u0107 prvi puta sti\u017ee na CMC fe.<\/p>\n\t\t\t\t\t<\/div>\n\t<\/div>\t\n<\/li><li class=\"qodef-blog-list-item clearfix\">\n\t<div class=\"qodef-blog-list-item-inner\">\n\t\t<div class=\"qodef-item-image\">\n\t\t\t<a href=\"https:\/\/cmcfestival.com.hr\/?p=10258\">\n\t\t\t\t<img loading=\"lazy\" decoding=\"async\" width=\"2560\" height=\"1707\" src=\"https:\/\/cmcfestival.com.hr\/wp-content\/uploads\/2023\/06\/slavonske-lole-cmc-festival--scaled.jpg\" class=\"attachment-full size-full wp-post-image\" alt=\"\" srcset=\"https:\/\/cmcfestival.com.hr\/wp-content\/uploads\/2023\/06\/slavonske-lole-cmc-festival--scaled.jpg 2560w, https:\/\/cmcfestival.com.hr\/wp-content\/uploads\/2023\/06\/slavonske-lole-cmc-festival--300x200.jpg 300w, https:\/\/cmcfestival.com.hr\/wp-content\/uploads\/2023\/06\/slavonske-lole-cmc-festival--1024x683.jpg 1024w, https:\/\/cmcfestival.com.hr\/wp-content\/uploads\/2023\/06\/slavonske-lole-cmc-festival--768x512.jpg 768w, https:\/\/cmcfestival.com.hr\/wp-content\/uploads\/2023\/06\/slavonske-lole-cmc-festival--1536x1024.jpg 1536w\" sizes=\"auto, (max-width: 2560px) 100vw, 2560px\" \/>\t\t\t\t\n\t\t\t<\/a>\n\t\t<\/div>\n\t\t<div class=\"qodef-item-text-holder\" >\n\t\t\t<div class=\"qodef-item-info-section\" >\n\t\t\t\t\t\t\t<\/div>\n\n\t\t\t<h4 class=\"qodef-item-title\" >\n\t\t\t\t<a href=\"https:\/\/cmcfestival.com.hr\/?p=10258\" >\n\t\t\t\t\tSlavonske lole i Klapa More raspjevat \u0107e Vodice pjesmom &#8220;Na starom kamenu&#8221;\t\t\t\t<\/a>\n\t\t\t<\/h4>\n\n\t\t\t\t\t\t\t<p class=\"qodef-excerpt\" >Pro\u0161le su godine na festivalskoj pozornici Slavonske lole proglasile &#8220;Fajront&amp;#8221.<\/p>\n\t\t\t\t\t<\/div>\n\t<\/div>\t\n<\/li><li class=\"qodef-blog-list-item clearfix\">\n\t<div class=\"qodef-blog-list-item-inner\">\n\t\t<div class=\"qodef-item-image\">\n\t\t\t<a href=\"https:\/\/cmcfestival.com.hr\/?p=10254\">\n\t\t\t\t<img loading=\"lazy\" decoding=\"async\" width=\"2560\" height=\"1707\" src=\"https:\/\/cmcfestival.com.hr\/wp-content\/uploads\/2023\/06\/mile-perkov-cmc-festival--scaled.jpg\" class=\"attachment-full size-full wp-post-image\" alt=\"\" srcset=\"https:\/\/cmcfestival.com.hr\/wp-content\/uploads\/2023\/06\/mile-perkov-cmc-festival--scaled.jpg 2560w, https:\/\/cmcfestival.com.hr\/wp-content\/uploads\/2023\/06\/mile-perkov-cmc-festival--300x200.jpg 300w, https:\/\/cmcfestival.com.hr\/wp-content\/uploads\/2023\/06\/mile-perkov-cmc-festival--1024x683.jpg 1024w, https:\/\/cmcfestival.com.hr\/wp-content\/uploads\/2023\/06\/mile-perkov-cmc-festival--768x512.jpg 768w, https:\/\/cmcfestival.com.hr\/wp-content\/uploads\/2023\/06\/mile-perkov-cmc-festival--1536x1024.jpg 1536w\" sizes=\"auto, (max-width: 2560px) 100vw, 2560px\" \/>\t\t\t\t\n\t\t\t<\/a>\n\t\t<\/div>\n\t\t<div class=\"qodef-item-text-holder\" >\n\t\t\t<div class=\"qodef-item-info-section\" >\n\t\t\t\t\t\t\t<\/div>\n\n\t\t\t<h4 class=\"qodef-item-title\" >\n\t\t\t\t<a href=\"https:\/\/cmcfestival.com.hr\/?p=10254\" >\n\t\t\t\t\tMile Perkov i Klapa Godimenti predstavit \u0107e se pjesmom &#8220;Oli si ti boji&#8221;\t\t\t\t<\/a>\n\t\t\t<\/h4>\n\n\t\t\t\t\t\t\t<p class=\"qodef-excerpt\" >Iz susjednog Tribunja na vodi\u010dku rivu ponovno sti\u017ee Mile Perkov..<\/p>\n\t\t\t\t\t<\/div>\n\t<\/div>\t\n<\/li><li class=\"qodef-blog-list-item clearfix\">\n\t<div class=\"qodef-blog-list-item-inner\">\n\t\t<div class=\"qodef-item-image\">\n\t\t\t<a href=\"https:\/\/cmcfestival.com.hr\/?p=10251\">\n\t\t\t\t<img loading=\"lazy\" decoding=\"async\" width=\"2560\" height=\"1707\" src=\"https:\/\/cmcfestival.com.hr\/wp-content\/uploads\/2023\/06\/meri-andrakovic-cmc-festival--scaled.jpg\" class=\"attachment-full size-full wp-post-image\" alt=\"\" srcset=\"https:\/\/cmcfestival.com.hr\/wp-content\/uploads\/2023\/06\/meri-andrakovic-cmc-festival--scaled.jpg 2560w, https:\/\/cmcfestival.com.hr\/wp-content\/uploads\/2023\/06\/meri-andrakovic-cmc-festival--300x200.jpg 300w, https:\/\/cmcfestival.com.hr\/wp-content\/uploads\/2023\/06\/meri-andrakovic-cmc-festival--1024x683.jpg 1024w, https:\/\/cmcfestival.com.hr\/wp-content\/uploads\/2023\/06\/meri-andrakovic-cmc-festival--768x512.jpg 768w, https:\/\/cmcfestival.com.hr\/wp-content\/uploads\/2023\/06\/meri-andrakovic-cmc-festival--1536x1024.jpg 1536w\" sizes=\"auto, (max-width: 2560px) 100vw, 2560px\" \/>\t\t\t\t\n\t\t\t<\/a>\n\t\t<\/div>\n\t\t<div class=\"qodef-item-text-holder\" >\n\t\t\t<div class=\"qodef-item-info-section\" >\n\t\t\t\t\t\t\t<\/div>\n\n\t\t\t<h4 class=\"qodef-item-title\" >\n\t\t\t\t<a href=\"https:\/\/cmcfestival.com.hr\/?p=10251\" >\n\t\t\t\t\tMeri Andrakovi\u0107 dolazi s &#8220;Dramom&#8221; u Vodice\t\t\t\t<\/a>\n\t\t\t<\/h4>\n\n\t\t\t\t\t\t\t<p class=\"qodef-excerpt\" >Na CMC festivalu Meri Andrakovi\u0107 sada je ve\u0107 \u010desta go\u0161\u0107a, a prvog na kojem je nastupi.<\/p>\n\t\t\t\t\t<\/div>\n\t<\/div>\t\n<\/li><li class=\"qodef-blog-list-item clearfix\">\n\t<div class=\"qodef-blog-list-item-inner\">\n\t\t<div class=\"qodef-item-image\">\n\t\t\t<a href=\"https:\/\/cmcfestival.com.hr\/?p=10248\">\n\t\t\t\t<img loading=\"lazy\" decoding=\"async\" width=\"2560\" height=\"1920\" src=\"https:\/\/cmcfestival.com.hr\/wp-content\/uploads\/2023\/06\/ivan-zak-cmc-festival--scaled.jpg\" class=\"attachment-full size-full wp-post-image\" alt=\"\" srcset=\"https:\/\/cmcfestival.com.hr\/wp-content\/uploads\/2023\/06\/ivan-zak-cmc-festival--scaled.jpg 2560w, https:\/\/cmcfestival.com.hr\/wp-content\/uploads\/2023\/06\/ivan-zak-cmc-festival--300x225.jpg 300w, https:\/\/cmcfestival.com.hr\/wp-content\/uploads\/2023\/06\/ivan-zak-cmc-festival--1024x768.jpg 1024w, https:\/\/cmcfestival.com.hr\/wp-content\/uploads\/2023\/06\/ivan-zak-cmc-festival--768x576.jpg 768w, https:\/\/cmcfestival.com.hr\/wp-content\/uploads\/2023\/06\/ivan-zak-cmc-festival--1536x1152.jpg 1536w, https:\/\/cmcfestival.com.hr\/wp-content\/uploads\/2023\/06\/ivan-zak-cmc-festival--800x600.jpg 800w\" sizes=\"auto, (max-width: 2560px) 100vw, 2560px\" \/>\t\t\t\t\n\t\t\t<\/a>\n\t\t<\/div>\n\t\t<div class=\"qodef-item-text-holder\" >\n\t\t\t<div class=\"qodef-item-info-section\" >\n\t\t\t\t\t\t\t<\/div>\n\n\t\t\t<h4 class=\"qodef-item-title\" >\n\t\t\t\t<a href=\"https:\/\/cmcfestival.com.hr\/?p=10248\" >\n\t\t\t\t\tIvan Zak nastupit \u0107e pjesmom &#8220;Ne dam te&#8221;\t\t\t\t<\/a>\n\t\t\t<\/h4>\n\n\t\t\t\t\t\t\t<p class=\"qodef-excerpt\" >Iskustva na CMC pozornici itekako ima i uvijek se na nju rado vra\u0107a Ivan Zak..<\/p>\n\t\t\t\t\t<\/div>\n\t<\/div>\t\n<\/li><li class=\"qodef-blog-list-item clearfix\">\n\t<div class=\"qodef-blog-list-item-inner\">\n\t\t<div class=\"qodef-item-image\">\n\t\t\t<a href=\"https:\/\/cmcfestival.com.hr\/?p=10245\">\n\t\t\t\t<img loading=\"lazy\" decoding=\"async\" width=\"1206\" height=\"903\" src=\"https:\/\/cmcfestival.com.hr\/wp-content\/uploads\/2023\/06\/lidija-bacic-lille-cmc-festival-.jpg\" class=\"attachment-full size-full wp-post-image\" alt=\"\" srcset=\"https:\/\/cmcfestival.com.hr\/wp-content\/uploads\/2023\/06\/lidija-bacic-lille-cmc-festival-.jpg 1206w, https:\/\/cmcfestival.com.hr\/wp-content\/uploads\/2023\/06\/lidija-bacic-lille-cmc-festival--300x225.jpg 300w, https:\/\/cmcfestival.com.hr\/wp-content\/uploads\/2023\/06\/lidija-bacic-lille-cmc-festival--1024x767.jpg 1024w, https:\/\/cmcfestival.com.hr\/wp-content\/uploads\/2023\/06\/lidija-bacic-lille-cmc-festival--768x575.jpg 768w, https:\/\/cmcfestival.com.hr\/wp-content\/uploads\/2023\/06\/lidija-bacic-lille-cmc-festival--800x600.jpg 800w\" sizes=\"auto, (max-width: 1206px) 100vw, 1206px\" \/>\t\t\t\t\n\t\t\t<\/a>\n\t\t<\/div>\n\t\t<div class=\"qodef-item-text-holder\" >\n\t\t\t<div class=\"qodef-item-info-section\" >\n\t\t\t\t\t\t\t<\/div>\n\n\t\t\t<h4 class=\"qodef-item-title\" >\n\t\t\t\t<a href=\"https:\/\/cmcfestival.com.hr\/?p=10245\" >\n\t\t\t\t\tLidija Ba\u010di\u0107 Lille zagrijat \u0107e atmosferu &#8220;Adrenalinom&#8221;\t\t\t\t<\/a>\n\t\t\t<\/h4>\n\n\t\t\t\t\t\t\t<p class=\"qodef-excerpt\" >Lidija Ba\u010di\u0107 Lille na festivalsku \u0107e pozornicu ove godine stati \u010dak 3 puta; predstavit.<\/p>\n\t\t\t\t\t<\/div>\n\t<\/div>\t\n<\/li>    <\/ul>\n\t<\/div>\n[\/vc_column][\/vc_row][vc_row][vc_column][vc_empty_space][\/vc_column][\/vc_row]<\/p>\n","protected":false},"excerpt":{"rendered":"<p>[vc_row][vc_column][vc_empty_space][\/vc_column][\/vc_row][vc_row][vc_column][\/vc_column][\/vc_row][vc_row][vc_column][\/vc_column][\/vc_row][vc_row][vc_column][vc_empty_space][\/vc_column][\/vc_row]<\/p>\n","protected":false},"author":1,"featured_media":0,"parent":0,"menu_order":0,"comment_status":"closed","ping_status":"closed","template":"","meta":{"footnotes":""},"class_list":["post-8464","page","type-page","status-publish","hentry"],"yoast_head":"<!-- This site is optimized with the Yoast SEO plugin v24.2 - https:\/\/yoast.com\/wordpress\/plugins\/seo\/ -->\n<title>Vijesti - CMC festival Vodice<\/title>\n<meta name=\"robots\" content=\"index, follow, max-snippet:-1, max-image-preview:large, max-video-preview:-1\" \/>\n<link rel=\"canonical\" href=\"https:\/\/cmcfestival.com.hr\/?page_id=8464\" \/>\n<meta property=\"og:locale\" content=\"hr_HR\" \/>\n<meta property=\"og:type\" content=\"article\" \/>\n<meta property=\"og:title\" content=\"Vijesti - CMC festival Vodice\" \/>\n<meta property=\"og:description\" content=\"[vc_row][vc_column][vc_empty_space][\/vc_column][\/vc_row][vc_row][vc_column][\/vc_column][\/vc_row][vc_row][vc_column][\/vc_column][\/vc_row][vc_row][vc_column][vc_empty_space][\/vc_column][\/vc_row]\" \/>\n<meta property=\"og:url\" content=\"https:\/\/cmcfestival.com.hr\/?page_id=8464\" \/>\n<meta property=\"og:site_name\" content=\"CMC festival Vodice\" \/>\n<meta property=\"article:modified_time\" content=\"2022-06-23T09:03:21+00:00\" \/>\n<meta name=\"twitter:card\" content=\"summary_large_image\" \/>\n<script type=\"application\/ld+json\" class=\"yoast-schema-graph\">{\"@context\":\"https:\/\/schema.org\",\"@graph\":[{\"@type\":\"WebPage\",\"@id\":\"https:\/\/cmcfestival.com.hr\/?page_id=8464\",\"url\":\"https:\/\/cmcfestival.com.hr\/?page_id=8464\",\"name\":\"Vijesti - CMC festival Vodice\",\"isPartOf\":{\"@id\":\"https:\/\/cmcfestival.com.hr\/#website\"},\"datePublished\":\"2020-05-28T14:33:28+00:00\",\"dateModified\":\"2022-06-23T09:03:21+00:00\",\"breadcrumb\":{\"@id\":\"https:\/\/cmcfestival.com.hr\/?page_id=8464#breadcrumb\"},\"inLanguage\":\"hr\",\"potentialAction\":[{\"@type\":\"ReadAction\",\"target\":[\"https:\/\/cmcfestival.com.hr\/?page_id=8464\"]}]},{\"@type\":\"BreadcrumbList\",\"@id\":\"https:\/\/cmcfestival.com.hr\/?page_id=8464#breadcrumb\",\"itemListElement\":[{\"@type\":\"ListItem\",\"position\":1,\"name\":\"Po\u010detna stranica\",\"item\":\"https:\/\/cmcfestival.com.hr\/\"},{\"@type\":\"ListItem\",\"position\":2,\"name\":\"Vijesti\"}]},{\"@type\":\"WebSite\",\"@id\":\"https:\/\/cmcfestival.com.hr\/#website\",\"url\":\"https:\/\/cmcfestival.com.hr\/\",\"name\":\"CMC festival Vodice\",\"description\":\"2026\",\"potentialAction\":[{\"@type\":\"SearchAction\",\"target\":{\"@type\":\"EntryPoint\",\"urlTemplate\":\"https:\/\/cmcfestival.com.hr\/?s={search_term_string}\"},\"query-input\":{\"@type\":\"PropertyValueSpecification\",\"valueRequired\":true,\"valueName\":\"search_term_string\"}}],\"inLanguage\":\"hr\"}]}<\/script>\n<!-- \/ Yoast SEO plugin. -->","yoast_head_json":{"title":"Vijesti - CMC festival Vodice","robots":{"index":"index","follow":"follow","max-snippet":"max-snippet:-1","max-image-preview":"max-image-preview:large","max-video-preview":"max-video-preview:-1"},"canonical":"https:\/\/cmcfestival.com.hr\/?page_id=8464","og_locale":"hr_HR","og_type":"article","og_title":"Vijesti - CMC festival Vodice","og_description":"[vc_row][vc_column][vc_empty_space][\/vc_column][\/vc_row][vc_row][vc_column][\/vc_column][\/vc_row][vc_row][vc_column][\/vc_column][\/vc_row][vc_row][vc_column][vc_empty_space][\/vc_column][\/vc_row]","og_url":"https:\/\/cmcfestival.com.hr\/?page_id=8464","og_site_name":"CMC festival Vodice","article_modified_time":"2022-06-23T09:03:21+00:00","twitter_card":"summary_large_image","schema":{"@context":"https:\/\/schema.org","@graph":[{"@type":"WebPage","@id":"https:\/\/cmcfestival.com.hr\/?page_id=8464","url":"https:\/\/cmcfestival.com.hr\/?page_id=8464","name":"Vijesti - CMC festival Vodice","isPartOf":{"@id":"https:\/\/cmcfestival.com.hr\/#website"},"datePublished":"2020-05-28T14:33:28+00:00","dateModified":"2022-06-23T09:03:21+00:00","breadcrumb":{"@id":"https:\/\/cmcfestival.com.hr\/?page_id=8464#breadcrumb"},"inLanguage":"hr","potentialAction":[{"@type":"ReadAction","target":["https:\/\/cmcfestival.com.hr\/?page_id=8464"]}]},{"@type":"BreadcrumbList","@id":"https:\/\/cmcfestival.com.hr\/?page_id=8464#breadcrumb","itemListElement":[{"@type":"ListItem","position":1,"name":"Po\u010detna stranica","item":"https:\/\/cmcfestival.com.hr\/"},{"@type":"ListItem","position":2,"name":"Vijesti"}]},{"@type":"WebSite","@id":"https:\/\/cmcfestival.com.hr\/#website","url":"https:\/\/cmcfestival.com.hr\/","name":"CMC festival Vodice","description":"2026","potentialAction":[{"@type":"SearchAction","target":{"@type":"EntryPoint","urlTemplate":"https:\/\/cmcfestival.com.hr\/?s={search_term_string}"},"query-input":{"@type":"PropertyValueSpecification","valueRequired":true,"valueName":"search_term_string"}}],"inLanguage":"hr"}]}},"jetpack_sharing_enabled":true,"_links":{"self":[{"href":"https:\/\/cmcfestival.com.hr\/index.php?rest_route=\/wp\/v2\/pages\/8464","targetHints":{"allow":["GET"]}}],"collection":[{"href":"https:\/\/cmcfestival.com.hr\/index.php?rest_route=\/wp\/v2\/pages"}],"about":[{"href":"https:\/\/cmcfestival.com.hr\/index.php?rest_route=\/wp\/v2\/types\/page"}],"author":[{"embeddable":true,"href":"https:\/\/cmcfestival.com.hr\/index.php?rest_route=\/wp\/v2\/users\/1"}],"replies":[{"embeddable":true,"href":"https:\/\/cmcfestival.com.hr\/index.php?rest_route=%2Fwp%2Fv2%2Fcomments&post=8464"}],"version-history":[{"count":12,"href":"https:\/\/cmcfestival.com.hr\/index.php?rest_route=\/wp\/v2\/pages\/8464\/revisions"}],"predecessor-version":[{"id":10024,"href":"https:\/\/cmcfestival.com.hr\/index.php?rest_route=\/wp\/v2\/pages\/8464\/revisions\/10024"}],"wp:attachment":[{"href":"https:\/\/cmcfestival.com.hr\/index.php?rest_route=%2Fwp%2Fv2%2Fmedia&parent=8464"}],"curies":[{"name":"wp","href":"https:\/\/api.w.org\/{rel}","templated":true}]}}